{"id":2313,"date":"2021-10-13T15:04:01","date_gmt":"2021-10-13T13:04:01","guid":{"rendered":"https:\/\/grondalscamping.se\/?page_id=2313"},"modified":"2026-03-02T12:06:28","modified_gmt":"2026-03-02T11:06:28","slug":"cottage","status":"publish","type":"page","link":"https:\/\/grondalscamping.se\/en\/cottage\/","title":{"rendered":"Cottages"},"content":{"rendered":"\n<div class=\"wp-block-group alignwide py-2 lg:py-2\"><div class=\"wp-block-group__inner-container is-layout-flow wp-block-group-is-layout-flow\">\n<h1 class=\"wp-block-heading alignwide lg:px-2\" id=\"cottages-by-the-ocean\">Cottages by the ocean<\/h1>\n\n\n\n<p class=\"has-medium-font-size lg:px-2\"><meta charset=\"utf-8\">&nbsp;All our accommodation have a high standard with shower &amp; WC, and separte bedrooms and are located near the beach. Our cottages are suitable for a maximum of 4 people, regardless of age.<\/p>\n<\/div><\/div>\n\n\n\n<div class=\"wp-block-cover alignfull is-light mt-0\"><img loading=\"lazy\" decoding=\"async\" width=\"2000\" height=\"1335\" class=\"wp-block-cover__image-background wp-image-5457\" alt=\"\" src=\"https:\/\/grondalscamping.se\/wp-content\/uploads\/2023\/09\/grondals-syren.jpg\" data-object-fit=\"cover\" srcset=\"https:\/\/grondalscamping.se\/wp-content\/uploads\/2023\/09\/grondals-syren.jpg 2000w, https:\/\/grondalscamping.se\/wp-content\/uploads\/2023\/09\/grondals-syren-300x200.jpg 300w, https:\/\/grondalscamping.se\/wp-content\/uploads\/2023\/09\/grondals-syren-1024x684.jpg 1024w, https:\/\/grondalscamping.se\/wp-content\/uploads\/2023\/09\/grondals-syren-768x513.jpg 768w, https:\/\/grondalscamping.se\/wp-content\/uploads\/2023\/09\/grondals-syren-1536x1025.jpg 1536w\" sizes=\"auto, (max-width: 2000px) 100vw, 2000px\" \/><span aria-hidden=\"true\" class=\"wp-block-cover__background has-background-dim-0 has-background-dim\"><\/span><div class=\"wp-block-cover__inner-container is-layout-flow wp-block-cover-is-layout-flow\">\n<p class=\"has-text-align-center has-large-font-size\"><\/p>\n<\/div><\/div>\n\n\n\n<div class=\"wp-block-group alignfull mt-0 has-lightpink-background-color has-background lg:py-2\"><div class=\"wp-block-group__inner-container is-layout-flow wp-block-group-is-layout-flow\">\n<div class=\"wp-block-northosts-grid alignwide grid gap-1 md:gap-2 grid-cols-3 mt-0 lg:mt-1 lg:px-3 lg:mt-1 lg:px-3\">\n<section class=\"wp-block-northosts-grid-item col-span-full md:col-span-1 lg:col-span-1 p-0\">\n<a class=\"wp-block-cover-link has-image-or-video \" href=\"https:\/\/grondalscamping.se\/en\/cottage\/laxen\/\" target=\"\" rel=\"noopener\"><div class=\"wp-block-cover is-light has-custom-content-position is-position-bottom-center has-background-dim-30 has-background-dim mt-0 mt-1 lg:mt-0\"><img loading=\"lazy\" decoding=\"async\" width=\"2000\" height=\"1333\" class=\"wp-block-cover__image-background wp-image-5301\" alt=\"\" src=\"https:\/\/grondalscamping.se\/wp-content\/uploads\/2023\/06\/laxen-vardagsrum.jpg\" data-object-fit=\"cover\" srcset=\"https:\/\/grondalscamping.se\/wp-content\/uploads\/2023\/06\/laxen-vardagsrum.jpg 2000w, https:\/\/grondalscamping.se\/wp-content\/uploads\/2023\/06\/laxen-vardagsrum-300x200.jpg 300w, https:\/\/grondalscamping.se\/wp-content\/uploads\/2023\/06\/laxen-vardagsrum-1024x682.jpg 1024w, https:\/\/grondalscamping.se\/wp-content\/uploads\/2023\/06\/laxen-vardagsrum-768x512.jpg 768w, https:\/\/grondalscamping.se\/wp-content\/uploads\/2023\/06\/laxen-vardagsrum-1536x1024.jpg 1536w\" sizes=\"auto, (max-width: 2000px) 100vw, 2000px\" \/><span aria-hidden=\"true\" class=\"wp-block-cover__background has-background-dim-0 has-background-dim\"><\/span><div class=\"wp-block-cover__inner-container is-layout-flow wp-block-cover-is-layout-flow\">\n<h3 class=\"wp-block-heading has-text-align-center has-white-color has-text-color\" id=\"laxen\">Comfort Cottage<br>Laxen<\/h3>\n\n\n\n<p class=\"has-text-align-center -mt-0 has-white-color has-text-color\"><strong>4 beds<\/strong><\/p>\n\n\n\n<div class=\"wp-block-buttons is-horizontal is-content-justification-center is-layout-flex wp-container-core-buttons-is-layout-499968f5 wp-block-buttons-is-layout-flex\">\n<div class=\"wp-block-button\"><a class=\"wp-block-button__link has-black-background-color has-background wp-element-button\" href=\"https:\/\/grondalscamping.se\/en\/cottage\/laxen\/\">MORE ABOUT LAXEN<\/a><\/div>\n<\/div>\n<\/div><\/div><\/a>\n<\/section>\n\n\n\n<section class=\"wp-block-northosts-grid-item col-span-full md:col-span-1 lg:col-span-1 p-0\">\n<a class=\"wp-block-cover-link has-image-or-video \" href=\"https:\/\/grondalscamping.se\/en\/cottage\/flundran\/\" target=\"\" rel=\"noopener\"><div class=\"wp-block-cover is-light has-custom-content-position is-position-bottom-center\"><img data-dominant-color=\"7e7883\" data-has-transparency=\"false\" loading=\"lazy\" decoding=\"async\" width=\"1024\" height=\"768\" class=\"wp-block-cover__image-background wp-image-7131 size-large not-transparent\" alt=\"\" src=\"https:\/\/grondalscamping.se\/wp-content\/uploads\/2025\/05\/Flundran20252-1024x768.avif\" style=\"--dominant-color: #7e7883; object-position:47% 78%\" data-object-fit=\"cover\" data-object-position=\"47% 78%\" srcset=\"https:\/\/grondalscamping.se\/wp-content\/uploads\/2025\/05\/Flundran20252-1024x768.avif 1024w, https:\/\/grondalscamping.se\/wp-content\/uploads\/2025\/05\/Flundran20252-300x225.avif 300w, https:\/\/grondalscamping.se\/wp-content\/uploads\/2025\/05\/Flundran20252-768x576.avif 768w, https:\/\/grondalscamping.se\/wp-content\/uploads\/2025\/05\/Flundran20252-1536x1152.avif 1536w, https:\/\/grondalscamping.se\/wp-content\/uploads\/2025\/05\/Flundran20252-2048x1536.avif 2048w, https:\/\/grondalscamping.se\/wp-content\/uploads\/2025\/05\/Flundran20252-2000x1500.avif 2000w\" sizes=\"auto, (max-width: 1024px) 100vw, 1024px\" \/><span aria-hidden=\"true\" class=\"wp-block-cover__background has-background-dim-10 has-background-dim\" style=\"background-color:#878477\"><\/span><div class=\"wp-block-cover__inner-container is-layout-flow wp-block-cover-is-layout-flow\">\n\n<h3 class=\"wp-block-heading has-text-align-center has-white-color has-text-color\" id=\"svanen\">Premium Cottage<br>Flundran<\/h3>\n\n\n<p class=\"has-text-align-center -mt-0 has-white-color has-text-color\"><strong><strong>4 beds<\/strong><\/strong><\/p>\n\n\n<div class=\"wp-block-buttons lg:py-0 is-horizontal is-content-justification-center is-layout-flex wp-container-core-buttons-is-layout-499968f5 wp-block-buttons-is-layout-flex\">\n\n<div class=\"wp-block-button\"><a class=\"wp-block-button__link has-black-background-color has-background wp-element-button\" href=\"https:\/\/grondalscamping.se\/en\/cottage\/flundran\/\">MORE ABOUT FLUNDRAN<\/a><\/div>\n\n<\/div>\n\n<\/div><\/div><\/a>\n<\/section>\n\n\n\n<section class=\"wp-block-northosts-grid-item col-span-full md:col-span-1 lg:col-span-1 p-0\">\n<a class=\"wp-block-cover-link has-image-or-video \" href=\"https:\/\/grondalscamping.se\/en\/cottage\/svanen\/\" target=\"\" rel=\"noopener\"><div class=\"wp-block-cover is-light has-custom-content-position is-position-bottom-center has-background-dim-30 has-background-dim\"><img loading=\"lazy\" decoding=\"async\" width=\"2560\" height=\"1707\" class=\"wp-block-cover__image-background wp-image-2089\" alt=\"\" src=\"https:\/\/grondalscamping.se\/wp-content\/uploads\/2021\/09\/19grondals-stuga-svanen-vardagsrum-scaled.jpg\" style=\"object-position:69% 66%\" data-object-fit=\"cover\" data-object-position=\"69% 66%\" srcset=\"https:\/\/grondalscamping.se\/wp-content\/uploads\/2021\/09\/19grondals-stuga-svanen-vardagsrum-scaled.jpg 2560w, https:\/\/grondalscamping.se\/wp-content\/uploads\/2021\/09\/19grondals-stuga-svanen-vardagsrum-300x200.jpg 300w, https:\/\/grondalscamping.se\/wp-content\/uploads\/2021\/09\/19grondals-stuga-svanen-vardagsrum-1024x683.jpg 1024w, https:\/\/grondalscamping.se\/wp-content\/uploads\/2021\/09\/19grondals-stuga-svanen-vardagsrum-768x512.jpg 768w, https:\/\/grondalscamping.se\/wp-content\/uploads\/2021\/09\/19grondals-stuga-svanen-vardagsrum-1536x1024.jpg 1536w, https:\/\/grondalscamping.se\/wp-content\/uploads\/2021\/09\/19grondals-stuga-svanen-vardagsrum-2048x1366.jpg 2048w\" sizes=\"auto, (max-width: 2560px) 100vw, 2560px\" \/><span aria-hidden=\"true\" class=\"wp-block-cover__background has-background-dim-0 has-background-dim\"><\/span><div class=\"wp-block-cover__inner-container is-layout-flow wp-block-cover-is-layout-flow\">\n<h3 class=\"wp-block-heading has-text-align-center has-white-color has-text-color\" id=\"svanen\">Premium Cottage <br>Svanen<\/h3>\n\n\n\n<p class=\"has-text-align-center -mt-0 has-white-color has-text-color\"><strong>4 beds<\/strong> <\/p>\n\n\n\n<div class=\"wp-block-buttons is-horizontal is-content-justification-center is-layout-flex wp-container-core-buttons-is-layout-499968f5 wp-block-buttons-is-layout-flex\">\n<div class=\"wp-block-button\"><a class=\"wp-block-button__link has-black-background-color has-background wp-element-button\" href=\"https:\/\/grondalscamping.se\/en\/cottage\/svanen\/\">MORE ABOUT SVANEN<\/a><\/div>\n<\/div>\n<\/div><\/div><\/a>\n<\/section>\n<\/div>\n\n\n\n<div class=\"wp-block-northosts-grid alignwide grid gap-1 md:gap-2 grid-cols-2 lg:mt-2 py-1 lg:py-2 lg:px-3 lg:mt-2 py-1 lg:py-2 lg:px-3\">\n<section class=\"wp-block-northosts-grid-item col-span-full md:col-span-1 lg:col-span-1\">\n<a class=\"wp-block-cover-link has-image-or-video aligncenter\" href=\"https:\/\/grondalscamping.se\/en\/cottage\/alen\/\" target=\"\" rel=\"noopener\"><div class=\"wp-block-cover aligncenter is-light has-custom-content-position is-position-bottom-center has-background-dim-30 has-background-dim\"><img loading=\"lazy\" decoding=\"async\" width=\"1400\" height=\"933\" class=\"wp-block-cover__image-background wp-image-2037\" alt=\"\u00c5len. Stugor vid havet.\" src=\"https:\/\/grondalscamping.se\/wp-content\/uploads\/2021\/09\/masen-alen-sov1.jpeg\" style=\"object-position:53% 46%\" data-object-fit=\"cover\" data-object-position=\"53% 46%\" srcset=\"https:\/\/grondalscamping.se\/wp-content\/uploads\/2021\/09\/masen-alen-sov1.jpeg 1400w, https:\/\/grondalscamping.se\/wp-content\/uploads\/2021\/09\/masen-alen-sov1-300x200.jpeg 300w, https:\/\/grondalscamping.se\/wp-content\/uploads\/2021\/09\/masen-alen-sov1-1024x682.jpeg 1024w, https:\/\/grondalscamping.se\/wp-content\/uploads\/2021\/09\/masen-alen-sov1-768x512.jpeg 768w\" sizes=\"auto, (max-width: 1400px) 100vw, 1400px\" \/><span aria-hidden=\"true\" class=\"wp-block-cover__background has-background-dim-0 has-background-dim\"><\/span><div class=\"wp-block-cover__inner-container is-layout-flow wp-block-cover-is-layout-flow\">\n<h3 class=\"wp-block-heading has-text-align-center has-white-color has-text-color\" id=\"alen\">Premium Cottage<br>\u00c5len<\/h3>\n\n\n\n<p class=\"has-text-align-center -mt-0 has-white-color has-text-color\"><strong>4 beds<\/strong><\/p>\n\n\n\n<div class=\"wp-block-buttons is-horizontal is-content-justification-center is-layout-flex wp-container-core-buttons-is-layout-499968f5 wp-block-buttons-is-layout-flex\">\n<div class=\"wp-block-button\"><a class=\"wp-block-button__link has-black-background-color has-background wp-element-button\" href=\"https:\/\/grondalscamping.se\/en\/cottage\/alen\/\">MORE ABOUT \u00c5LEN<\/a><\/div>\n<\/div>\n<\/div><\/div><\/a>\n<\/section>\n\n\n\n<section class=\"wp-block-northosts-grid-item col-span-full md:col-span-1 lg:col-span-1\">\n<a class=\"wp-block-cover-link has-image-or-video \" href=\"https:\/\/grondalscamping.se\/en\/cottage\/masen\/\" target=\"\" rel=\"noopener\"><div class=\"wp-block-cover has-custom-content-position is-position-bottom-center has-background-dim-30 has-background-dim mt-2 lg:mt-0\"><img loading=\"lazy\" decoding=\"async\" width=\"2000\" height=\"1333\" class=\"wp-block-cover__image-background wp-image-5288\" alt=\"\" src=\"https:\/\/grondalscamping.se\/wp-content\/uploads\/2023\/06\/alen-vardagsrum.jpg\" data-object-fit=\"cover\" srcset=\"https:\/\/grondalscamping.se\/wp-content\/uploads\/2023\/06\/alen-vardagsrum.jpg 2000w, https:\/\/grondalscamping.se\/wp-content\/uploads\/2023\/06\/alen-vardagsrum-300x200.jpg 300w, https:\/\/grondalscamping.se\/wp-content\/uploads\/2023\/06\/alen-vardagsrum-1024x682.jpg 1024w, https:\/\/grondalscamping.se\/wp-content\/uploads\/2023\/06\/alen-vardagsrum-768x512.jpg 768w, https:\/\/grondalscamping.se\/wp-content\/uploads\/2023\/06\/alen-vardagsrum-1536x1024.jpg 1536w\" sizes=\"auto, (max-width: 2000px) 100vw, 2000px\" \/><span aria-hidden=\"true\" class=\"wp-block-cover__background has-background-dim-0 has-background-dim\"><\/span><div class=\"wp-block-cover__inner-container is-layout-flow wp-block-cover-is-layout-flow\">\n<h3 class=\"wp-block-heading has-text-align-center has-white-color has-text-color\" id=\"masen\">Premium Cottage<br>M\u00e5sen<\/h3>\n\n\n\n<p class=\"has-text-align-center -mt-0 has-white-color has-text-color\"><strong>4 beds<\/strong><\/p>\n\n\n\n<div class=\"wp-block-buttons is-horizontal is-content-justification-center is-layout-flex wp-container-core-buttons-is-layout-499968f5 wp-block-buttons-is-layout-flex\">\n<div class=\"wp-block-button\"><a class=\"wp-block-button__link has-black-background-color has-background wp-element-button\" href=\"https:\/\/grondalscamping.se\/en\/cottage\/masen\/\">MORE ABOUT M\u00c5SEN<\/a><\/div>\n<\/div>\n<\/div><\/div><\/a>\n<\/section>\n<\/div>\n<\/div><\/div>\n\n\n\n<div class=\"wp-block-northosts-grid grid grid-cols-1 lg:py-2 lg:py-2\">\n<section class=\"wp-block-northosts-grid-item col-span-full md:col-span-1 lg:col-span-1 p-0 lg:px-2\">\n<h2 class=\"wp-block-heading\" id=\"bo-i-stuga-vid-havet\">Stay in a cottage<meta charset=\"utf-8\"><\/h2>\n\n\n\n<p class=\"has-medium-font-size\">Our small family campsite offers\u00a0six cottages measuring between 34 and 45m<sup>2<\/sup>\u00a0with 4 bedds each. Our cottages accommodate a maximum of 4 people, regardless of age.<\/p>\n\n\n\n<p class=\"\">You will find us centrally on \u00d6land\u2019s western coast \u2013 the perfect starting point for day trips.<br>Our cottages are rented out per week during the high season, from Saturday or Sundays. Off-season, cottages can be rented per night min 2 nights.<\/p>\n\n\n\n<div class=\"wp-block-buttons is-layout-flex wp-block-buttons-is-layout-flex\">\n<div class=\"wp-block-button\"><a class=\"wp-block-button__link has-dark-background-color has-background wp-element-button\" href=\"https:\/\/grondalscamping.se\/en\/booking\/\">BOOK COTTAGE<\/a><\/div>\n\n\n\n<div class=\"wp-block-button is-style-fill\"><a class=\"wp-block-button__link has-black-color has-pink-background-color has-text-color has-background wp-element-button\" href=\"https:\/\/grondalscamping.se\/en\/cottage\/pricelist-cottage\/\">COTTAGE PRICELIST<\/a><\/div>\n<\/div>\n<\/section>\n<\/div>\n\n\n\n<div class=\"wp-block-cover alignfull is-light mt-0 lg:mt-1\"><img loading=\"lazy\" decoding=\"async\" width=\"2560\" height=\"1706\" class=\"wp-block-cover__image-background wp-image-2184\" alt=\"\" src=\"https:\/\/grondalscamping.se\/wp-content\/uploads\/2021\/09\/86grondals-solnedgang-vid-stranden-scaled.jpg\" style=\"object-position:51% 38%\" data-object-fit=\"cover\" data-object-position=\"51% 38%\" srcset=\"https:\/\/grondalscamping.se\/wp-content\/uploads\/2021\/09\/86grondals-solnedgang-vid-stranden-scaled.jpg 2560w, https:\/\/grondalscamping.se\/wp-content\/uploads\/2021\/09\/86grondals-solnedgang-vid-stranden-300x200.jpg 300w, https:\/\/grondalscamping.se\/wp-content\/uploads\/2021\/09\/86grondals-solnedgang-vid-stranden-1024x683.jpg 1024w, https:\/\/grondalscamping.se\/wp-content\/uploads\/2021\/09\/86grondals-solnedgang-vid-stranden-768x512.jpg 768w, https:\/\/grondalscamping.se\/wp-content\/uploads\/2021\/09\/86grondals-solnedgang-vid-stranden-1536x1024.jpg 1536w, https:\/\/grondalscamping.se\/wp-content\/uploads\/2021\/09\/86grondals-solnedgang-vid-stranden-2048x1365.jpg 2048w\" sizes=\"auto, (max-width: 2560px) 100vw, 2560px\" \/><span aria-hidden=\"true\" class=\"wp-block-cover__background has-background-dim-0 has-background-dim\" style=\"background-color:#808587\"><\/span><div class=\"wp-block-cover__inner-container is-layout-flow wp-block-cover-is-layout-flow\">\n<p class=\"has-text-align-center has-large-font-size\"><\/p>\n<\/div><\/div>\n","protected":false},"excerpt":{"rendered":"<p>Cottages by the ocean &nbsp;All our accommodation have a high standard with shower &amp; WC, and separte bedrooms and are located near the beach. Our cottages are suitable for a maximum of 4 people, regardless of age.<\/p>\n","protected":false},"author":1,"featured_media":0,"parent":0,"menu_order":0,"comment_status":"closed","ping_status":"closed","template":"","meta":{"_acf_changed":false,"northosts_mobile_spacing_top":"theme","northosts_mobile_spacing_bottom":"theme","northosts_desktop_spacing_top":"theme","northosts_desktop_spacing_bottom":"theme","inline_featured_image":false,"footnotes":""},"class_list":["post-2313","page","type-page","status-publish","hentry"],"acf":[],"yoast_head":"<!-- This site is optimized with the Yoast SEO plugin v27.4 - https:\/\/yoast.com\/product\/yoast-seo-wordpress\/ -->\n<title>Cottages - Gr\u00f6ndals Camping &amp; Stugor<\/title>\n<meta name=\"robots\" content=\"index, follow, max-snippet:-1, max-image-preview:large, max-video-preview:-1\" \/>\n<link rel=\"canonical\" href=\"https:\/\/grondalscamping.se\/en\/cottage\/\" \/>\n<meta property=\"og:locale\" content=\"en_US\" \/>\n<meta property=\"og:type\" content=\"article\" \/>\n<meta property=\"og:title\" content=\"Cottages - Gr\u00f6ndals Camping &amp; Stugor\" \/>\n<meta property=\"og:description\" content=\"Cottages by the ocean &nbsp;All our accommodation have a high standard with shower &amp; WC, and separte bedrooms and are located near the beach. Our cottages are suitable for a maximum of 4 people, regardless of age.\" \/>\n<meta property=\"og:url\" content=\"https:\/\/grondalscamping.se\/en\/cottage\/\" \/>\n<meta property=\"og:site_name\" content=\"Gr\u00f6ndals Camping &amp; Stugor\" \/>\n<meta property=\"article:modified_time\" content=\"2026-03-02T11:06:28+00:00\" \/>\n<meta property=\"og:image\" content=\"https:\/\/grondalscamping.se\/wp-content\/uploads\/2023\/09\/grondals-syren-1024x684.jpg\" \/>\n\t<meta property=\"og:image:width\" content=\"1024\" \/>\n\t<meta property=\"og:image:height\" content=\"684\" \/>\n\t<meta property=\"og:image:type\" content=\"image\/jpeg\" \/>\n<meta name=\"twitter:card\" content=\"summary_large_image\" \/>\n<meta name=\"twitter:label1\" content=\"Est. reading time\" \/>\n\t<meta name=\"twitter:data1\" content=\"3 minutes\" \/>\n<script type=\"application\/ld+json\" class=\"yoast-schema-graph\">{\"@context\":\"https:\\\/\\\/schema.org\",\"@graph\":[{\"@type\":\"WebPage\",\"@id\":\"https:\\\/\\\/grondalscamping.se\\\/en\\\/cottage\\\/\",\"url\":\"https:\\\/\\\/grondalscamping.se\\\/en\\\/cottage\\\/\",\"name\":\"Cottages - Gr\u00f6ndals Camping &amp; Stugor\",\"isPartOf\":{\"@id\":\"https:\\\/\\\/grondalscamping.se\\\/#website\"},\"primaryImageOfPage\":{\"@id\":\"https:\\\/\\\/grondalscamping.se\\\/en\\\/cottage\\\/#primaryimage\"},\"image\":{\"@id\":\"https:\\\/\\\/grondalscamping.se\\\/en\\\/cottage\\\/#primaryimage\"},\"thumbnailUrl\":\"https:\\\/\\\/grondalscamping.se\\\/wp-content\\\/uploads\\\/2023\\\/09\\\/grondals-syren.jpg\",\"datePublished\":\"2021-10-13T13:04:01+00:00\",\"dateModified\":\"2026-03-02T11:06:28+00:00\",\"breadcrumb\":{\"@id\":\"https:\\\/\\\/grondalscamping.se\\\/en\\\/cottage\\\/#breadcrumb\"},\"inLanguage\":\"en-US\",\"potentialAction\":[{\"@type\":\"ReadAction\",\"target\":[\"https:\\\/\\\/grondalscamping.se\\\/en\\\/cottage\\\/\"]}]},{\"@type\":\"ImageObject\",\"inLanguage\":\"en-US\",\"@id\":\"https:\\\/\\\/grondalscamping.se\\\/en\\\/cottage\\\/#primaryimage\",\"url\":\"https:\\\/\\\/grondalscamping.se\\\/wp-content\\\/uploads\\\/2023\\\/09\\\/grondals-syren.jpg\",\"contentUrl\":\"https:\\\/\\\/grondalscamping.se\\\/wp-content\\\/uploads\\\/2023\\\/09\\\/grondals-syren.jpg\"},{\"@type\":\"BreadcrumbList\",\"@id\":\"https:\\\/\\\/grondalscamping.se\\\/en\\\/cottage\\\/#breadcrumb\",\"itemListElement\":[{\"@type\":\"ListItem\",\"position\":1,\"name\":\"Hem\",\"item\":\"https:\\\/\\\/grondalscamping.se\\\/en\\\/\"},{\"@type\":\"ListItem\",\"position\":2,\"name\":\"Cottages\"}]},{\"@type\":\"WebSite\",\"@id\":\"https:\\\/\\\/grondalscamping.se\\\/#website\",\"url\":\"https:\\\/\\\/grondalscamping.se\\\/\",\"name\":\"Gr\u00f6ndals Camping &amp; Stugor\",\"description\":\"Familjecamping Gr\u00f6ndals camping &amp; stugor som \u00e4r bel\u00e4gen vid havet mitt i K\u00f6pingsvik vid en av \u00d6lands finaste sandstr\u00e4nder.\",\"publisher\":{\"@id\":\"https:\\\/\\\/grondalscamping.se\\\/#organization\"},\"potentialAction\":[{\"@type\":\"SearchAction\",\"target\":{\"@type\":\"EntryPoint\",\"urlTemplate\":\"https:\\\/\\\/grondalscamping.se\\\/?s={search_term_string}\"},\"query-input\":{\"@type\":\"PropertyValueSpecification\",\"valueRequired\":true,\"valueName\":\"search_term_string\"}}],\"inLanguage\":\"en-US\"},{\"@type\":\"Organization\",\"@id\":\"https:\\\/\\\/grondalscamping.se\\\/#organization\",\"name\":\"Gr\u00f6ndals Camping &amp; Stugor\",\"url\":\"https:\\\/\\\/grondalscamping.se\\\/\",\"logo\":{\"@type\":\"ImageObject\",\"inLanguage\":\"en-US\",\"@id\":\"https:\\\/\\\/grondalscamping.se\\\/#\\\/schema\\\/logo\\\/image\\\/\",\"url\":\"https:\\\/\\\/grondalscamping.se\\\/wp-content\\\/uploads\\\/2021\\\/09\\\/only-logo.png\",\"contentUrl\":\"https:\\\/\\\/grondalscamping.se\\\/wp-content\\\/uploads\\\/2021\\\/09\\\/only-logo.png\",\"width\":347,\"height\":147,\"caption\":\"Gr\u00f6ndals Camping &amp; Stugor\"},\"image\":{\"@id\":\"https:\\\/\\\/grondalscamping.se\\\/#\\\/schema\\\/logo\\\/image\\\/\"}}]}<\/script>\n<!-- \/ Yoast SEO plugin. -->","yoast_head_json":{"title":"Cottages - Gr\u00f6ndals Camping &amp; Stugor","robots":{"index":"index","follow":"follow","max-snippet":"max-snippet:-1","max-image-preview":"max-image-preview:large","max-video-preview":"max-video-preview:-1"},"canonical":"https:\/\/grondalscamping.se\/en\/cottage\/","og_locale":"en_US","og_type":"article","og_title":"Cottages - Gr\u00f6ndals Camping &amp; Stugor","og_description":"Cottages by the ocean &nbsp;All our accommodation have a high standard with shower &amp; WC, and separte bedrooms and are located near the beach. Our cottages are suitable for a maximum of 4 people, regardless of age.","og_url":"https:\/\/grondalscamping.se\/en\/cottage\/","og_site_name":"Gr\u00f6ndals Camping &amp; Stugor","article_modified_time":"2026-03-02T11:06:28+00:00","og_image":[{"width":1024,"height":684,"url":"https:\/\/grondalscamping.se\/wp-content\/uploads\/2023\/09\/grondals-syren-1024x684.jpg","type":"image\/jpeg"}],"twitter_card":"summary_large_image","twitter_misc":{"Est. reading time":"3 minutes"},"schema":{"@context":"https:\/\/schema.org","@graph":[{"@type":"WebPage","@id":"https:\/\/grondalscamping.se\/en\/cottage\/","url":"https:\/\/grondalscamping.se\/en\/cottage\/","name":"Cottages - Gr\u00f6ndals Camping &amp; Stugor","isPartOf":{"@id":"https:\/\/grondalscamping.se\/#website"},"primaryImageOfPage":{"@id":"https:\/\/grondalscamping.se\/en\/cottage\/#primaryimage"},"image":{"@id":"https:\/\/grondalscamping.se\/en\/cottage\/#primaryimage"},"thumbnailUrl":"https:\/\/grondalscamping.se\/wp-content\/uploads\/2023\/09\/grondals-syren.jpg","datePublished":"2021-10-13T13:04:01+00:00","dateModified":"2026-03-02T11:06:28+00:00","breadcrumb":{"@id":"https:\/\/grondalscamping.se\/en\/cottage\/#breadcrumb"},"inLanguage":"en-US","potentialAction":[{"@type":"ReadAction","target":["https:\/\/grondalscamping.se\/en\/cottage\/"]}]},{"@type":"ImageObject","inLanguage":"en-US","@id":"https:\/\/grondalscamping.se\/en\/cottage\/#primaryimage","url":"https:\/\/grondalscamping.se\/wp-content\/uploads\/2023\/09\/grondals-syren.jpg","contentUrl":"https:\/\/grondalscamping.se\/wp-content\/uploads\/2023\/09\/grondals-syren.jpg"},{"@type":"BreadcrumbList","@id":"https:\/\/grondalscamping.se\/en\/cottage\/#breadcrumb","itemListElement":[{"@type":"ListItem","position":1,"name":"Hem","item":"https:\/\/grondalscamping.se\/en\/"},{"@type":"ListItem","position":2,"name":"Cottages"}]},{"@type":"WebSite","@id":"https:\/\/grondalscamping.se\/#website","url":"https:\/\/grondalscamping.se\/","name":"Gr\u00f6ndals Camping &amp; Stugor","description":"Familjecamping Gr\u00f6ndals camping &amp; stugor som \u00e4r bel\u00e4gen vid havet mitt i K\u00f6pingsvik vid en av \u00d6lands finaste sandstr\u00e4nder.","publisher":{"@id":"https:\/\/grondalscamping.se\/#organization"},"potentialAction":[{"@type":"SearchAction","target":{"@type":"EntryPoint","urlTemplate":"https:\/\/grondalscamping.se\/?s={search_term_string}"},"query-input":{"@type":"PropertyValueSpecification","valueRequired":true,"valueName":"search_term_string"}}],"inLanguage":"en-US"},{"@type":"Organization","@id":"https:\/\/grondalscamping.se\/#organization","name":"Gr\u00f6ndals Camping &amp; Stugor","url":"https:\/\/grondalscamping.se\/","logo":{"@type":"ImageObject","inLanguage":"en-US","@id":"https:\/\/grondalscamping.se\/#\/schema\/logo\/image\/","url":"https:\/\/grondalscamping.se\/wp-content\/uploads\/2021\/09\/only-logo.png","contentUrl":"https:\/\/grondalscamping.se\/wp-content\/uploads\/2021\/09\/only-logo.png","width":347,"height":147,"caption":"Gr\u00f6ndals Camping &amp; Stugor"},"image":{"@id":"https:\/\/grondalscamping.se\/#\/schema\/logo\/image\/"}}]}},"_links":{"self":[{"href":"https:\/\/grondalscamping.se\/en\/wp-json\/wp\/v2\/pages\/2313","targetHints":{"allow":["GET"]}}],"collection":[{"href":"https:\/\/grondalscamping.se\/en\/wp-json\/wp\/v2\/pages"}],"about":[{"href":"https:\/\/grondalscamping.se\/en\/wp-json\/wp\/v2\/types\/page"}],"author":[{"embeddable":true,"href":"https:\/\/grondalscamping.se\/en\/wp-json\/wp\/v2\/users\/1"}],"replies":[{"embeddable":true,"href":"https:\/\/grondalscamping.se\/en\/wp-json\/wp\/v2\/comments?post=2313"}],"version-history":[{"count":115,"href":"https:\/\/grondalscamping.se\/en\/wp-json\/wp\/v2\/pages\/2313\/revisions"}],"predecessor-version":[{"id":7581,"href":"https:\/\/grondalscamping.se\/en\/wp-json\/wp\/v2\/pages\/2313\/revisions\/7581"}],"wp:attachment":[{"href":"https:\/\/grondalscamping.se\/en\/wp-json\/wp\/v2\/media?parent=2313"}],"curies":[{"name":"wp","href":"https:\/\/api.w.org\/{rel}","templated":true}]}}