{"id":985,"date":"2021-09-08T12:12:45","date_gmt":"2021-09-08T10:12:45","guid":{"rendered":"https:\/\/grondalscamping.se\/?page_id=985"},"modified":"2026-02-05T16:41:18","modified_gmt":"2026-02-05T15:41:18","slug":"historia","status":"publish","type":"page","link":"https:\/\/grondalscamping.se\/de\/historia\/","title":{"rendered":"Historia"},"content":{"rendered":"\n<div class=\"wp-block-group alignwide py-2 lg:py-2\"><div class=\"wp-block-group__inner-container is-layout-flow wp-block-group-is-layout-flow\">\n<h1 class=\"wp-block-heading alignwide lg:px-2\">V\u00e5r <mark style=\"background-color:rgba(0, 0, 0, 0)\" class=\"has-inline-color has-pink-color\"><strong>historia<\/strong><\/mark> <\/h1>\n\n\n\n<p class=\"has-medium-font-size lg:px-2\"><meta charset=\"utf-8\"><meta charset=\"utf-8\">Vi \u00e4r en familje\u00e4gd camping som idag drivs i tredje generationen. <\/p>\n<\/div><\/div>\n\n\n\n<div class=\"wp-block-cover alignfull is-light mt-0\"><img loading=\"lazy\" decoding=\"async\" width=\"1373\" height=\"513\" class=\"wp-block-cover__image-background wp-image-1743\" alt=\"\" src=\"https:\/\/grondalscamping.se\/wp-content\/uploads\/2021\/10\/Historia-Badmode-topp.jpeg\" data-object-fit=\"cover\" srcset=\"https:\/\/grondalscamping.se\/wp-content\/uploads\/2021\/10\/Historia-Badmode-topp.jpeg 1373w, https:\/\/grondalscamping.se\/wp-content\/uploads\/2021\/10\/Historia-Badmode-topp-300x112.jpeg 300w, https:\/\/grondalscamping.se\/wp-content\/uploads\/2021\/10\/Historia-Badmode-topp-1024x383.jpeg 1024w, https:\/\/grondalscamping.se\/wp-content\/uploads\/2021\/10\/Historia-Badmode-topp-768x287.jpeg 768w\" sizes=\"auto, (max-width: 1373px) 100vw, 1373px\" \/><span aria-hidden=\"true\" class=\"wp-block-cover__background has-background-dim-10 has-background-dim\"><\/span><div class=\"wp-block-cover__inner-container is-layout-flow wp-block-cover-is-layout-flow\">\n<p class=\"has-text-align-center has-large-font-size\"><\/p>\n<\/div><\/div>\n\n\n\n<p class=\"mt-2\">Gr\u00f6ndals Camping &amp; Stugor grundades \u00e5r 1962 av John Larsson, Michaels farfar. John som bedrev lantbruk f\u00f6rstod tidigt att turismen var n\u00e5got att satsa p\u00e5. Korna som tidigare hade betat p\u00e5 strand\u00e4ngarna ersattes med t\u00e4lt och husvagnar. Den tidigare ladan fr\u00e5n 1850- talet byggdes \u00e4ven om till servicehus.<\/p>\n\n\n\n<p class=\"\">Sedan \u00e5r 1998 driver Michael och Carina anl\u00e4ggningen i tredje generationen. N\u00e4r vi k\u00f6pte anl\u00e4ggningen var den i stort behov av upprustning, men vi s\u00e5g hela tiden m\u00f6jlighet och potentialen. Detta var en oslipad diamant med ett perfekt l\u00e4ge vid havet mitt i K\u00f6pingsvik. Efter mycket arbete och investeringar \u00e4r vi oerh\u00f6rt stolta \u00f6ver v\u00e5r camping som idag anses vara en av \u00d6lands b\u00e4sta anl\u00e4ggningar. Vi tycker att vi har det b\u00e4sta jobbet, att f\u00e5r g\u00f6ra det vi brinner f\u00f6r och ta hand om dig som g\u00e4st.<\/p>\n\n\n\n<figure class=\"wp-block-gallery alignwide has-nested-images columns-default is-cropped mt-2 wp-block-gallery-1 is-layout-flex wp-block-gallery-is-layout-flex\">\n<figure class=\"wp-block-image size-large\"><img loading=\"lazy\" decoding=\"async\" width=\"1024\" height=\"670\" data-id=\"1746\" src=\"https:\/\/grondalscamping.se\/wp-content\/uploads\/2021\/10\/Historia-Vagen-mot-Borgholm-1024x670.jpeg\" alt=\"\" class=\"wp-image-1746\" srcset=\"https:\/\/grondalscamping.se\/wp-content\/uploads\/2021\/10\/Historia-Vagen-mot-Borgholm-1024x670.jpeg 1024w, https:\/\/grondalscamping.se\/wp-content\/uploads\/2021\/10\/Historia-Vagen-mot-Borgholm-300x196.jpeg 300w, https:\/\/grondalscamping.se\/wp-content\/uploads\/2021\/10\/Historia-Vagen-mot-Borgholm-768x503.jpeg 768w, https:\/\/grondalscamping.se\/wp-content\/uploads\/2021\/10\/Historia-Vagen-mot-Borgholm-1536x1006.jpeg 1536w, https:\/\/grondalscamping.se\/wp-content\/uploads\/2021\/10\/Historia-Vagen-mot-Borgholm.jpeg 1772w\" sizes=\"auto, (max-width: 1024px) 100vw, 1024px\" \/><\/figure>\n\n\n\n<figure class=\"wp-block-image size-large\"><img loading=\"lazy\" decoding=\"async\" width=\"1024\" height=\"604\" data-id=\"1744\" src=\"https:\/\/grondalscamping.se\/wp-content\/uploads\/2021\/10\/Historia-Badnymfer-1024x604.jpeg\" alt=\"\" class=\"wp-image-1744\" srcset=\"https:\/\/grondalscamping.se\/wp-content\/uploads\/2021\/10\/Historia-Badnymfer-1024x604.jpeg 1024w, https:\/\/grondalscamping.se\/wp-content\/uploads\/2021\/10\/Historia-Badnymfer-300x177.jpeg 300w, https:\/\/grondalscamping.se\/wp-content\/uploads\/2021\/10\/Historia-Badnymfer-768x453.jpeg 768w, https:\/\/grondalscamping.se\/wp-content\/uploads\/2021\/10\/Historia-Badnymfer-1536x907.jpeg 1536w, https:\/\/grondalscamping.se\/wp-content\/uploads\/2021\/10\/Historia-Badnymfer.jpeg 1772w\" sizes=\"auto, (max-width: 1024px) 100vw, 1024px\" \/><\/figure>\n<\/figure>\n\n\n\n<p class=\"mt-2\"><meta charset=\"utf-8\">Gr\u00f6ndals Camping &amp; Stugor \u00e4r idag ett f\u00f6retag som \u00e4r i st\u00e4ndig utveckling. Vi vill kunna erbjuda dig som g\u00e4st en bekv\u00e4m vistelse oavsett om det g\u00e4ller camping eller stugor. I allt vi g\u00f6r ligger omtanke, kvalit\u00e9 och medvetenhet bakom. Vi skapar utefter hur vi sj\u00e4lva skulle vilja ha det. V\u00e5r vision \u00e4r att erbjuda en lyxigare campingk\u00e4nsla med hotellstandard.<\/p>\n\n\n\n<p class=\"\"><meta charset=\"utf-8\"><\/meta>Anl\u00e4ggningen har totalt 190 campingtomter med el, varav 11 havstomter och fem stugor. <\/p>\n\n\n\n<p class=\"\"><strong><meta charset=\"utf-8\"><meta charset=\"utf-8\"><\/strong>Varmt v\u00e4lkommen till oss!<br><strong><em><strong>Michael &amp; Carina<\/strong><\/em><\/strong><\/p>\n\n\n\n<figure class=\"wp-block-image alignwide size-large\"><img loading=\"lazy\" decoding=\"async\" width=\"1024\" height=\"637\" src=\"https:\/\/grondalscamping.se\/wp-content\/uploads\/2021\/10\/Historia-Campingliv-1024x637.jpeg\" alt=\"\" class=\"wp-image-1745\" srcset=\"https:\/\/grondalscamping.se\/wp-content\/uploads\/2021\/10\/Historia-Campingliv-1024x637.jpeg 1024w, https:\/\/grondalscamping.se\/wp-content\/uploads\/2021\/10\/Historia-Campingliv-300x187.jpeg 300w, https:\/\/grondalscamping.se\/wp-content\/uploads\/2021\/10\/Historia-Campingliv-768x478.jpeg 768w, https:\/\/grondalscamping.se\/wp-content\/uploads\/2021\/10\/Historia-Campingliv-1536x955.jpeg 1536w, https:\/\/grondalscamping.se\/wp-content\/uploads\/2021\/10\/Historia-Campingliv.jpeg 1772w\" sizes=\"auto, (max-width: 1024px) 100vw, 1024px\" \/><\/figure>\n","protected":false},"excerpt":{"rendered":"<p>V\u00e5r historia Vi \u00e4r en familje\u00e4gd camping som idag drivs i tredje generationen. Gr\u00f6ndals Camping &amp; Stugor grundades \u00e5r 1962 av John Larsson, Michaels farfar. John som bedrev lantbruk f\u00f6rstod tidigt att turismen var n\u00e5got att satsa p\u00e5. Korna som tidigare hade betat p\u00e5 strand\u00e4ngarna ersattes med t\u00e4lt och husvagnar. Den tidigare ladan fr\u00e5n 1850- [&hellip;]<\/p>\n","protected":false},"author":1,"featured_media":0,"parent":0,"menu_order":0,"comment_status":"closed","ping_status":"closed","template":"","meta":{"_acf_changed":false,"northosts_mobile_spacing_top":"theme","northosts_mobile_spacing_bottom":"theme","northosts_desktop_spacing_top":"theme","northosts_desktop_spacing_bottom":"theme","inline_featured_image":false,"footnotes":""},"class_list":["post-985","page","type-page","status-publish","hentry"],"acf":[],"yoast_head":"<!-- This site is optimized with the Yoast SEO plugin v27.4 - https:\/\/yoast.com\/product\/yoast-seo-wordpress\/ -->\n<title>Historia - Gr\u00f6ndals Camping &amp; Stugor<\/title>\n<meta name=\"robots\" content=\"index, follow, max-snippet:-1, max-image-preview:large, max-video-preview:-1\" \/>\n<link rel=\"canonical\" href=\"https:\/\/grondalscamping.se\/historia\/\" \/>\n<meta property=\"og:locale\" content=\"de_DE\" \/>\n<meta property=\"og:type\" content=\"article\" \/>\n<meta property=\"og:title\" content=\"Historia - Gr\u00f6ndals Camping &amp; Stugor\" \/>\n<meta property=\"og:description\" content=\"V\u00e5r historia Vi \u00e4r en familje\u00e4gd camping som idag drivs i tredje generationen. Gr\u00f6ndals Camping &amp; Stugor grundades \u00e5r 1962 av John Larsson, Michaels farfar. John som bedrev lantbruk f\u00f6rstod tidigt att turismen var n\u00e5got att satsa p\u00e5. Korna som tidigare hade betat p\u00e5 strand\u00e4ngarna ersattes med t\u00e4lt och husvagnar. Den tidigare ladan fr\u00e5n 1850- [&hellip;]\" \/>\n<meta property=\"og:url\" content=\"https:\/\/grondalscamping.se\/historia\/\" \/>\n<meta property=\"og:site_name\" content=\"Gr\u00f6ndals Camping &amp; Stugor\" \/>\n<meta property=\"article:modified_time\" content=\"2026-02-05T15:41:18+00:00\" \/>\n<meta property=\"og:image\" content=\"https:\/\/grondalscamping.se\/wp-content\/uploads\/2021\/10\/Historia-Badmode-topp-1024x383.jpeg\" \/>\n\t<meta property=\"og:image:width\" content=\"1024\" \/>\n\t<meta property=\"og:image:height\" content=\"383\" \/>\n\t<meta property=\"og:image:type\" content=\"image\/jpeg\" \/>\n<meta name=\"twitter:card\" content=\"summary_large_image\" \/>\n<meta name=\"twitter:label1\" content=\"Est. reading time\" \/>\n\t<meta name=\"twitter:data1\" content=\"2 minutes\" \/>\n<script type=\"application\/ld+json\" class=\"yoast-schema-graph\">{\"@context\":\"https:\\\/\\\/schema.org\",\"@graph\":[{\"@type\":\"WebPage\",\"@id\":\"https:\\\/\\\/grondalscamping.se\\\/historia\\\/\",\"url\":\"https:\\\/\\\/grondalscamping.se\\\/historia\\\/\",\"name\":\"Historia - Gr\u00f6ndals Camping &amp; Stugor\",\"isPartOf\":{\"@id\":\"https:\\\/\\\/grondalscamping.se\\\/#website\"},\"primaryImageOfPage\":{\"@id\":\"https:\\\/\\\/grondalscamping.se\\\/historia\\\/#primaryimage\"},\"image\":{\"@id\":\"https:\\\/\\\/grondalscamping.se\\\/historia\\\/#primaryimage\"},\"thumbnailUrl\":\"https:\\\/\\\/grondalscamping.se\\\/wp-content\\\/uploads\\\/2021\\\/10\\\/Historia-Badmode-topp.jpeg\",\"datePublished\":\"2021-09-08T10:12:45+00:00\",\"dateModified\":\"2026-02-05T15:41:18+00:00\",\"breadcrumb\":{\"@id\":\"https:\\\/\\\/grondalscamping.se\\\/historia\\\/#breadcrumb\"},\"inLanguage\":\"de-DE\",\"potentialAction\":[{\"@type\":\"ReadAction\",\"target\":[\"https:\\\/\\\/grondalscamping.se\\\/historia\\\/\"]}]},{\"@type\":\"ImageObject\",\"inLanguage\":\"de-DE\",\"@id\":\"https:\\\/\\\/grondalscamping.se\\\/historia\\\/#primaryimage\",\"url\":\"https:\\\/\\\/grondalscamping.se\\\/wp-content\\\/uploads\\\/2021\\\/10\\\/Historia-Badmode-topp.jpeg\",\"contentUrl\":\"https:\\\/\\\/grondalscamping.se\\\/wp-content\\\/uploads\\\/2021\\\/10\\\/Historia-Badmode-topp.jpeg\"},{\"@type\":\"BreadcrumbList\",\"@id\":\"https:\\\/\\\/grondalscamping.se\\\/historia\\\/#breadcrumb\",\"itemListElement\":[{\"@type\":\"ListItem\",\"position\":1,\"name\":\"Hem\",\"item\":\"https:\\\/\\\/grondalscamping.se\\\/de\\\/\"},{\"@type\":\"ListItem\",\"position\":2,\"name\":\"Historia\"}]},{\"@type\":\"WebSite\",\"@id\":\"https:\\\/\\\/grondalscamping.se\\\/#website\",\"url\":\"https:\\\/\\\/grondalscamping.se\\\/\",\"name\":\"Gr\u00f6ndals Camping &amp; Stugor\",\"description\":\"Familjecamping Gr\u00f6ndals camping &amp; stugor som \u00e4r bel\u00e4gen vid havet mitt i K\u00f6pingsvik vid en av \u00d6lands finaste sandstr\u00e4nder.\",\"publisher\":{\"@id\":\"https:\\\/\\\/grondalscamping.se\\\/#organization\"},\"potentialAction\":[{\"@type\":\"SearchAction\",\"target\":{\"@type\":\"EntryPoint\",\"urlTemplate\":\"https:\\\/\\\/grondalscamping.se\\\/?s={search_term_string}\"},\"query-input\":{\"@type\":\"PropertyValueSpecification\",\"valueRequired\":true,\"valueName\":\"search_term_string\"}}],\"inLanguage\":\"de-DE\"},{\"@type\":\"Organization\",\"@id\":\"https:\\\/\\\/grondalscamping.se\\\/#organization\",\"name\":\"Gr\u00f6ndals Camping &amp; Stugor\",\"url\":\"https:\\\/\\\/grondalscamping.se\\\/\",\"logo\":{\"@type\":\"ImageObject\",\"inLanguage\":\"de-DE\",\"@id\":\"https:\\\/\\\/grondalscamping.se\\\/#\\\/schema\\\/logo\\\/image\\\/\",\"url\":\"https:\\\/\\\/grondalscamping.se\\\/wp-content\\\/uploads\\\/2021\\\/09\\\/only-logo.png\",\"contentUrl\":\"https:\\\/\\\/grondalscamping.se\\\/wp-content\\\/uploads\\\/2021\\\/09\\\/only-logo.png\",\"width\":347,\"height\":147,\"caption\":\"Gr\u00f6ndals Camping &amp; Stugor\"},\"image\":{\"@id\":\"https:\\\/\\\/grondalscamping.se\\\/#\\\/schema\\\/logo\\\/image\\\/\"}}]}<\/script>\n<!-- \/ Yoast SEO plugin. -->","yoast_head_json":{"title":"Historia - Gr\u00f6ndals Camping &amp; Stugor","robots":{"index":"index","follow":"follow","max-snippet":"max-snippet:-1","max-image-preview":"max-image-preview:large","max-video-preview":"max-video-preview:-1"},"canonical":"https:\/\/grondalscamping.se\/historia\/","og_locale":"de_DE","og_type":"article","og_title":"Historia - Gr\u00f6ndals Camping &amp; Stugor","og_description":"V\u00e5r historia Vi \u00e4r en familje\u00e4gd camping som idag drivs i tredje generationen. Gr\u00f6ndals Camping &amp; Stugor grundades \u00e5r 1962 av John Larsson, Michaels farfar. John som bedrev lantbruk f\u00f6rstod tidigt att turismen var n\u00e5got att satsa p\u00e5. Korna som tidigare hade betat p\u00e5 strand\u00e4ngarna ersattes med t\u00e4lt och husvagnar. Den tidigare ladan fr\u00e5n 1850- [&hellip;]","og_url":"https:\/\/grondalscamping.se\/historia\/","og_site_name":"Gr\u00f6ndals Camping &amp; Stugor","article_modified_time":"2026-02-05T15:41:18+00:00","og_image":[{"width":1024,"height":383,"url":"https:\/\/grondalscamping.se\/wp-content\/uploads\/2021\/10\/Historia-Badmode-topp-1024x383.jpeg","type":"image\/jpeg"}],"twitter_card":"summary_large_image","twitter_misc":{"Est. reading time":"2 minutes"},"schema":{"@context":"https:\/\/schema.org","@graph":[{"@type":"WebPage","@id":"https:\/\/grondalscamping.se\/historia\/","url":"https:\/\/grondalscamping.se\/historia\/","name":"Historia - Gr\u00f6ndals Camping &amp; Stugor","isPartOf":{"@id":"https:\/\/grondalscamping.se\/#website"},"primaryImageOfPage":{"@id":"https:\/\/grondalscamping.se\/historia\/#primaryimage"},"image":{"@id":"https:\/\/grondalscamping.se\/historia\/#primaryimage"},"thumbnailUrl":"https:\/\/grondalscamping.se\/wp-content\/uploads\/2021\/10\/Historia-Badmode-topp.jpeg","datePublished":"2021-09-08T10:12:45+00:00","dateModified":"2026-02-05T15:41:18+00:00","breadcrumb":{"@id":"https:\/\/grondalscamping.se\/historia\/#breadcrumb"},"inLanguage":"de-DE","potentialAction":[{"@type":"ReadAction","target":["https:\/\/grondalscamping.se\/historia\/"]}]},{"@type":"ImageObject","inLanguage":"de-DE","@id":"https:\/\/grondalscamping.se\/historia\/#primaryimage","url":"https:\/\/grondalscamping.se\/wp-content\/uploads\/2021\/10\/Historia-Badmode-topp.jpeg","contentUrl":"https:\/\/grondalscamping.se\/wp-content\/uploads\/2021\/10\/Historia-Badmode-topp.jpeg"},{"@type":"BreadcrumbList","@id":"https:\/\/grondalscamping.se\/historia\/#breadcrumb","itemListElement":[{"@type":"ListItem","position":1,"name":"Hem","item":"https:\/\/grondalscamping.se\/de\/"},{"@type":"ListItem","position":2,"name":"Historia"}]},{"@type":"WebSite","@id":"https:\/\/grondalscamping.se\/#website","url":"https:\/\/grondalscamping.se\/","name":"Gr\u00f6ndals Camping &amp; Stugor","description":"Familjecamping Gr\u00f6ndals camping &amp; stugor som \u00e4r bel\u00e4gen vid havet mitt i K\u00f6pingsvik vid en av \u00d6lands finaste sandstr\u00e4nder.","publisher":{"@id":"https:\/\/grondalscamping.se\/#organization"},"potentialAction":[{"@type":"SearchAction","target":{"@type":"EntryPoint","urlTemplate":"https:\/\/grondalscamping.se\/?s={search_term_string}"},"query-input":{"@type":"PropertyValueSpecification","valueRequired":true,"valueName":"search_term_string"}}],"inLanguage":"de-DE"},{"@type":"Organization","@id":"https:\/\/grondalscamping.se\/#organization","name":"Gr\u00f6ndals Camping &amp; Stugor","url":"https:\/\/grondalscamping.se\/","logo":{"@type":"ImageObject","inLanguage":"de-DE","@id":"https:\/\/grondalscamping.se\/#\/schema\/logo\/image\/","url":"https:\/\/grondalscamping.se\/wp-content\/uploads\/2021\/09\/only-logo.png","contentUrl":"https:\/\/grondalscamping.se\/wp-content\/uploads\/2021\/09\/only-logo.png","width":347,"height":147,"caption":"Gr\u00f6ndals Camping &amp; Stugor"},"image":{"@id":"https:\/\/grondalscamping.se\/#\/schema\/logo\/image\/"}}]}},"_links":{"self":[{"href":"https:\/\/grondalscamping.se\/de\/wp-json\/wp\/v2\/pages\/985","targetHints":{"allow":["GET"]}}],"collection":[{"href":"https:\/\/grondalscamping.se\/de\/wp-json\/wp\/v2\/pages"}],"about":[{"href":"https:\/\/grondalscamping.se\/de\/wp-json\/wp\/v2\/types\/page"}],"author":[{"embeddable":true,"href":"https:\/\/grondalscamping.se\/de\/wp-json\/wp\/v2\/users\/1"}],"replies":[{"embeddable":true,"href":"https:\/\/grondalscamping.se\/de\/wp-json\/wp\/v2\/comments?post=985"}],"version-history":[{"count":80,"href":"https:\/\/grondalscamping.se\/de\/wp-json\/wp\/v2\/pages\/985\/revisions"}],"predecessor-version":[{"id":7506,"href":"https:\/\/grondalscamping.se\/de\/wp-json\/wp\/v2\/pages\/985\/revisions\/7506"}],"wp:attachment":[{"href":"https:\/\/grondalscamping.se\/de\/wp-json\/wp\/v2\/media?parent=985"}],"curies":[{"name":"wp","href":"https:\/\/api.w.org\/{rel}","templated":true}]}}