{"id":5845,"date":"2024-02-07T09:28:06","date_gmt":"2024-02-07T08:28:06","guid":{"rendered":"https:\/\/grondalscamping.se\/?page_id=5845"},"modified":"2026-02-02T10:17:11","modified_gmt":"2026-02-02T09:17:11","slug":"hallbarhet","status":"publish","type":"page","link":"https:\/\/grondalscamping.se\/de\/hallbarhet\/","title":{"rendered":"H\u00e5llbarhet"},"content":{"rendered":"\n<div class=\"wp-block-cover alignfull is-light has-custom-content-position is-position-top-center mt-0\" style=\"min-height:496px;aspect-ratio:unset;\"><img loading=\"lazy\" decoding=\"async\" width=\"2000\" height=\"1334\" class=\"wp-block-cover__image-background wp-image-1643\" alt=\"\" src=\"https:\/\/grondalscamping.se\/wp-content\/uploads\/2021\/10\/Grondal202003.jpg\" style=\"object-position:54% 61%\" data-object-fit=\"cover\" data-object-position=\"54% 61%\" srcset=\"https:\/\/grondalscamping.se\/wp-content\/uploads\/2021\/10\/Grondal202003.jpg 2000w, https:\/\/grondalscamping.se\/wp-content\/uploads\/2021\/10\/Grondal202003-300x200.jpg 300w, https:\/\/grondalscamping.se\/wp-content\/uploads\/2021\/10\/Grondal202003-1024x683.jpg 1024w, https:\/\/grondalscamping.se\/wp-content\/uploads\/2021\/10\/Grondal202003-768x512.jpg 768w, https:\/\/grondalscamping.se\/wp-content\/uploads\/2021\/10\/Grondal202003-1536x1025.jpg 1536w\" sizes=\"auto, (max-width: 2000px) 100vw, 2000px\" \/><span aria-hidden=\"true\" class=\"wp-block-cover__background has-dark-background-color has-background-dim-0 has-background-dim\"><\/span><div class=\"wp-block-cover__inner-container is-layout-flow wp-block-cover-is-layout-flow\">\n<p class=\"has-text-align-center has-large-font-size\"><\/p>\n<\/div><\/div>\n\n\n\n<div class=\"wp-block-group alignwide has-background py-2\" style=\"background-color:#f4eeeb\"><div class=\"wp-block-group__inner-container is-layout-flow wp-block-group-is-layout-flow\">\n<h1 class=\"wp-block-heading has-text-align-center\">V\u00e5r h\u00e5llbarhetsresa<\/h1>\n\n\n\n<p class=\"has-text-align-center has-medium-font-size\">Vi \u00e4r ett litet f\u00f6retag, men vi vet att vi \u00e4r stora nog att p\u00e5verka v\u00e5r omgivning och alla de m\u00e4nniskor och den milj\u00f6 vi kommer i kontakt med. Vi vet att vi har ett ansvar och vill bidra till ett h\u00e5llbart samh\u00e4lle p\u00e5 de s\u00e4tt vi kan. <br>Fr\u00e5n och med 2026 \u00e4r vi certifierade av Svensk Camping som <a href=\"https:\/\/www.svenskcamping.com\/kvalitet-hallbarhet\/hallbarhet\/\" target=\"_blank\" rel=\"noreferrer noopener\">\u201dH\u00e5llbart Val\u201d<\/a>.<br>Ingen kan g\u00f6ra allt \u2013 men alla kan g\u00f6ra n\u00e5got.<\/p>\n\n\n<div class=\"wp-block-image\">\n<figure class=\"aligncenter size-full is-resized mt-1\"><img data-dominant-color=\"23545e\" data-has-transparency=\"true\" loading=\"lazy\" decoding=\"async\" width=\"375\" height=\"167\" src=\"https:\/\/grondalscamping.se\/wp-content\/uploads\/2026\/02\/SC_Digitala_Dekaler_9-certifierad-med-hallbart-val.webp\" alt=\"\" class=\"wp-image-7494 has-transparency\" style=\"--dominant-color: #23545e; width:200px\" srcset=\"https:\/\/grondalscamping.se\/wp-content\/uploads\/2026\/02\/SC_Digitala_Dekaler_9-certifierad-med-hallbart-val.webp 375w, https:\/\/grondalscamping.se\/wp-content\/uploads\/2026\/02\/SC_Digitala_Dekaler_9-certifierad-med-hallbart-val-300x134.webp 300w\" sizes=\"auto, (max-width: 375px) 100vw, 375px\" \/><\/figure>\n<\/div><\/div><\/div>\n\n\n\n<h2 class=\"wp-block-heading alignwide has-text-align-center py-1\">Att t\u00e4nka p\u00e5 h\u00e5llbarhet \u00e4r f\u00f6r oss en sj\u00e4lvklarhet!<\/h2>\n\n\n\n<div class=\"wp-block-northosts-grid alignwide grid gap-1 md:gap-2 grid-cols-3 mt-0.5 md:px-1 lg:px-1 mt-0.5 md:px-1 lg:px-1\">\n<section class=\"wp-block-northosts-grid-item col-span-full md:col-span-1 lg:col-span-1 has-lightteal-background-color has-background\">\n<div class=\"wp-block-group py-1 px-1\"><div class=\"wp-block-group__inner-container is-layout-constrained wp-block-group-is-layout-constrained\"><div class=\"wp-block-image\">\n<figure class=\"aligncenter size-full is-resized\"><img decoding=\"async\" src=\"https:\/\/grondalscamping.se\/wp-content\/uploads\/2024\/02\/lampa.svg\" alt=\"\" class=\"wp-image-5895\" style=\"aspect-ratio:1;object-fit:contain;width:75px\"\/><\/figure>\n<\/div>\n\n\n<h4 class=\"wp-block-heading has-text-align-center has-dark-color has-text-color has-link-color mt-0 wp-elements-088ff9292f7ef4f42040a64c118ec3d0\"><strong>Energi<\/strong><\/h4>\n\n\n\n<p class=\"has-text-align-center\">Vi anv\u00e4nder endast gr\u00f6n el som \u00e4r 100% f\u00f6rnybar. &nbsp;Vi f\u00f6rs\u00f6ker \u00e4ven minska v\u00e5r energianv\u00e4ndning genom att anv\u00e4nda energisn\u00e5la LED-lampor och sensorstyrd belysning i alla v\u00e5ra servicehus. Ut\u00f6ver detta s\u00e5 har vi \u00e4ven investerat i solpaneler p\u00e5 servicehus B f\u00f6r egen elproduktion som bidrar till att \u00f6ka andelen f\u00f6rnybar energi.<\/p>\n<\/div><\/div>\n<\/section>\n\n\n\n<section class=\"wp-block-northosts-grid-item col-span-full md:col-span-1 lg:col-span-1\">\n<div class=\"wp-block-group has-lightteal-background-color has-background py-1 px-1\"><div class=\"wp-block-group__inner-container is-layout-constrained wp-block-group-is-layout-constrained\"><div class=\"wp-block-image\">\n<figure class=\"aligncenter size-full is-resized\"><img decoding=\"async\" src=\"https:\/\/grondalscamping.se\/wp-content\/uploads\/2024\/02\/vatten.svg\" alt=\"\" class=\"wp-image-6109\" style=\"aspect-ratio:1;object-fit:contain;width:75px\"\/><\/figure>\n<\/div>\n\n\n<h4 class=\"wp-block-heading has-text-align-center mt-0\"><strong>Vatten<\/strong><\/h4>\n\n\n\n<p class=\"has-text-align-center\">Vatten \u00e4r en bristvara p\u00e5 \u00f6n, genom att uppmuntra g\u00e4ster till sparsam anv\u00e4ndning av vatten har vi avgiftsbelagt alla duschar och sensorstyrda vattenkranar i handfaten. Alla v\u00e5ra tv\u00e4ttmaskiner har automatisk dosering och vi anv\u00e4nder endast Svanenm\u00e4rkt tv\u00e4tt- och sk\u00f6ljmedel.<\/p>\n<\/div><\/div>\n<\/section>\n\n\n\n<section class=\"wp-block-northosts-grid-item col-span-full md:col-span-1 lg:col-span-1\">\n<div class=\"wp-block-group has-lightteal-background-color has-background\"><div class=\"wp-block-group__inner-container is-layout-constrained wp-block-group-is-layout-constrained\"><div class=\"wp-block-image\">\n<figure class=\"aligncenter size-full is-resized\"><img decoding=\"async\" src=\"https:\/\/grondalscamping.se\/wp-content\/uploads\/2024\/02\/atervinn.svg\" alt=\"\" class=\"wp-image-5892\" style=\"aspect-ratio:1;object-fit:contain;width:75px\"\/><\/figure>\n<\/div>\n\n\n<h4 class=\"wp-block-heading has-text-align-center mt-0\"><strong>\u00c5tervinning<\/strong><\/h4>\n\n\n\n<p class=\"has-text-align-center\">F\u00f6r oss \u00e4r det viktigt att sortera avfallet och d\u00e4rf\u00f6r finns k\u00e4rl f\u00f6r tidningar\/ kartong, glas, aska, pant och matavfall i pappers p\u00e5sar p\u00e5 campingomr\u00e5det. 150 meter fr\u00e5n oss finns \u00e4ven en st\u00f6rre \u00e5tervinningsstation med fulla sorteringsm\u00f6jligheter.<br>All pant som l\u00e4mnas hos oss g\u00e5r oavkortat till Friends projekt #pantamotmobbning.<\/p>\n<\/div><\/div>\n<\/section>\n\n\n\n<section class=\"wp-block-northosts-grid-item col-span-full md:col-span-1 lg:col-span-1\">\n<div class=\"wp-block-group has-lightteal-background-color has-background\"><div class=\"wp-block-group__inner-container is-layout-constrained wp-block-group-is-layout-constrained\"><div class=\"wp-block-image\">\n<figure class=\"aligncenter size-full is-resized\"><img decoding=\"async\" src=\"https:\/\/grondalscamping.se\/wp-content\/uploads\/2024\/02\/papperskorg.svg\" alt=\"\" class=\"wp-image-5880\" style=\"aspect-ratio:1;object-fit:contain;width:70px\"\/><\/figure>\n<\/div>\n\n\n<h4 class=\"wp-block-heading has-text-align-center mt-0\"><strong>St\u00e4dning<\/strong><\/h4>\n\n\n\n<p class=\"has-text-align-center\">Vi anv\u00e4nder oss av skurmaskin och \u00e5ngtv\u00e4tt f\u00f6r att s\u00e4kerst\u00e4lla effektiv reng\u00f6ring samtidigt som vi minimerar v\u00e5r milj\u00f6p\u00e5verkan. <\/p>\n\n\n\n<p class=\"has-text-align-center\">Vi har milj\u00f6v\u00e4nliga reng\u00f6ringsmedel p\u00e5 v\u00e5r campingplats kan du vara trygg i vetskapen om att vi tar ansvar f\u00f6r v\u00e5r milj\u00f6 samtidigt som vi erbjuder en ren och s\u00e4ker milj\u00f6 f\u00f6r v\u00e5ra g\u00e4ster att njuta av.<\/p>\n<\/div><\/div>\n<\/section>\n\n\n\n<section class=\"wp-block-northosts-grid-item col-span-full md:col-span-1 lg:col-span-1\">\n<div class=\"wp-block-group has-lightteal-background-color has-background\"><div class=\"wp-block-group__inner-container is-layout-constrained wp-block-group-is-layout-constrained\"><div class=\"wp-block-image\">\n<figure class=\"aligncenter size-full is-resized\"><img decoding=\"async\" src=\"https:\/\/grondalscamping.se\/wp-content\/uploads\/2024\/02\/hjarta.svg\" alt=\"\" class=\"wp-image-5883\" style=\"aspect-ratio:1;object-fit:contain;width:75px\"\/><\/figure>\n<\/div>\n\n\n<h4 class=\"wp-block-heading has-text-align-center mt-0\"><strong>Social H\u00e5llbarhet<\/strong><\/h4>\n\n\n\n<p class=\"has-text-align-center\">F\u00f6r oss \u00e4r det viktigt med schysta villkor och vi \u00e4r d\u00e4rf\u00f6r anslutna till Visitas kollektivavtal. Vi ser \u00e4ven till att v\u00e5r arbetsplats \u00e4r trygg och s\u00e4ker. Ut\u00f6ver detta \u00e4r vi engagerade och st\u00f6ttar lokala n\u00e4tverk som f\u00f6retagarf\u00f6reningen i K\u00f6pingsvik och Camping \u00d6land. Vi arbetar \u00e4ven i n\u00e4ra dialog med Borgholms kommun i h\u00e5llbarhetsfr\u00e5gor.<\/p>\n<\/div><\/div>\n<\/section>\n\n\n\n<section class=\"wp-block-northosts-grid-item col-span-full md:col-span-1 lg:col-span-1\">\n<div class=\"wp-block-group has-lightteal-background-color has-background\"><div class=\"wp-block-group__inner-container is-layout-constrained wp-block-group-is-layout-constrained\"><div class=\"wp-block-image\">\n<figure class=\"aligncenter size-full is-resized\"><img decoding=\"async\" src=\"https:\/\/grondalscamping.se\/wp-content\/uploads\/2024\/02\/pengar.svg\" alt=\"\" class=\"wp-image-5889\" style=\"aspect-ratio:1;object-fit:contain;width:70px\"\/><\/figure>\n<\/div>\n\n\n<h4 class=\"wp-block-heading has-text-align-center mt-0\"><strong>Ink\u00f6p<\/strong><\/h4>\n\n\n\n<p class=\"has-text-align-center\">Vid ink\u00f6p av varor och tj\u00e4nster s\u00e5 f\u00f6rs\u00f6ker vi alltid i f\u00f6rsta hand v\u00e4lja lokala akt\u00f6rer. P\u00e5 detta vis s\u00e5 bidrar vi till att st\u00e4rka det lokala n\u00e4ringslivet och undviker l\u00e5nga transporter.<\/p>\n<\/div><\/div>\n<\/section>\n<\/div>\n\n\n\n<div class=\"wp-block-cover alignfull is-light mt-1 lg:mt-2\" style=\"min-height:500px;aspect-ratio:unset;\"><img loading=\"lazy\" decoding=\"async\" width=\"2560\" height=\"1709\" class=\"wp-block-cover__image-background wp-image-1677\" alt=\"\" src=\"https:\/\/grondalscamping.se\/wp-content\/uploads\/2021\/10\/1DH2323-scaled.jpg\" data-object-fit=\"cover\" srcset=\"https:\/\/grondalscamping.se\/wp-content\/uploads\/2021\/10\/1DH2323-scaled.jpg 2560w, https:\/\/grondalscamping.se\/wp-content\/uploads\/2021\/10\/1DH2323-300x200.jpg 300w, https:\/\/grondalscamping.se\/wp-content\/uploads\/2021\/10\/1DH2323-1024x683.jpg 1024w, https:\/\/grondalscamping.se\/wp-content\/uploads\/2021\/10\/1DH2323-768x513.jpg 768w, https:\/\/grondalscamping.se\/wp-content\/uploads\/2021\/10\/1DH2323-1536x1025.jpg 1536w, https:\/\/grondalscamping.se\/wp-content\/uploads\/2021\/10\/1DH2323-2048x1367.jpg 2048w\" sizes=\"auto, (max-width: 2560px) 100vw, 2560px\" \/><span aria-hidden=\"true\" class=\"wp-block-cover__background has-background-dim-20 has-background-dim\"><\/span><div class=\"wp-block-cover__inner-container is-layout-flow wp-block-cover-is-layout-flow\">\n<p class=\"has-text-align-center has-large-font-size\"><\/p>\n<\/div><\/div>\n","protected":false},"excerpt":{"rendered":"<p>V\u00e5r h\u00e5llbarhetsresa Vi \u00e4r ett litet f\u00f6retag, men vi vet att vi \u00e4r stora nog att p\u00e5verka v\u00e5r omgivning och alla de m\u00e4nniskor och den milj\u00f6 vi kommer i kontakt med. Vi vet att vi har ett ansvar och vill bidra till ett h\u00e5llbart samh\u00e4lle p\u00e5 de s\u00e4tt vi kan. Fr\u00e5n och med 2026 \u00e4r [&hellip;]<\/p>\n","protected":false},"author":4,"featured_media":0,"parent":0,"menu_order":0,"comment_status":"closed","ping_status":"closed","template":"","meta":{"_acf_changed":false,"northosts_mobile_spacing_top":"theme","northosts_mobile_spacing_bottom":"theme","northosts_desktop_spacing_top":"theme","northosts_desktop_spacing_bottom":"theme","inline_featured_image":false,"footnotes":""},"class_list":["post-5845","page","type-page","status-publish","hentry"],"acf":[],"yoast_head":"<!-- This site is optimized with the Yoast SEO plugin v27.4 - https:\/\/yoast.com\/product\/yoast-seo-wordpress\/ -->\n<title>H\u00e5llbarhet - Gr\u00f6ndals Camping &amp; Stugor<\/title>\n<meta name=\"robots\" content=\"index, follow, max-snippet:-1, max-image-preview:large, max-video-preview:-1\" \/>\n<link rel=\"canonical\" href=\"https:\/\/grondalscamping.se\/hallbarhet\/\" \/>\n<meta property=\"og:locale\" content=\"de_DE\" \/>\n<meta property=\"og:type\" content=\"article\" \/>\n<meta property=\"og:title\" content=\"H\u00e5llbarhet - Gr\u00f6ndals Camping &amp; Stugor\" \/>\n<meta property=\"og:description\" content=\"V\u00e5r h\u00e5llbarhetsresa Vi \u00e4r ett litet f\u00f6retag, men vi vet att vi \u00e4r stora nog att p\u00e5verka v\u00e5r omgivning och alla de m\u00e4nniskor och den milj\u00f6 vi kommer i kontakt med. Vi vet att vi har ett ansvar och vill bidra till ett h\u00e5llbart samh\u00e4lle p\u00e5 de s\u00e4tt vi kan. Fr\u00e5n och med 2026 \u00e4r [&hellip;]\" \/>\n<meta property=\"og:url\" content=\"https:\/\/grondalscamping.se\/hallbarhet\/\" \/>\n<meta property=\"og:site_name\" content=\"Gr\u00f6ndals Camping &amp; Stugor\" \/>\n<meta property=\"article:modified_time\" content=\"2026-02-02T09:17:11+00:00\" \/>\n<meta property=\"og:image\" content=\"https:\/\/grondalscamping.se\/wp-content\/uploads\/2021\/10\/Grondal202003-1024x683.jpg\" \/>\n\t<meta property=\"og:image:width\" content=\"1024\" \/>\n\t<meta property=\"og:image:height\" content=\"683\" \/>\n\t<meta property=\"og:image:type\" content=\"image\/jpeg\" \/>\n<meta name=\"twitter:card\" content=\"summary_large_image\" \/>\n<meta name=\"twitter:label1\" content=\"Est. reading time\" \/>\n\t<meta name=\"twitter:data1\" content=\"2 minutes\" \/>\n<script type=\"application\/ld+json\" class=\"yoast-schema-graph\">{\"@context\":\"https:\\\/\\\/schema.org\",\"@graph\":[{\"@type\":\"WebPage\",\"@id\":\"https:\\\/\\\/grondalscamping.se\\\/hallbarhet\\\/\",\"url\":\"https:\\\/\\\/grondalscamping.se\\\/hallbarhet\\\/\",\"name\":\"H\u00e5llbarhet - Gr\u00f6ndals Camping &amp; Stugor\",\"isPartOf\":{\"@id\":\"https:\\\/\\\/grondalscamping.se\\\/#website\"},\"primaryImageOfPage\":{\"@id\":\"https:\\\/\\\/grondalscamping.se\\\/hallbarhet\\\/#primaryimage\"},\"image\":{\"@id\":\"https:\\\/\\\/grondalscamping.se\\\/hallbarhet\\\/#primaryimage\"},\"thumbnailUrl\":\"https:\\\/\\\/grondalscamping.se\\\/wp-content\\\/uploads\\\/2021\\\/10\\\/Grondal202003.jpg\",\"datePublished\":\"2024-02-07T08:28:06+00:00\",\"dateModified\":\"2026-02-02T09:17:11+00:00\",\"breadcrumb\":{\"@id\":\"https:\\\/\\\/grondalscamping.se\\\/hallbarhet\\\/#breadcrumb\"},\"inLanguage\":\"de-DE\",\"potentialAction\":[{\"@type\":\"ReadAction\",\"target\":[\"https:\\\/\\\/grondalscamping.se\\\/hallbarhet\\\/\"]}]},{\"@type\":\"ImageObject\",\"inLanguage\":\"de-DE\",\"@id\":\"https:\\\/\\\/grondalscamping.se\\\/hallbarhet\\\/#primaryimage\",\"url\":\"https:\\\/\\\/grondalscamping.se\\\/wp-content\\\/uploads\\\/2021\\\/10\\\/Grondal202003.jpg\",\"contentUrl\":\"https:\\\/\\\/grondalscamping.se\\\/wp-content\\\/uploads\\\/2021\\\/10\\\/Grondal202003.jpg\"},{\"@type\":\"BreadcrumbList\",\"@id\":\"https:\\\/\\\/grondalscamping.se\\\/hallbarhet\\\/#breadcrumb\",\"itemListElement\":[{\"@type\":\"ListItem\",\"position\":1,\"name\":\"Hem\",\"item\":\"https:\\\/\\\/grondalscamping.se\\\/de\\\/\"},{\"@type\":\"ListItem\",\"position\":2,\"name\":\"H\u00e5llbarhet\"}]},{\"@type\":\"WebSite\",\"@id\":\"https:\\\/\\\/grondalscamping.se\\\/#website\",\"url\":\"https:\\\/\\\/grondalscamping.se\\\/\",\"name\":\"Gr\u00f6ndals Camping &amp; Stugor\",\"description\":\"Familjecamping Gr\u00f6ndals camping &amp; stugor som \u00e4r bel\u00e4gen vid havet mitt i K\u00f6pingsvik vid en av \u00d6lands finaste sandstr\u00e4nder.\",\"publisher\":{\"@id\":\"https:\\\/\\\/grondalscamping.se\\\/#organization\"},\"potentialAction\":[{\"@type\":\"SearchAction\",\"target\":{\"@type\":\"EntryPoint\",\"urlTemplate\":\"https:\\\/\\\/grondalscamping.se\\\/?s={search_term_string}\"},\"query-input\":{\"@type\":\"PropertyValueSpecification\",\"valueRequired\":true,\"valueName\":\"search_term_string\"}}],\"inLanguage\":\"de-DE\"},{\"@type\":\"Organization\",\"@id\":\"https:\\\/\\\/grondalscamping.se\\\/#organization\",\"name\":\"Gr\u00f6ndals Camping &amp; Stugor\",\"url\":\"https:\\\/\\\/grondalscamping.se\\\/\",\"logo\":{\"@type\":\"ImageObject\",\"inLanguage\":\"de-DE\",\"@id\":\"https:\\\/\\\/grondalscamping.se\\\/#\\\/schema\\\/logo\\\/image\\\/\",\"url\":\"https:\\\/\\\/grondalscamping.se\\\/wp-content\\\/uploads\\\/2021\\\/09\\\/only-logo.png\",\"contentUrl\":\"https:\\\/\\\/grondalscamping.se\\\/wp-content\\\/uploads\\\/2021\\\/09\\\/only-logo.png\",\"width\":347,\"height\":147,\"caption\":\"Gr\u00f6ndals Camping &amp; Stugor\"},\"image\":{\"@id\":\"https:\\\/\\\/grondalscamping.se\\\/#\\\/schema\\\/logo\\\/image\\\/\"}}]}<\/script>\n<!-- \/ Yoast SEO plugin. -->","yoast_head_json":{"title":"H\u00e5llbarhet - Gr\u00f6ndals Camping &amp; Stugor","robots":{"index":"index","follow":"follow","max-snippet":"max-snippet:-1","max-image-preview":"max-image-preview:large","max-video-preview":"max-video-preview:-1"},"canonical":"https:\/\/grondalscamping.se\/hallbarhet\/","og_locale":"de_DE","og_type":"article","og_title":"H\u00e5llbarhet - Gr\u00f6ndals Camping &amp; Stugor","og_description":"V\u00e5r h\u00e5llbarhetsresa Vi \u00e4r ett litet f\u00f6retag, men vi vet att vi \u00e4r stora nog att p\u00e5verka v\u00e5r omgivning och alla de m\u00e4nniskor och den milj\u00f6 vi kommer i kontakt med. Vi vet att vi har ett ansvar och vill bidra till ett h\u00e5llbart samh\u00e4lle p\u00e5 de s\u00e4tt vi kan. Fr\u00e5n och med 2026 \u00e4r [&hellip;]","og_url":"https:\/\/grondalscamping.se\/hallbarhet\/","og_site_name":"Gr\u00f6ndals Camping &amp; Stugor","article_modified_time":"2026-02-02T09:17:11+00:00","og_image":[{"width":1024,"height":683,"url":"https:\/\/grondalscamping.se\/wp-content\/uploads\/2021\/10\/Grondal202003-1024x683.jpg","type":"image\/jpeg"}],"twitter_card":"summary_large_image","twitter_misc":{"Est. reading time":"2 minutes"},"schema":{"@context":"https:\/\/schema.org","@graph":[{"@type":"WebPage","@id":"https:\/\/grondalscamping.se\/hallbarhet\/","url":"https:\/\/grondalscamping.se\/hallbarhet\/","name":"H\u00e5llbarhet - Gr\u00f6ndals Camping &amp; Stugor","isPartOf":{"@id":"https:\/\/grondalscamping.se\/#website"},"primaryImageOfPage":{"@id":"https:\/\/grondalscamping.se\/hallbarhet\/#primaryimage"},"image":{"@id":"https:\/\/grondalscamping.se\/hallbarhet\/#primaryimage"},"thumbnailUrl":"https:\/\/grondalscamping.se\/wp-content\/uploads\/2021\/10\/Grondal202003.jpg","datePublished":"2024-02-07T08:28:06+00:00","dateModified":"2026-02-02T09:17:11+00:00","breadcrumb":{"@id":"https:\/\/grondalscamping.se\/hallbarhet\/#breadcrumb"},"inLanguage":"de-DE","potentialAction":[{"@type":"ReadAction","target":["https:\/\/grondalscamping.se\/hallbarhet\/"]}]},{"@type":"ImageObject","inLanguage":"de-DE","@id":"https:\/\/grondalscamping.se\/hallbarhet\/#primaryimage","url":"https:\/\/grondalscamping.se\/wp-content\/uploads\/2021\/10\/Grondal202003.jpg","contentUrl":"https:\/\/grondalscamping.se\/wp-content\/uploads\/2021\/10\/Grondal202003.jpg"},{"@type":"BreadcrumbList","@id":"https:\/\/grondalscamping.se\/hallbarhet\/#breadcrumb","itemListElement":[{"@type":"ListItem","position":1,"name":"Hem","item":"https:\/\/grondalscamping.se\/de\/"},{"@type":"ListItem","position":2,"name":"H\u00e5llbarhet"}]},{"@type":"WebSite","@id":"https:\/\/grondalscamping.se\/#website","url":"https:\/\/grondalscamping.se\/","name":"Gr\u00f6ndals Camping &amp; Stugor","description":"Familjecamping Gr\u00f6ndals camping &amp; stugor som \u00e4r bel\u00e4gen vid havet mitt i K\u00f6pingsvik vid en av \u00d6lands finaste sandstr\u00e4nder.","publisher":{"@id":"https:\/\/grondalscamping.se\/#organization"},"potentialAction":[{"@type":"SearchAction","target":{"@type":"EntryPoint","urlTemplate":"https:\/\/grondalscamping.se\/?s={search_term_string}"},"query-input":{"@type":"PropertyValueSpecification","valueRequired":true,"valueName":"search_term_string"}}],"inLanguage":"de-DE"},{"@type":"Organization","@id":"https:\/\/grondalscamping.se\/#organization","name":"Gr\u00f6ndals Camping &amp; Stugor","url":"https:\/\/grondalscamping.se\/","logo":{"@type":"ImageObject","inLanguage":"de-DE","@id":"https:\/\/grondalscamping.se\/#\/schema\/logo\/image\/","url":"https:\/\/grondalscamping.se\/wp-content\/uploads\/2021\/09\/only-logo.png","contentUrl":"https:\/\/grondalscamping.se\/wp-content\/uploads\/2021\/09\/only-logo.png","width":347,"height":147,"caption":"Gr\u00f6ndals Camping &amp; Stugor"},"image":{"@id":"https:\/\/grondalscamping.se\/#\/schema\/logo\/image\/"}}]}},"_links":{"self":[{"href":"https:\/\/grondalscamping.se\/de\/wp-json\/wp\/v2\/pages\/5845","targetHints":{"allow":["GET"]}}],"collection":[{"href":"https:\/\/grondalscamping.se\/de\/wp-json\/wp\/v2\/pages"}],"about":[{"href":"https:\/\/grondalscamping.se\/de\/wp-json\/wp\/v2\/types\/page"}],"author":[{"embeddable":true,"href":"https:\/\/grondalscamping.se\/de\/wp-json\/wp\/v2\/users\/4"}],"replies":[{"embeddable":true,"href":"https:\/\/grondalscamping.se\/de\/wp-json\/wp\/v2\/comments?post=5845"}],"version-history":[{"count":118,"href":"https:\/\/grondalscamping.se\/de\/wp-json\/wp\/v2\/pages\/5845\/revisions"}],"predecessor-version":[{"id":7500,"href":"https:\/\/grondalscamping.se\/de\/wp-json\/wp\/v2\/pages\/5845\/revisions\/7500"}],"wp:attachment":[{"href":"https:\/\/grondalscamping.se\/de\/wp-json\/wp\/v2\/media?parent=5845"}],"curies":[{"name":"wp","href":"https:\/\/api.w.org\/{rel}","templated":true}]}}