{"id":54,"date":"2021-08-26T14:06:25","date_gmt":"2021-08-26T12:06:25","guid":{"rendered":"http:\/\/grondalscampingse.northq.localhost\/?page_id=54"},"modified":"2026-01-22T10:11:06","modified_gmt":"2026-01-22T09:11:06","slug":"bokningsvillkor","status":"publish","type":"page","link":"https:\/\/grondalscamping.se\/de\/bokningsvillkor\/","title":{"rendered":"Bokningsvillkor"},"content":{"rendered":"\n<div class=\"wp-block-cover alignfull mt-0\" style=\"min-height:400px;aspect-ratio:unset;\"><img loading=\"lazy\" decoding=\"async\" width=\"2560\" height=\"1709\" class=\"wp-block-cover__image-background wp-image-1420\" alt=\"\" src=\"https:\/\/grondalscamping.se\/wp-content\/uploads\/2021\/09\/66grondals-receptionen-med-blomma-scaled.jpg\" style=\"object-position:48% 50%\" data-object-fit=\"cover\" data-object-position=\"48% 50%\" srcset=\"https:\/\/grondalscamping.se\/wp-content\/uploads\/2021\/09\/66grondals-receptionen-med-blomma-scaled.jpg 2560w, https:\/\/grondalscamping.se\/wp-content\/uploads\/2021\/09\/66grondals-receptionen-med-blomma-300x200.jpg 300w, https:\/\/grondalscamping.se\/wp-content\/uploads\/2021\/09\/66grondals-receptionen-med-blomma-1024x683.jpg 1024w, https:\/\/grondalscamping.se\/wp-content\/uploads\/2021\/09\/66grondals-receptionen-med-blomma-768x513.jpg 768w, https:\/\/grondalscamping.se\/wp-content\/uploads\/2021\/09\/66grondals-receptionen-med-blomma-1536x1025.jpg 1536w, https:\/\/grondalscamping.se\/wp-content\/uploads\/2021\/09\/66grondals-receptionen-med-blomma-2048x1367.jpg 2048w\" sizes=\"auto, (max-width: 2560px) 100vw, 2560px\" \/><span aria-hidden=\"true\" class=\"wp-block-cover__background has-lightyellow-background-color has-background-dim-20 has-background-dim\"><\/span><div class=\"wp-block-cover__inner-container is-layout-flow wp-block-cover-is-layout-flow\">\n<p class=\"has-text-align-center has-large-font-size\"><\/p>\n<\/div><\/div>\n\n\n\n<div class=\"wp-block-group\"><div class=\"wp-block-group__inner-container is-layout-flow wp-block-group-is-layout-flow\">\n<h1 class=\"wp-block-heading mt-2 has-large-font-size\">Bokningsvillkor Gr\u00f6ndals Camping &amp; Stugor<\/h1>\n\n\n\n<p class=\"\">Dessa bokningsvillkor g\u00e4ller f\u00f6r uthyrning av uppst\u00e4llningsplats f\u00f6r husvagn, husbil, t\u00e4lt samt f\u00f6r hyrning av boende. En bil per campingtomt eller boende ing\u00e5r. Avgiftsbelagd parkering finns vid receptionen f\u00f6r extra bil. Vid h\u00e4ndelse som ligger utanf\u00f6r v\u00e5r kontroll f\u00f6rbeh\u00e5ller vi oss r\u00e4tten att flytta dig till ett likv\u00e4rdigt boende.<\/p>\n\n\n\n<h4 class=\"wp-block-heading has-medium-font-size\">In- &amp; utcheckning<\/h4>\n\n\n\n<ul class=\"wp-block-list\">\n<li class=\"\">Incheckning f\u00f6r camping efter kl.13:00. Utcheckning senast kl.12:00.<\/li>\n\n\n\n<li class=\"\">Incheckning f\u00f6r boende efter kl.15:00. Utcheckning senast kl.11.00. Observera, vid bokad slutst\u00e4dning av boende sker utcheckning senast kl.10.00.<\/li>\n<\/ul>\n\n\n\n<h4 class=\"wp-block-heading has-medium-font-size\">Camping Key Europe eller Camping-ID<\/h4>\n\n\n\n<p class=\"\">Vi \u00e4r medlemmar i Svensk Camping. Det inneb\u00e4r att du som g\u00e4st beh\u00f6ver Camping Key Europe\/ Camping-ID vid incheckning. Observera att detta inte avser dig som hyrt en stuga.<\/p>\n\n\n\n<h4 class=\"wp-block-heading has-medium-font-size\">Vad ing\u00e5r i campingpriset?<\/h4>\n\n\n\n<p class=\"\">Campingpriset \u00e4r avsedd f\u00f6r max 6 personer (vuxna och barn) samt <strong>en<\/strong> av nedanst\u00e5ende kombinationer:<\/p>\n\n\n\n<ul class=\"wp-block-list\">\n<li class=\"\">En husvagn med f\u00f6rt\u00e4lt\/vindskydd samt en personbil<\/li>\n\n\n\n<li class=\"\">En husbil med f\u00f6rt\u00e4lt\/vindskydd<\/li>\n\n\n\n<li class=\"\"> Ett t\u00e4lt samt en personbil<\/li>\n<\/ul>\n\n\n\n<p class=\"\">Vid extra person (vuxen eller barn), tillkommer en extra avgift p\u00e5 50 kr\/per person och dygn, max 2 extra personer \u00e4r till\u00e5tna. El ansluts med EU-kontakt och ing\u00e5r i dygnspriset.<\/p>\n\n\n\n<h4 class=\"wp-block-heading has-medium-font-size\">\u00c5ldersgr\u00e4ns<\/h4>\n\n\n\n<p class=\"\">F\u00f6r att boka\/ing\u00e5 avtal med oss beh\u00f6ver du och ditt s\u00e4llskap fyllt 23 \u00e5r, det g\u00e4ller ej barnfamiljer. Legitimering kan komma att ske vid ankomst. Uppfyllande av \u00e5ldersgr\u00e4ns \u00e4r ett krav f\u00f6r att f\u00e5 tilltr\u00e4de till uppst\u00e4llningsplatsen.<\/p>\n\n\n\n<h4 class=\"wp-block-heading has-medium-font-size\">Bokningsavgift<\/h4>\n\n\n\n<p class=\"\">Ingen bokningsavgift tillkommer vid bokning online. Bokningar med personlig service gjorda via telefon eller mail debiteras med en bokningsavgift p\u00e5 60 kr per objekt.<\/p>\n\n\n\n<h4 class=\"wp-block-heading has-medium-font-size\">N\u00e4r blir min bokning bindande?<\/h4>\n\n\n\n<p class=\"\">Bokningen blir bindande n\u00e4r du erh\u00e5llit en faktura\/bokningsbekr\u00e4ftelse fr\u00e5n oss och du betalat handpenningen eller hela hyran. Kontrollera att inneh\u00e5llet i bokningsbekr\u00e4ftelsen \u00f6verensst\u00e4mmer med det du bokat. Du som kund ansvarar f\u00f6r att uppgifterna \u00e4r korrekta. F\u00f6lj alltid betalningsdatum p\u00e5 din faktura.<\/p>\n\n\n\n<h4 class=\"wp-block-heading has-medium-font-size\">\u00d6ppet k\u00f6p i 24 timmar<\/h4>\n\n\n\n<p class=\"\">Du har \u00f6ppet k\u00f6p i 24 timmar fr\u00e5n bokningstillf\u00e4llet om det \u00e4r mer \u00e4n 7 dagar kvar till ankomst.<\/p>\n\n\n\n<h4 class=\"wp-block-heading has-medium-font-size\">Laddning eldrivna produkter<\/h4>\n\n\n\n<p class=\"\">Laddning av utrustning i de allm\u00e4nna gemensamma utrymmena i servicehusen \u00e4r inte till\u00e5ten. F\u00f6r allas s\u00e4kerhet \u00e4r det f\u00f6rbjudet att ladda elfordon fr\u00e5n v\u00e5ra stolpar och boende. Vi h\u00e4nvisar till laddningsstationen Elmacken i K\u00f6pingsvik, rakt \u00f6ver gatan fr\u00e5n oss.<\/p>\n\n\n\n<h4 class=\"wp-block-heading has-medium-font-size\">Sortering av avfall<\/h4>\n\n\n\n<p class=\"\">F\u00f6r att h\u00e5lla campingen ren och bidra till en b\u00e4ttre milj\u00f6 \u00e4r det obligatoriskt att sortera allt avfall. F\u00f6lj skyltarna vid v\u00e5r \u00e5tervinningsstation. Matavfallet l\u00e4ggs i en separat matavfallsp\u00e5se, f\u00f6rpackningar och \u00f6vrigt skr\u00e4p i respektive k\u00e4rl. Tack f\u00f6r att du hj\u00e4lper oss bli ett h\u00e5llbart campingval.<\/p>\n\n\n\n<h4 class=\"wp-block-heading has-medium-font-size\">N\u00e4r ska jag betala?<\/h4>\n\n\n\n<p class=\"\"><em>Mer \u00e4n 40 dagar till ankomst-<\/em>20 % av totalt belopp betalas 14 dagar efter att ni mottagit en faktura fr\u00e5n oss. Resterande belopp betalas senast 40 dagar f\u00f6re ankomst (se datum och belopp p\u00e5 faktura). Efter slutlikviden \u00e4r betald g\u00e5r det inte att f\u00f6rkorta bokningen.<\/p>\n\n\n\n<p class=\"\"><em>Mindre \u00e4n 40 dagar till ankomst- <\/em>hela beloppet betalas inom 14 dagar, om inget annat anges. Efter slutlikviden \u00e4r betald g\u00e5r det inte att f\u00f6rkorta bokningen.<\/p>\n\n\n\n<h4 class=\"wp-block-heading has-medium-font-size\">Sen eller utebliven betalning<\/h4>\n\n\n\n<p class=\"\">Om du inte betalar handpenningen i tid, avbokar vi din bokning utan ett s\u00e4rskilt meddelande. Om du inte slutbetala i tid ses det som en avbokning och avbokningsreglerna tr\u00e4der i kraft.<\/p>\n\n\n\n<h4 class=\"wp-block-heading has-medium-font-size\">Vad h\u00e4nder om jag vill \u00e5ka hem tidigare?<\/h4>\n\n\n\n<p class=\"\">Om du v\u00e4ljer att avresa tidigare \u00e4n vad din bokning s\u00e4ger, \u00e5terbetalas inga pengar.<\/p>\n\n\n\n<h4 class=\"wp-block-heading has-medium-font-size\">Vad g\u00e4ller om jag vill \u00e4ndra eller flytta min bokning?<\/h4>\n\n\n\n<p class=\"\">Det g\u00e5r bra att \u00e4ndra datum p\u00e5 din bokning om det \u00e4r ledigt. Om du har betalt anm\u00e4lningsavgiften regleras de nya datumen med en ny slutfaktura. Flytt till datum med h\u00f6gre pris betalar du mellanskillnaden. Flyttar du till datum med l\u00e4gre pris sker ingen \u00e5terbetalning. Flytt av bokning kan endast g\u00f6ras under samma \u00e5r som du bokat.<\/p>\n\n\n\n<h4 class=\"wp-block-heading has-medium-font-size\">Vad g\u00e4ller om jag vill avboka?<\/h4>\n\n\n\n<p class=\"\">Du avbokar skriftligen via mail till oss. Avbokningen m\u00e5ste dock ske s\u00e5 fort du vet att du inte kommer att kunna fullf\u00f6lja avtalet. Om du inte har tecknat n\u00e5got avbest\u00e4llningsskydd sker ingen \u00e5terbetalning. F\u00f6r att avbest\u00e4llningsskyddet ska g\u00e4lla m\u00e5ste det har best\u00e4llts i samband med bokningstillf\u00e4llet samt att bokning blivit betald i sin helhet. F\u00f6ljande regler g\u00e4ller f\u00f6r avbest\u00e4llningsskydd:<\/p>\n\n\n\n<p class=\"\"><strong>Avbest\u00e4llningsskydd f\u00f6r 295 kr<\/strong>, d\u00e4r avbokning sker 10 dagar f\u00f6re ankomst &#8211; Skyddet inneb\u00e4r att du kan avboka fram t.o.m. 10 dagar f\u00f6re ankomst utan intyg fr\u00e5n l\u00e4kare, myndighet eller f\u00f6rs\u00e4kringsbolag, och f\u00e5 90% av hyran \u00e5terbetalas, med avdrag f\u00f6r avbest\u00e4llningsskyddet och ev. bokningsavgift. Avbokning som sker senare pga. sjukdoms- eller olycksfall kan avbokas fram till dagen f\u00f6re ankomst m\u00e5ste kunna styrkas med intyg fr\u00e5n l\u00e4kare, myndighet eller f\u00f6rs\u00e4kringsbolag f\u00f6r att anses som giltigt sk\u00e4l f\u00f6r avbokning.<\/p>\n\n\n\n<h4 class=\"wp-block-heading has-medium-font-size\">Vad har jag f\u00f6r r\u00e4ttigheter?<\/h4>\n\n\n\n<p class=\"\">Om vi inte tillhandah\u00e5ller boendet\/campingtomten i utlovat skick eller vid r\u00e4tt tidpunkt och inte heller kan erbjuda dig ett likv\u00e4rdigt hyresobjekt, har du r\u00e4tt att s\u00e4ga upp avtalet. Vi m\u00e5ste d\u00e5 \u00e5terbetala allt de du har betalt till oss. I h\u00e4ndelse av v\u00e5rt avtalsbrott, allvarliga st\u00f6rningar eller om tj\u00e4nsten i \u00f6vrigt avviker fr\u00e5n uppgifter som vi har l\u00e4mnat eller vad du med fog har kunnat f\u00f6rv\u00e4nta dig, har du r\u00e4tt att kr\u00e4va avhj\u00e4lpande, prisavdrag eller h\u00e4vning.<\/p>\n\n\n\n<p class=\"\">Avtalsbrott eller annan brist i tj\u00e4nsten som beror p\u00e5 orsaker utanf\u00f6r v\u00e5r kontroll ger inte r\u00e4tt till ers\u00e4ttning enligt detta avtal (se punkten gr\u00e4nser f\u00f6r campingplatsens kontrollansvar nedan).<\/p>\n\n\n\n<p class=\"\">Fel som uppst\u00e5r under din vistelse ska omedelbart rapporteras till oss s\u00e5 att vi har m\u00f6jlighet attavhj\u00e4lpa felet. Om du underl\u00e5ter att rapportera fel, kan du inte heller kr\u00e4va ers\u00e4ttning.<\/p>\n\n\n\n<h4 class=\"wp-block-heading has-medium-font-size\">Vad har jag f\u00f6r skyldigheter?<\/h4>\n\n\n\n<p class=\"\">Du m\u00e5ste v\u00e5rda boendet\/campingtomten v\u00e4l och f\u00f6lja de ordningsf\u00f6reskrifter som g\u00e4ller. Om du eller n\u00e5gon i ditt s\u00e4llskap bryter mot v\u00e5ra ordningsf\u00f6reskrifter eller avtalet i \u00f6vrigt s\u00e4gas avtalet upp med omedelbar verkan utan r\u00e4tt till \u00e5terbetalning. Du ansvarar sj\u00e4lv f\u00f6r alla skador som uppst\u00e5r p\u00e5 boendet\/campingtomten genom att du eller n\u00e5gon i ditt s\u00e4llskap varit v\u00e5rdsl\u00f6s. Du f\u00e5r inte anv\u00e4nda boendet\/campingtomten till n\u00e5got annat \u00e4n vad som avtalats vid bokningstillf\u00e4llet. Ej heller l\u00e5ta fler personer \u00f6vernatta \u00e4n vad som uppgivits vid bokningstillf\u00e4llet. Du m\u00e5ste st\u00e4da boendet enligt instruktion. Om du inte g\u00f6r detta kommer st\u00e4dning att utf\u00f6ras p\u00e5 din bekostnad. Observera att r\u00f6kning ej \u00e4r till\u00e5tet i n\u00e5got av v\u00e5ra boende! \u00d6vertr\u00e4delse av r\u00f6kf\u00f6rbud i boende medf\u00f6r en saneringskostnad f\u00f6r dig som hyresg\u00e4st.<\/p>\n\n\n\n<h4 class=\"wp-block-heading has-medium-font-size\">Gr\u00e4nser f\u00f6r campingplatsens kontrollansvar<\/h4>\n\n\n\n<p class=\"\">I det fall vistelsen ej kan genomf\u00f6ras p.g.a. h\u00e4ndelser utanf\u00f6r v\u00e5r kontroll (naturkatastrof, krigshandlingar, arbetsmarknadskonflikt, l\u00e4ngre avbrott i vatten &#8211; \/energitillf\u00f6rsel, eldsv\u00e5da eller annan j\u00e4mb\u00f6rdig h\u00e4ndelse) som vi inte kan p\u00e5verka, f\u00f6rutse, eller rimligtvis kunde f\u00f6rv\u00e4ntas k\u00e4nna till n\u00e4r avtalet ingicks \u00e4r vi fria ifr\u00e5n \u00e5terbetalning, skadest\u00e5nd eller andra p\u00e5f\u00f6ljder. Detta g\u00e4ller \u00e4ven om vi har anlitat en leverant\u00f6r eller n\u00e5gon annan i tidigare led som skulle vara fri enligt stycket ovan.<\/p>\n\n\n\n<h4 class=\"wp-block-heading has-medium-font-size\">Vad h\u00e4nder om vi inte kommer \u00f6verens?<\/h4>\n\n\n\n<p class=\"\">V\u00e4nd dig till oss med eventuella klagom\u00e5l. T\u00e4nk p\u00e5 att dina m\u00f6jligheter att f\u00e5 r\u00e4ttelse kan minska om du dr\u00f6jer med att klaga. Om vi inte kan komma \u00f6verens kan du ta hj\u00e4lp av ARN- Allm\u00e4nna Reklamationsn\u00e4mnden www.arn.se<\/p>\n\n\n\n<p class=\"\"><strong>Adress till ARN: <\/strong><br>Allm\u00e4nna reklamationsn\u00e4mnden<br>Box 174<br>101 23 Stockholm<\/p>\n\n\n\n<h4 class=\"wp-block-heading has-medium-font-size\">Personuppgiftslagen &#8211; GDPR<\/h4>\n\n\n\n<p class=\"\">Vi \u00e4r ansvariga f\u00f6r behandling av de personuppgifter som du l\u00e4mnar i samband med bokning av uppst\u00e4llningsplats (s\u00e5som namn, adress och telefonnummer). Vi kommer att behandla personuppgifterna i syfte att administrera bokning och betalning samt f\u00f6r att i \u00f6vrigt kunna fullg\u00f6ra v\u00e5ra f\u00f6rpliktelser och tillvarata r\u00e4ttigheter enligt de avtal som ing\u00e5s med dig. Uppgifterna kan komma att l\u00e4mnas ut till inkassof\u00f6retag, myndighet\/domstol f\u00f6r indrivning, fastst\u00e4llelse och fullg\u00f6rande av dina avtalsf\u00f6rpliktelser. Du har r\u00e4tt att en g\u00e5ng per \u00e5r utan kostnad, efter skriftlig beg\u00e4ran, f\u00e5 ta del av vilka uppgifter som registrerats, uppgift om hur dessa anv\u00e4nds, varifr\u00e5n uppgifterna har h\u00e4mtats samt att f\u00e5 information om eventuella mottagare till vilka uppgifterna har l\u00e4mnats ut. Du har r\u00e4tt att n\u00e4r som helst beg\u00e4ra r\u00e4ttelse av eventuellt \u00e4ndrade eller felaktiga uppgifter. Om du l\u00e4mnar ditt aktiva medgivande f\u00e5r vi anv\u00e4nda personuppgifterna f\u00f6r marknadsf\u00f6ring av v\u00e5r verksamhet.<\/p>\n\n\n\n<h4 class=\"wp-block-heading has-medium-font-size\">\u00c5ngerr\u00e4tt<\/h4>\n\n\n\n<p class=\"\">\u00c5ngerr\u00e4tten enligt lagen (2005:59) om distansavtal och avtal utanf\u00f6r aff\u00e4rslokaler \u00e4r undantagen avtal om inkvartering, logi eller fritidsaktivitet och d\u00e4rmed kan du inte \u00e5ngra ett avtal om hyra av uppst\u00e4llningsplats f\u00f6r t\u00e4lt, husvagn och husbil.<\/p>\n<\/div><\/div>\n\n\n\n<div class=\"wp-block-group alignfull mt-3 has-black-color has-pink-background-color has-text-color has-background px-1 lg:px-2\"><div class=\"wp-block-group__inner-container is-layout-flow wp-block-group-is-layout-flow\">\n<h5 class=\"wp-block-heading has-text-align-left mt-1 has-white-color has-text-color\"><mark style=\"background-color:rgba(0, 0, 0, 0)\" class=\"has-inline-color has-black-color\">Redo f\u00f6r camping p\u00e5 \u00d6land?<\/mark><\/h5>\n\n\n\n<h2 class=\"wp-block-heading has-text-align-left -mt-1 has-white-color has-text-color py-1 lg:py-1\"><mark style=\"background-color:rgba(0, 0, 0, 0)\" class=\"has-inline-color has-black-color\"><a href=\"https:\/\/grondalscamping.se\/boka-camping-eller-stuga\/\">Boka din plats redan idag!<\/a><\/mark><\/h2>\n<\/div><\/div>\n","protected":false},"excerpt":{"rendered":"<p>Bokningsvillkor Gr\u00f6ndals Camping &amp; Stugor Dessa bokningsvillkor g\u00e4ller f\u00f6r uthyrning av uppst\u00e4llningsplats f\u00f6r husvagn, husbil, t\u00e4lt samt f\u00f6r hyrning av boende. En bil per campingtomt eller boende ing\u00e5r. Avgiftsbelagd parkering finns vid receptionen f\u00f6r extra bil. Vid h\u00e4ndelse som ligger utanf\u00f6r v\u00e5r kontroll f\u00f6rbeh\u00e5ller vi oss r\u00e4tten att flytta dig till ett likv\u00e4rdigt boende. In- [&hellip;]<\/p>\n","protected":false},"author":1,"featured_media":0,"parent":0,"menu_order":0,"comment_status":"closed","ping_status":"closed","template":"","meta":{"_acf_changed":false,"northosts_mobile_spacing_top":"theme","northosts_mobile_spacing_bottom":"theme","northosts_desktop_spacing_top":"theme","northosts_desktop_spacing_bottom":"theme","inline_featured_image":false,"footnotes":""},"class_list":["post-54","page","type-page","status-publish","hentry"],"acf":[],"yoast_head":"<!-- This site is optimized with the Yoast SEO plugin v27.4 - https:\/\/yoast.com\/product\/yoast-seo-wordpress\/ -->\n<title>Bokningsvillkor - Gr\u00f6ndals Camping &amp; Stugor<\/title>\n<meta name=\"description\" content=\"Dessa bokningsvillkor g\u00e4ller f\u00f6r uthyrning av uppst\u00e4llningsplats f\u00f6r t\u00e4lt, husvagn, husbil samt f\u00f6r att hyra stuga.\" \/>\n<meta name=\"robots\" content=\"index, follow, max-snippet:-1, max-image-preview:large, max-video-preview:-1\" \/>\n<link rel=\"canonical\" href=\"https:\/\/grondalscamping.se\/bokningsvillkor\/\" \/>\n<meta property=\"og:locale\" content=\"de_DE\" \/>\n<meta property=\"og:type\" content=\"article\" \/>\n<meta property=\"og:title\" content=\"Bokningsvillkor - Gr\u00f6ndals Camping &amp; Stugor\" \/>\n<meta property=\"og:description\" content=\"Dessa bokningsvillkor g\u00e4ller f\u00f6r uthyrning av uppst\u00e4llningsplats f\u00f6r t\u00e4lt, husvagn, husbil samt f\u00f6r att hyra stuga.\" \/>\n<meta property=\"og:url\" content=\"https:\/\/grondalscamping.se\/bokningsvillkor\/\" \/>\n<meta property=\"og:site_name\" content=\"Gr\u00f6ndals Camping &amp; Stugor\" \/>\n<meta property=\"article:modified_time\" content=\"2026-01-22T09:11:06+00:00\" \/>\n<meta property=\"og:image\" content=\"https:\/\/grondalscamping.se\/wp-content\/uploads\/2021\/09\/66grondals-receptionen-med-blomma-1024x683.jpg\" \/>\n\t<meta property=\"og:image:width\" content=\"1024\" \/>\n\t<meta property=\"og:image:height\" content=\"683\" \/>\n\t<meta property=\"og:image:type\" content=\"image\/jpeg\" \/>\n<meta name=\"twitter:card\" content=\"summary_large_image\" \/>\n<meta name=\"twitter:label1\" content=\"Est. reading time\" \/>\n\t<meta name=\"twitter:data1\" content=\"6 minutes\" \/>\n<script type=\"application\/ld+json\" class=\"yoast-schema-graph\">{\"@context\":\"https:\\\/\\\/schema.org\",\"@graph\":[{\"@type\":\"WebPage\",\"@id\":\"https:\\\/\\\/grondalscamping.se\\\/bokningsvillkor\\\/\",\"url\":\"https:\\\/\\\/grondalscamping.se\\\/bokningsvillkor\\\/\",\"name\":\"Bokningsvillkor - Gr\u00f6ndals Camping &amp; Stugor\",\"isPartOf\":{\"@id\":\"https:\\\/\\\/grondalscamping.se\\\/#website\"},\"primaryImageOfPage\":{\"@id\":\"https:\\\/\\\/grondalscamping.se\\\/bokningsvillkor\\\/#primaryimage\"},\"image\":{\"@id\":\"https:\\\/\\\/grondalscamping.se\\\/bokningsvillkor\\\/#primaryimage\"},\"thumbnailUrl\":\"https:\\\/\\\/grondalscamping.se\\\/wp-content\\\/uploads\\\/2021\\\/09\\\/66grondals-receptionen-med-blomma-scaled.jpg\",\"datePublished\":\"2021-08-26T12:06:25+00:00\",\"dateModified\":\"2026-01-22T09:11:06+00:00\",\"description\":\"Dessa bokningsvillkor g\u00e4ller f\u00f6r uthyrning av uppst\u00e4llningsplats f\u00f6r t\u00e4lt, husvagn, husbil samt f\u00f6r att hyra stuga.\",\"breadcrumb\":{\"@id\":\"https:\\\/\\\/grondalscamping.se\\\/bokningsvillkor\\\/#breadcrumb\"},\"inLanguage\":\"de-DE\",\"potentialAction\":[{\"@type\":\"ReadAction\",\"target\":[\"https:\\\/\\\/grondalscamping.se\\\/bokningsvillkor\\\/\"]}]},{\"@type\":\"ImageObject\",\"inLanguage\":\"de-DE\",\"@id\":\"https:\\\/\\\/grondalscamping.se\\\/bokningsvillkor\\\/#primaryimage\",\"url\":\"https:\\\/\\\/grondalscamping.se\\\/wp-content\\\/uploads\\\/2021\\\/09\\\/66grondals-receptionen-med-blomma-scaled.jpg\",\"contentUrl\":\"https:\\\/\\\/grondalscamping.se\\\/wp-content\\\/uploads\\\/2021\\\/09\\\/66grondals-receptionen-med-blomma-scaled.jpg\"},{\"@type\":\"BreadcrumbList\",\"@id\":\"https:\\\/\\\/grondalscamping.se\\\/bokningsvillkor\\\/#breadcrumb\",\"itemListElement\":[{\"@type\":\"ListItem\",\"position\":1,\"name\":\"Hem\",\"item\":\"https:\\\/\\\/grondalscamping.se\\\/de\\\/\"},{\"@type\":\"ListItem\",\"position\":2,\"name\":\"Bokningsvillkor\"}]},{\"@type\":\"WebSite\",\"@id\":\"https:\\\/\\\/grondalscamping.se\\\/#website\",\"url\":\"https:\\\/\\\/grondalscamping.se\\\/\",\"name\":\"Gr\u00f6ndals Camping &amp; Stugor\",\"description\":\"Familjecamping Gr\u00f6ndals camping &amp; stugor som \u00e4r bel\u00e4gen vid havet mitt i K\u00f6pingsvik vid en av \u00d6lands finaste sandstr\u00e4nder.\",\"publisher\":{\"@id\":\"https:\\\/\\\/grondalscamping.se\\\/#organization\"},\"potentialAction\":[{\"@type\":\"SearchAction\",\"target\":{\"@type\":\"EntryPoint\",\"urlTemplate\":\"https:\\\/\\\/grondalscamping.se\\\/?s={search_term_string}\"},\"query-input\":{\"@type\":\"PropertyValueSpecification\",\"valueRequired\":true,\"valueName\":\"search_term_string\"}}],\"inLanguage\":\"de-DE\"},{\"@type\":\"Organization\",\"@id\":\"https:\\\/\\\/grondalscamping.se\\\/#organization\",\"name\":\"Gr\u00f6ndals Camping &amp; Stugor\",\"url\":\"https:\\\/\\\/grondalscamping.se\\\/\",\"logo\":{\"@type\":\"ImageObject\",\"inLanguage\":\"de-DE\",\"@id\":\"https:\\\/\\\/grondalscamping.se\\\/#\\\/schema\\\/logo\\\/image\\\/\",\"url\":\"https:\\\/\\\/grondalscamping.se\\\/wp-content\\\/uploads\\\/2021\\\/09\\\/only-logo.png\",\"contentUrl\":\"https:\\\/\\\/grondalscamping.se\\\/wp-content\\\/uploads\\\/2021\\\/09\\\/only-logo.png\",\"width\":347,\"height\":147,\"caption\":\"Gr\u00f6ndals Camping &amp; Stugor\"},\"image\":{\"@id\":\"https:\\\/\\\/grondalscamping.se\\\/#\\\/schema\\\/logo\\\/image\\\/\"}}]}<\/script>\n<!-- \/ Yoast SEO plugin. -->","yoast_head_json":{"title":"Bokningsvillkor - Gr\u00f6ndals Camping &amp; Stugor","description":"Dessa bokningsvillkor g\u00e4ller f\u00f6r uthyrning av uppst\u00e4llningsplats f\u00f6r t\u00e4lt, husvagn, husbil samt f\u00f6r att hyra stuga.","robots":{"index":"index","follow":"follow","max-snippet":"max-snippet:-1","max-image-preview":"max-image-preview:large","max-video-preview":"max-video-preview:-1"},"canonical":"https:\/\/grondalscamping.se\/bokningsvillkor\/","og_locale":"de_DE","og_type":"article","og_title":"Bokningsvillkor - Gr\u00f6ndals Camping &amp; Stugor","og_description":"Dessa bokningsvillkor g\u00e4ller f\u00f6r uthyrning av uppst\u00e4llningsplats f\u00f6r t\u00e4lt, husvagn, husbil samt f\u00f6r att hyra stuga.","og_url":"https:\/\/grondalscamping.se\/bokningsvillkor\/","og_site_name":"Gr\u00f6ndals Camping &amp; Stugor","article_modified_time":"2026-01-22T09:11:06+00:00","og_image":[{"width":1024,"height":683,"url":"https:\/\/grondalscamping.se\/wp-content\/uploads\/2021\/09\/66grondals-receptionen-med-blomma-1024x683.jpg","type":"image\/jpeg"}],"twitter_card":"summary_large_image","twitter_misc":{"Est. reading time":"6 minutes"},"schema":{"@context":"https:\/\/schema.org","@graph":[{"@type":"WebPage","@id":"https:\/\/grondalscamping.se\/bokningsvillkor\/","url":"https:\/\/grondalscamping.se\/bokningsvillkor\/","name":"Bokningsvillkor - Gr\u00f6ndals Camping &amp; Stugor","isPartOf":{"@id":"https:\/\/grondalscamping.se\/#website"},"primaryImageOfPage":{"@id":"https:\/\/grondalscamping.se\/bokningsvillkor\/#primaryimage"},"image":{"@id":"https:\/\/grondalscamping.se\/bokningsvillkor\/#primaryimage"},"thumbnailUrl":"https:\/\/grondalscamping.se\/wp-content\/uploads\/2021\/09\/66grondals-receptionen-med-blomma-scaled.jpg","datePublished":"2021-08-26T12:06:25+00:00","dateModified":"2026-01-22T09:11:06+00:00","description":"Dessa bokningsvillkor g\u00e4ller f\u00f6r uthyrning av uppst\u00e4llningsplats f\u00f6r t\u00e4lt, husvagn, husbil samt f\u00f6r att hyra stuga.","breadcrumb":{"@id":"https:\/\/grondalscamping.se\/bokningsvillkor\/#breadcrumb"},"inLanguage":"de-DE","potentialAction":[{"@type":"ReadAction","target":["https:\/\/grondalscamping.se\/bokningsvillkor\/"]}]},{"@type":"ImageObject","inLanguage":"de-DE","@id":"https:\/\/grondalscamping.se\/bokningsvillkor\/#primaryimage","url":"https:\/\/grondalscamping.se\/wp-content\/uploads\/2021\/09\/66grondals-receptionen-med-blomma-scaled.jpg","contentUrl":"https:\/\/grondalscamping.se\/wp-content\/uploads\/2021\/09\/66grondals-receptionen-med-blomma-scaled.jpg"},{"@type":"BreadcrumbList","@id":"https:\/\/grondalscamping.se\/bokningsvillkor\/#breadcrumb","itemListElement":[{"@type":"ListItem","position":1,"name":"Hem","item":"https:\/\/grondalscamping.se\/de\/"},{"@type":"ListItem","position":2,"name":"Bokningsvillkor"}]},{"@type":"WebSite","@id":"https:\/\/grondalscamping.se\/#website","url":"https:\/\/grondalscamping.se\/","name":"Gr\u00f6ndals Camping &amp; Stugor","description":"Familjecamping Gr\u00f6ndals camping &amp; stugor som \u00e4r bel\u00e4gen vid havet mitt i K\u00f6pingsvik vid en av \u00d6lands finaste sandstr\u00e4nder.","publisher":{"@id":"https:\/\/grondalscamping.se\/#organization"},"potentialAction":[{"@type":"SearchAction","target":{"@type":"EntryPoint","urlTemplate":"https:\/\/grondalscamping.se\/?s={search_term_string}"},"query-input":{"@type":"PropertyValueSpecification","valueRequired":true,"valueName":"search_term_string"}}],"inLanguage":"de-DE"},{"@type":"Organization","@id":"https:\/\/grondalscamping.se\/#organization","name":"Gr\u00f6ndals Camping &amp; Stugor","url":"https:\/\/grondalscamping.se\/","logo":{"@type":"ImageObject","inLanguage":"de-DE","@id":"https:\/\/grondalscamping.se\/#\/schema\/logo\/image\/","url":"https:\/\/grondalscamping.se\/wp-content\/uploads\/2021\/09\/only-logo.png","contentUrl":"https:\/\/grondalscamping.se\/wp-content\/uploads\/2021\/09\/only-logo.png","width":347,"height":147,"caption":"Gr\u00f6ndals Camping &amp; Stugor"},"image":{"@id":"https:\/\/grondalscamping.se\/#\/schema\/logo\/image\/"}}]}},"_links":{"self":[{"href":"https:\/\/grondalscamping.se\/de\/wp-json\/wp\/v2\/pages\/54","targetHints":{"allow":["GET"]}}],"collection":[{"href":"https:\/\/grondalscamping.se\/de\/wp-json\/wp\/v2\/pages"}],"about":[{"href":"https:\/\/grondalscamping.se\/de\/wp-json\/wp\/v2\/types\/page"}],"author":[{"embeddable":true,"href":"https:\/\/grondalscamping.se\/de\/wp-json\/wp\/v2\/users\/1"}],"replies":[{"embeddable":true,"href":"https:\/\/grondalscamping.se\/de\/wp-json\/wp\/v2\/comments?post=54"}],"version-history":[{"count":29,"href":"https:\/\/grondalscamping.se\/de\/wp-json\/wp\/v2\/pages\/54\/revisions"}],"predecessor-version":[{"id":7389,"href":"https:\/\/grondalscamping.se\/de\/wp-json\/wp\/v2\/pages\/54\/revisions\/7389"}],"wp:attachment":[{"href":"https:\/\/grondalscamping.se\/de\/wp-json\/wp\/v2\/media?parent=54"}],"curies":[{"name":"wp","href":"https:\/\/api.w.org\/{rel}","templated":true}]}}