{"id":42,"date":"2021-08-26T14:04:22","date_gmt":"2021-08-26T12:04:22","guid":{"rendered":"http:\/\/grondalscampingse.northq.localhost\/?page_id=42"},"modified":"2025-12-26T18:54:39","modified_gmt":"2025-12-26T17:54:39","slug":"priser-stugor","status":"publish","type":"page","link":"https:\/\/grondalscamping.se\/de\/stugor\/priser-stugor\/","title":{"rendered":"Priser stugor"},"content":{"rendered":"\n<div class=\"wp-block-northosts-grid alignfull grid md:gap-0 grid-cols-2 py-1 lg:py-1 lg:px-4 py-1 lg:py-1 lg:px-4\">\n<section class=\"wp-block-northosts-grid-item col-span-full md:col-span-1 lg:col-span-1 p-0 mt-2\">\n<h1 class=\"wp-block-heading has-black-color has-text-color lg:py-1 px-1 lg:px-0\"><meta charset=\"utf-8\">Priser stugor<\/h1>\n<\/section>\n\n\n\n<section class=\"wp-block-northosts-grid-item col-span-full md:col-span-1 lg:col-span-1 p-0 mt-2\">\n<div class=\"wp-block-buttons lg:py-1 is-horizontal is-content-justification-right is-layout-flex wp-container-core-buttons-is-layout-ae2fe186 wp-block-buttons-is-layout-flex\"><\/div>\n<\/section>\n\n\n\n<section class=\"wp-block-northosts-grid-item col-span-full md:col-span-1 lg:col-span-1 p-0\">\n<div class=\"wp-block-cover is-light\" style=\"min-height:400px;aspect-ratio:unset;\"><img loading=\"lazy\" decoding=\"async\" width=\"2560\" height=\"1709\" class=\"wp-block-cover__image-background wp-image-1417\" alt=\"\" src=\"https:\/\/grondalscamping.se\/wp-content\/uploads\/2021\/09\/63grondals-stuga-m-a-utsidan-scaled.jpg\" data-object-fit=\"cover\" srcset=\"https:\/\/grondalscamping.se\/wp-content\/uploads\/2021\/09\/63grondals-stuga-m-a-utsidan-scaled.jpg 2560w, https:\/\/grondalscamping.se\/wp-content\/uploads\/2021\/09\/63grondals-stuga-m-a-utsidan-300x200.jpg 300w, https:\/\/grondalscamping.se\/wp-content\/uploads\/2021\/09\/63grondals-stuga-m-a-utsidan-1024x683.jpg 1024w, https:\/\/grondalscamping.se\/wp-content\/uploads\/2021\/09\/63grondals-stuga-m-a-utsidan-768x513.jpg 768w, https:\/\/grondalscamping.se\/wp-content\/uploads\/2021\/09\/63grondals-stuga-m-a-utsidan-1536x1025.jpg 1536w, https:\/\/grondalscamping.se\/wp-content\/uploads\/2021\/09\/63grondals-stuga-m-a-utsidan-2048x1367.jpg 2048w\" sizes=\"auto, (max-width: 2560px) 100vw, 2560px\" \/><span aria-hidden=\"true\" class=\"wp-block-cover__background has-grey-background-color has-background-dim-0 has-background-dim\"><\/span><div class=\"wp-block-cover__inner-container is-layout-flow wp-block-cover-is-layout-flow\">\n<div class=\"wp-block-buttons py-1 is-horizontal is-content-justification-center is-layout-flex wp-container-core-buttons-is-layout-499968f5 wp-block-buttons-is-layout-flex\">\n<div class=\"wp-block-button\"><a class=\"wp-block-button__link has-lightpink-color has-dark-background-color has-text-color has-background has-link-color wp-element-button\" href=\"https:\/\/grondalscamping.se\/boka-camping-eller-stuga\/\">BOKA STUGA<\/a><\/div>\n<\/div>\n<\/div><\/div>\n<\/section>\n\n\n\n<section class=\"wp-block-northosts-grid-item col-span-full md:col-span-1 lg:col-span-1 p-0 has-background py-1 lg:py-3 px-1 lg:px-3\" style=\"background-color:#f4eeeb\">\n<p class=\"\">Alla v\u00e5ra boende har&nbsp;h\u00f6g standard och ett strandn\u00e4ra l\u00e4ge.<br><em><strong>Stugorna \u00e4r djurfria<\/strong>.<\/em>&nbsp;Under h\u00f6gs\u00e4song hyrs stugorna ut veckovis, stugbyte sker l\u00f6rdagar eller s\u00f6ndagar.<br>Dygnsuthyrning av boende under f\u00f6r- och efters\u00e4song,<br>min 2 dygn.<br><strong><em>Midsommarhelgen endast familjer &amp; bokning via telefon.<\/em><\/strong><\/p>\n\n\n\n<div class=\"wp-block-buttons mt-1 is-layout-flex wp-block-buttons-is-layout-flex\">\n<div class=\"wp-block-button is-style-outline is-style-outline--1\"><a class=\"wp-block-button__link has-dark-color has-lightpink-background-color has-text-color has-background has-link-color wp-element-button\" href=\"https:\/\/grondalscamping.se\/stugor\/\">L\u00c4S MER OM V\u00c5RA OLIKA STUGOR<\/a><\/div>\n<\/div>\n<\/section>\n<\/div>\n\n\n\n<figure class=\"wp-block-table alignwide is-style-stripes py-0 lg:py-1 lg:px-3\"><table class=\"has-black-color has-text-color\"><thead><tr><th class=\"has-text-align-left\" data-align=\"left\"><strong>DATUM 2026<\/strong><\/th><th class=\"has-text-align-center\" data-align=\"center\">Premium stuga<br><strong>M\u00c5SEN<\/strong><br>4 b\u00e4dd<\/th><th class=\"has-text-align-center\" data-align=\"center\">Premium stuga<br><strong>\u00c5LEN<\/strong> <br>4 b\u00e4dd<\/th><th class=\"has-text-align-center\" data-align=\"center\">Premium stuga<br><strong>SVANEN<\/strong><br>4 b\u00e4dd<\/th><\/tr><\/thead><tbody><tr><td class=\"has-text-align-left\" data-align=\"left\"><strong>24\/4\u201317\/6<\/strong><br>Min. 2 n\u00e4tter<\/td><td class=\"has-text-align-center\" data-align=\"center\">1 180:-\/dygn\/2pers <br>+150:-\/pers<\/td><td class=\"has-text-align-center\" data-align=\"center\">1 180:-\/dygn\/2pers <br>+150:-\/pers<\/td><td class=\"has-text-align-center\" data-align=\"center\">1 070:-\/dygn\/2pers <br>+150:-\/pers<\/td><\/tr><tr><td class=\"has-text-align-left\" data-align=\"left\"><strong>4\/6-6\/6<\/strong><br>American Days<br><\/td><td class=\"has-text-align-center\" data-align=\"center\">3 dygn <br>6 600:-<\/td><td class=\"has-text-align-center\" data-align=\"center\">3 dygn<br>6 600:-<\/td><td class=\"has-text-align-center\" data-align=\"center\">3 dygn <br>5 985:-<\/td><\/tr><tr><td class=\"has-text-align-left\" data-align=\"left\"><strong>18\/6-20\/6<\/strong> <br>Midsommar<\/td><td class=\"has-text-align-center\" data-align=\"center\">3 dygn <br>6 600:-<\/td><td class=\"has-text-align-center\" data-align=\"center\">3 dygn<br>6 600:-<\/td><td class=\"has-text-align-center\" data-align=\"center\">3 dygn <br>5 985:-<\/td><\/tr><tr><td class=\"has-text-align-left\" data-align=\"left\"><strong>21\/6-26\/6<\/strong> (V.26)<br>S\u00f6n-l\u00f6r<\/td><td class=\"has-text-align-center\" data-align=\"center\">6 dygn <br>10 500:-<\/td><td class=\"has-text-align-center\" data-align=\"center\">6 dygn<br>10 500:-<\/td><td class=\"has-text-align-center\" data-align=\"center\">6 dygn<br>9 450:-<\/td><\/tr><tr><td class=\"has-text-align-left\" data-align=\"left\"><strong>27\/6-3\/7 <\/strong>(V.27)<br>Byte l\u00f6rdag<\/td><td class=\"has-text-align-center\" data-align=\"center\">7 dygn <br>13 650:-<\/td><td class=\"has-text-align-center\" data-align=\"center\">7 dygn<br>13 650:-<\/td><td class=\"has-text-align-center\" data-align=\"center\">7 dygn<br>12 075:-<\/td><\/tr><tr><td class=\"has-text-align-left\" data-align=\"left\"><strong>4\/7-31\/7 <\/strong>(V.28-31)<br>Byte l\u00f6rdag<\/td><td class=\"has-text-align-center\" data-align=\"center\">7 dygn <br>17 220:-<\/td><td class=\"has-text-align-center\" data-align=\"center\">7 dygn<br>17 220:-<\/td><td class=\"has-text-align-center\" data-align=\"center\">7 dygn<br>15 225:-<\/td><\/tr><tr><td class=\"has-text-align-left\" data-align=\"left\"><strong>1\/8-7\/8 <\/strong>(V.32)<br>Byte l\u00f6rdag<\/td><td class=\"has-text-align-center\" data-align=\"center\">7 dygn <br>13 650:-<\/td><td class=\"has-text-align-center\" data-align=\"center\">7 dygn<br>13 650:-<\/td><td class=\"has-text-align-center\" data-align=\"center\">7 dygn<br>12 075:-<\/td><\/tr><tr><td class=\"has-text-align-left\" data-align=\"left\"><strong>8\/8-23\/9<\/strong><br><\/td><td class=\"has-text-align-center\" data-align=\"center\">1 180:-\/natt\/2pers <br>+150:-\/pers<\/td><td class=\"has-text-align-center\" data-align=\"center\">1 180:-\/natt\/2pers <br>+150:-\/pers<\/td><td class=\"has-text-align-center\" data-align=\"center\">1070:-\/natt\/2pers <br>+150:-\/pers<\/td><\/tr><tr><td class=\"has-text-align-left\" data-align=\"left\"><strong>24\/9-27\/9<\/strong> Sk\u00f6rdefest<br>Min. 2 n\u00e4tter<\/td><td class=\"has-text-align-center\" data-align=\"center\">1 575:-\/dygn<\/td><td class=\"has-text-align-center\" data-align=\"center\">1 575:-\/dygn<\/td><td class=\"has-text-align-center\" data-align=\"center\">1 365:-\/dygn<\/td><\/tr><\/tbody><\/table><\/figure>\n\n\n\n<figure class=\"wp-block-table alignwide is-style-stripes py-0 lg:py-1 lg:px-3\"><table class=\"has-black-color has-text-color\"><thead><tr><th class=\"has-text-align-left\" data-align=\"left\"><strong>DATUM 2026<\/strong><\/th><th class=\"has-text-align-center\" data-align=\"center\">Comfort stuga<br><strong>LAXEN<\/strong> 4 b\u00e4dd<\/th><th class=\"has-text-align-center\" data-align=\"center\">Premium stuga<br><strong>FLUNDRAN<\/strong> 4 b\u00e4dd<\/th><\/tr><\/thead><tbody><tr><td class=\"has-text-align-left\" data-align=\"left\"><strong>24\/4\u201317\/6<br><\/strong>Min. 2 dygn<\/td><td class=\"has-text-align-center\" data-align=\"center\">960:-\/dygn\/2pers <br>+150:-\/pers<\/td><td class=\"has-text-align-center\" data-align=\"center\">1 180:-\/natt\/2pers <br>+150:-\/pers<\/td><\/tr><tr><td class=\"has-text-align-left\" data-align=\"left\"><strong>4\/6-6\/6<\/strong><br>American Days<\/td><td class=\"has-text-align-center\" data-align=\"center\">3 dygn <br>5 250:-<\/td><td class=\"has-text-align-center\" data-align=\"center\">3 dygn<br>6 600:-<\/td><\/tr><tr><td class=\"has-text-align-left\" data-align=\"left\"><strong>18\/6-20\/6<\/strong> <br>Midsommar<\/td><td class=\"has-text-align-center\" data-align=\"center\">3 dygn <br>5 250:-<\/td><td class=\"has-text-align-center\" data-align=\"center\">3 dygn<br>6 600:-<\/td><\/tr><tr><td class=\"has-text-align-left\" data-align=\"left\"><strong>21\/6-27\/6<\/strong> (V.26)<br>Byte s\u00f6ndag<\/td><td class=\"has-text-align-center\" data-align=\"center\">7 dygn<br>8 925:-<\/td><td class=\"has-text-align-center\" data-align=\"center\">7 dygn<br>12 250:-<\/td><\/tr><tr><td class=\"has-text-align-left\" data-align=\"left\"><strong>28\/6-4\/7<\/strong> (V.27)<br>Byte s\u00f6ndag<\/td><td class=\"has-text-align-center\" data-align=\"center\">7 dygn<br>10 500:-<\/td><td class=\"has-text-align-center\" data-align=\"center\">7 dygn<br>13 650:-<\/td><\/tr><tr><td class=\"has-text-align-left\" data-align=\"left\"><strong>5\/7-1\/8 <\/strong>(V.28-31)<br>Byte s\u00f6ndag<\/td><td class=\"has-text-align-center\" data-align=\"center\">7 dygn<br>13 650:-<\/td><td class=\"has-text-align-center\" data-align=\"center\">7 dygn<br>17 220:-<\/td><\/tr><tr><td class=\"has-text-align-left\" data-align=\"left\"><strong>2\/8-8\/8 <\/strong>(V.32)<br>Byte s\u00f6ndag<\/td><td class=\"has-text-align-center\" data-align=\"center\">7 dygn<br>10 500:-<\/td><td class=\"has-text-align-center\" data-align=\"center\">7 dygn<br>13 650:-<\/td><\/tr><tr><td class=\"has-text-align-left\" data-align=\"left\"><strong>9\/8-23\/9<\/strong><br>Min. 2 dygn<\/td><td class=\"has-text-align-center\" data-align=\"center\">960:-\/dygn\/2pers <br>+150:-\/pers<\/td><td class=\"has-text-align-center\" data-align=\"center\">1 180:-\/dygn\/2pers <br>+150:-\/pers<\/td><\/tr><tr><td class=\"has-text-align-left\" data-align=\"left\"><strong>24\/9-27\/9<\/strong> Sk\u00f6rdefest<br>Min. 2 dygn<\/td><td class=\"has-text-align-center\" data-align=\"center\">1 155:-\/dygn<\/td><td class=\"has-text-align-center\" data-align=\"center\">1 575:-\/dygn<\/td><\/tr><\/tbody><\/table><\/figure>\n\n\n\n<figure class=\"wp-block-table alignwide is-style-stripes lg:py-1 lg:px-3\"><table><thead><tr><th class=\"has-text-align-left\" data-align=\"left\"><strong> TILL\u00c4GG<\/strong><\/th><th class=\"has-text-align-left\" data-align=\"left\"><strong>PRIS I SEK<\/strong><\/th><\/tr><\/thead><tbody><tr><td class=\"has-text-align-left\" data-align=\"left\">Barnstol<\/td><td class=\"has-text-align-left\" data-align=\"left\">40:-<\/td><\/tr><tr><td class=\"has-text-align-left\" data-align=\"left\">Barns\u00e4ng&nbsp;med s\u00e4nglinne<\/td><td class=\"has-text-align-left\" data-align=\"left\">210:-<\/td><\/tr><tr><td class=\"has-text-align-left\" data-align=\"left\">Lakanset med handdukar: Underlakan, p\u00e5slakan, \u00f6rngott, 1 stor och 1 liten handduk<\/td><td class=\"has-text-align-left\" data-align=\"left\">210:-\/person<\/td><\/tr><tr><td class=\"has-text-align-left\" data-align=\"left\">Lakan: Underlakan, p\u00e5slakan, \u00f6rngott<\/td><td class=\"has-text-align-left\" data-align=\"left\">155:-<\/td><\/tr><tr><td class=\"has-text-align-left\" data-align=\"left\">Handdukar 1 stor (70\u00d7140) och 1 liten (50\u00d770)<\/td><td class=\"has-text-align-left\" data-align=\"left\">73:-<\/td><\/tr><tr><td class=\"has-text-align-left\" data-align=\"left\">Slutst\u00e4dning stuga utcheckning senast 10.00 (Ni diskar, sortera och kastar sopor)<\/td><td class=\"has-text-align-left\" data-align=\"left\">2 100:-<\/td><\/tr><\/tbody><\/table><\/figure>\n\n\n\n<figure class=\"wp-block-gallery alignwide has-nested-images columns-4 is-cropped lg:py-1 wp-block-gallery-2 is-layout-flex wp-block-gallery-is-layout-flex\">\n<figure class=\"wp-block-image size-large\"><img loading=\"lazy\" decoding=\"async\" width=\"1024\" height=\"683\" data-id=\"1417\" src=\"https:\/\/grondalscamping.se\/wp-content\/uploads\/2021\/09\/63grondals-stuga-m-a-utsidan-1024x683.jpg\" alt=\"\" class=\"wp-image-1417\" srcset=\"https:\/\/grondalscamping.se\/wp-content\/uploads\/2021\/09\/63grondals-stuga-m-a-utsidan-1024x683.jpg 1024w, https:\/\/grondalscamping.se\/wp-content\/uploads\/2021\/09\/63grondals-stuga-m-a-utsidan-300x200.jpg 300w, https:\/\/grondalscamping.se\/wp-content\/uploads\/2021\/09\/63grondals-stuga-m-a-utsidan-768x513.jpg 768w, https:\/\/grondalscamping.se\/wp-content\/uploads\/2021\/09\/63grondals-stuga-m-a-utsidan-1536x1025.jpg 1536w, https:\/\/grondalscamping.se\/wp-content\/uploads\/2021\/09\/63grondals-stuga-m-a-utsidan-2048x1367.jpg 2048w\" sizes=\"auto, (max-width: 1024px) 100vw, 1024px\" \/><\/figure>\n\n\n\n<figure class=\"wp-block-image size-large\"><img loading=\"lazy\" decoding=\"async\" width=\"1024\" height=\"683\" data-id=\"1378\" src=\"https:\/\/grondalscamping.se\/wp-content\/uploads\/2021\/09\/40grondals-stuga-laxen-vardagsrum-1024x683.jpg\" alt=\"\" class=\"wp-image-1378\" srcset=\"https:\/\/grondalscamping.se\/wp-content\/uploads\/2021\/09\/40grondals-stuga-laxen-vardagsrum-1024x683.jpg 1024w, https:\/\/grondalscamping.se\/wp-content\/uploads\/2021\/09\/40grondals-stuga-laxen-vardagsrum-300x200.jpg 300w, https:\/\/grondalscamping.se\/wp-content\/uploads\/2021\/09\/40grondals-stuga-laxen-vardagsrum-768x512.jpg 768w, https:\/\/grondalscamping.se\/wp-content\/uploads\/2021\/09\/40grondals-stuga-laxen-vardagsrum-1536x1024.jpg 1536w, https:\/\/grondalscamping.se\/wp-content\/uploads\/2021\/09\/40grondals-stuga-laxen-vardagsrum-2048x1365.jpg 2048w\" sizes=\"auto, (max-width: 1024px) 100vw, 1024px\" \/><\/figure>\n\n\n\n<figure class=\"wp-block-image size-large\"><img loading=\"lazy\" decoding=\"async\" width=\"1024\" height=\"683\" data-id=\"1382\" src=\"https:\/\/grondalscamping.se\/wp-content\/uploads\/2021\/09\/42grondals-stuga-laxen-sovrum-dubbelsang-1024x683.jpg\" alt=\"\" class=\"wp-image-1382\" srcset=\"https:\/\/grondalscamping.se\/wp-content\/uploads\/2021\/09\/42grondals-stuga-laxen-sovrum-dubbelsang-1024x683.jpg 1024w, https:\/\/grondalscamping.se\/wp-content\/uploads\/2021\/09\/42grondals-stuga-laxen-sovrum-dubbelsang-300x200.jpg 300w, https:\/\/grondalscamping.se\/wp-content\/uploads\/2021\/09\/42grondals-stuga-laxen-sovrum-dubbelsang-768x512.jpg 768w, https:\/\/grondalscamping.se\/wp-content\/uploads\/2021\/09\/42grondals-stuga-laxen-sovrum-dubbelsang-1536x1024.jpg 1536w, https:\/\/grondalscamping.se\/wp-content\/uploads\/2021\/09\/42grondals-stuga-laxen-sovrum-dubbelsang-2048x1365.jpg 2048w\" sizes=\"auto, (max-width: 1024px) 100vw, 1024px\" \/><\/figure>\n\n\n\n<figure class=\"wp-block-image size-large\"><img loading=\"lazy\" decoding=\"async\" width=\"1024\" height=\"683\" data-id=\"1342\" src=\"https:\/\/grondalscamping.se\/wp-content\/uploads\/2021\/09\/19grondals-stuga-svanen-vardagsrum-1024x683.jpg\" alt=\"\" class=\"wp-image-1342\" srcset=\"https:\/\/grondalscamping.se\/wp-content\/uploads\/2021\/09\/19grondals-stuga-svanen-vardagsrum-1024x683.jpg 1024w, https:\/\/grondalscamping.se\/wp-content\/uploads\/2021\/09\/19grondals-stuga-svanen-vardagsrum-300x200.jpg 300w, https:\/\/grondalscamping.se\/wp-content\/uploads\/2021\/09\/19grondals-stuga-svanen-vardagsrum-768x512.jpg 768w, https:\/\/grondalscamping.se\/wp-content\/uploads\/2021\/09\/19grondals-stuga-svanen-vardagsrum-1536x1024.jpg 1536w, https:\/\/grondalscamping.se\/wp-content\/uploads\/2021\/09\/19grondals-stuga-svanen-vardagsrum-2048x1366.jpg 2048w\" sizes=\"auto, (max-width: 1024px) 100vw, 1024px\" \/><\/figure>\n\n\n\n<figure class=\"wp-block-image size-large\"><img loading=\"lazy\" decoding=\"async\" width=\"1024\" height=\"683\" data-id=\"1336\" src=\"https:\/\/grondalscamping.se\/wp-content\/uploads\/2021\/09\/16grondals-stuga-svanen-inredning-1024x683.jpg\" alt=\"\" class=\"wp-image-1336\" srcset=\"https:\/\/grondalscamping.se\/wp-content\/uploads\/2021\/09\/16grondals-stuga-svanen-inredning-1024x683.jpg 1024w, https:\/\/grondalscamping.se\/wp-content\/uploads\/2021\/09\/16grondals-stuga-svanen-inredning-300x200.jpg 300w, https:\/\/grondalscamping.se\/wp-content\/uploads\/2021\/09\/16grondals-stuga-svanen-inredning-768x512.jpg 768w, https:\/\/grondalscamping.se\/wp-content\/uploads\/2021\/09\/16grondals-stuga-svanen-inredning-1536x1024.jpg 1536w, https:\/\/grondalscamping.se\/wp-content\/uploads\/2021\/09\/16grondals-stuga-svanen-inredning-2048x1365.jpg 2048w\" sizes=\"auto, (max-width: 1024px) 100vw, 1024px\" \/><\/figure>\n\n\n\n<figure class=\"wp-block-image size-large\"><img loading=\"lazy\" decoding=\"async\" width=\"1024\" height=\"683\" data-id=\"1319\" src=\"https:\/\/grondalscamping.se\/wp-content\/uploads\/2021\/09\/7grondals-grodor-pa-sten-1024x683.jpg\" alt=\"\" class=\"wp-image-1319\" srcset=\"https:\/\/grondalscamping.se\/wp-content\/uploads\/2021\/09\/7grondals-grodor-pa-sten-1024x683.jpg 1024w, https:\/\/grondalscamping.se\/wp-content\/uploads\/2021\/09\/7grondals-grodor-pa-sten-300x200.jpg 300w, https:\/\/grondalscamping.se\/wp-content\/uploads\/2021\/09\/7grondals-grodor-pa-sten-768x512.jpg 768w, https:\/\/grondalscamping.se\/wp-content\/uploads\/2021\/09\/7grondals-grodor-pa-sten-1536x1024.jpg 1536w, https:\/\/grondalscamping.se\/wp-content\/uploads\/2021\/09\/7grondals-grodor-pa-sten-2048x1365.jpg 2048w\" sizes=\"auto, (max-width: 1024px) 100vw, 1024px\" \/><\/figure>\n<\/figure>\n","protected":false},"excerpt":{"rendered":"<p>DATUM 2026 Premium stugaM\u00c5SEN4 b\u00e4dd Premium stuga\u00c5LEN 4 b\u00e4dd Premium stugaSVANEN4 b\u00e4dd 24\/4\u201317\/6Min. 2 n\u00e4tter 1 180:-\/dygn\/2pers +150:-\/pers 1 180:-\/dygn\/2pers +150:-\/pers 1 070:-\/dygn\/2pers +150:-\/pers 4\/6-6\/6American Days 3 dygn 6 600:- 3 dygn6 600:- 3 dygn 5 985:- 18\/6-20\/6 Midsommar 3 dygn 6 600:- 3 dygn6 600:- 3 dygn 5 985:- 21\/6-26\/6 (V.26)S\u00f6n-l\u00f6r 6 dygn 10 [&hellip;]<\/p>\n","protected":false},"author":1,"featured_media":0,"parent":134,"menu_order":0,"comment_status":"closed","ping_status":"closed","template":"","meta":{"_acf_changed":false,"northosts_mobile_spacing_top":"theme","northosts_mobile_spacing_bottom":"theme","northosts_desktop_spacing_top":"theme","northosts_desktop_spacing_bottom":"theme","inline_featured_image":false,"footnotes":""},"class_list":["post-42","page","type-page","status-publish","hentry"],"acf":[],"yoast_head":"<!-- This site is optimized with the Yoast SEO plugin v27.4 - https:\/\/yoast.com\/product\/yoast-seo-wordpress\/ -->\n<title>Priser stugor - Gr\u00f6ndals Camping &amp; Stugor<\/title>\n<meta name=\"robots\" content=\"index, follow, max-snippet:-1, max-image-preview:large, max-video-preview:-1\" \/>\n<link rel=\"canonical\" href=\"https:\/\/grondalscamping.se\/stugor\/priser-stugor\/\" \/>\n<meta property=\"og:locale\" content=\"de_DE\" \/>\n<meta property=\"og:type\" content=\"article\" \/>\n<meta property=\"og:title\" content=\"Priser stugor - Gr\u00f6ndals Camping &amp; Stugor\" \/>\n<meta property=\"og:description\" content=\"DATUM 2026 Premium stugaM\u00c5SEN4 b\u00e4dd Premium stuga\u00c5LEN 4 b\u00e4dd Premium stugaSVANEN4 b\u00e4dd 24\/4\u201317\/6Min. 2 n\u00e4tter 1 180:-\/dygn\/2pers +150:-\/pers 1 180:-\/dygn\/2pers +150:-\/pers 1 070:-\/dygn\/2pers +150:-\/pers 4\/6-6\/6American Days 3 dygn 6 600:- 3 dygn6 600:- 3 dygn 5 985:- 18\/6-20\/6 Midsommar 3 dygn 6 600:- 3 dygn6 600:- 3 dygn 5 985:- 21\/6-26\/6 (V.26)S\u00f6n-l\u00f6r 6 dygn 10 [&hellip;]\" \/>\n<meta property=\"og:url\" content=\"https:\/\/grondalscamping.se\/stugor\/priser-stugor\/\" \/>\n<meta property=\"og:site_name\" content=\"Gr\u00f6ndals Camping &amp; Stugor\" \/>\n<meta property=\"article:modified_time\" content=\"2025-12-26T17:54:39+00:00\" \/>\n<meta property=\"og:image\" content=\"https:\/\/grondalscamping.se\/wp-content\/uploads\/2021\/09\/63grondals-stuga-m-a-utsidan-1024x683.jpg\" \/>\n\t<meta property=\"og:image:width\" content=\"1024\" \/>\n\t<meta property=\"og:image:height\" content=\"683\" \/>\n\t<meta property=\"og:image:type\" content=\"image\/jpeg\" \/>\n<meta name=\"twitter:card\" content=\"summary_large_image\" \/>\n<meta name=\"twitter:label1\" content=\"Est. reading time\" \/>\n\t<meta name=\"twitter:data1\" content=\"3 minutes\" \/>\n<script type=\"application\/ld+json\" class=\"yoast-schema-graph\">{\"@context\":\"https:\\\/\\\/schema.org\",\"@graph\":[{\"@type\":\"WebPage\",\"@id\":\"https:\\\/\\\/grondalscamping.se\\\/stugor\\\/priser-stugor\\\/\",\"url\":\"https:\\\/\\\/grondalscamping.se\\\/stugor\\\/priser-stugor\\\/\",\"name\":\"Priser stugor - Gr\u00f6ndals Camping &amp; Stugor\",\"isPartOf\":{\"@id\":\"https:\\\/\\\/grondalscamping.se\\\/#website\"},\"primaryImageOfPage\":{\"@id\":\"https:\\\/\\\/grondalscamping.se\\\/stugor\\\/priser-stugor\\\/#primaryimage\"},\"image\":{\"@id\":\"https:\\\/\\\/grondalscamping.se\\\/stugor\\\/priser-stugor\\\/#primaryimage\"},\"thumbnailUrl\":\"https:\\\/\\\/grondalscamping.se\\\/wp-content\\\/uploads\\\/2021\\\/09\\\/63grondals-stuga-m-a-utsidan-scaled.jpg\",\"datePublished\":\"2021-08-26T12:04:22+00:00\",\"dateModified\":\"2025-12-26T17:54:39+00:00\",\"breadcrumb\":{\"@id\":\"https:\\\/\\\/grondalscamping.se\\\/stugor\\\/priser-stugor\\\/#breadcrumb\"},\"inLanguage\":\"de-DE\",\"potentialAction\":[{\"@type\":\"ReadAction\",\"target\":[\"https:\\\/\\\/grondalscamping.se\\\/stugor\\\/priser-stugor\\\/\"]}]},{\"@type\":\"ImageObject\",\"inLanguage\":\"de-DE\",\"@id\":\"https:\\\/\\\/grondalscamping.se\\\/stugor\\\/priser-stugor\\\/#primaryimage\",\"url\":\"https:\\\/\\\/grondalscamping.se\\\/wp-content\\\/uploads\\\/2021\\\/09\\\/63grondals-stuga-m-a-utsidan-scaled.jpg\",\"contentUrl\":\"https:\\\/\\\/grondalscamping.se\\\/wp-content\\\/uploads\\\/2021\\\/09\\\/63grondals-stuga-m-a-utsidan-scaled.jpg\"},{\"@type\":\"BreadcrumbList\",\"@id\":\"https:\\\/\\\/grondalscamping.se\\\/stugor\\\/priser-stugor\\\/#breadcrumb\",\"itemListElement\":[{\"@type\":\"ListItem\",\"position\":1,\"name\":\"Hem\",\"item\":\"https:\\\/\\\/grondalscamping.se\\\/de\\\/\"},{\"@type\":\"ListItem\",\"position\":2,\"name\":\"Stugor\",\"item\":\"https:\\\/\\\/grondalscamping.se\\\/stugor\\\/\"},{\"@type\":\"ListItem\",\"position\":3,\"name\":\"Priser stugor\"}]},{\"@type\":\"WebSite\",\"@id\":\"https:\\\/\\\/grondalscamping.se\\\/#website\",\"url\":\"https:\\\/\\\/grondalscamping.se\\\/\",\"name\":\"Gr\u00f6ndals Camping &amp; Stugor\",\"description\":\"Familjecamping Gr\u00f6ndals camping &amp; stugor som \u00e4r bel\u00e4gen vid havet mitt i K\u00f6pingsvik vid en av \u00d6lands finaste sandstr\u00e4nder.\",\"publisher\":{\"@id\":\"https:\\\/\\\/grondalscamping.se\\\/#organization\"},\"potentialAction\":[{\"@type\":\"SearchAction\",\"target\":{\"@type\":\"EntryPoint\",\"urlTemplate\":\"https:\\\/\\\/grondalscamping.se\\\/?s={search_term_string}\"},\"query-input\":{\"@type\":\"PropertyValueSpecification\",\"valueRequired\":true,\"valueName\":\"search_term_string\"}}],\"inLanguage\":\"de-DE\"},{\"@type\":\"Organization\",\"@id\":\"https:\\\/\\\/grondalscamping.se\\\/#organization\",\"name\":\"Gr\u00f6ndals Camping &amp; Stugor\",\"url\":\"https:\\\/\\\/grondalscamping.se\\\/\",\"logo\":{\"@type\":\"ImageObject\",\"inLanguage\":\"de-DE\",\"@id\":\"https:\\\/\\\/grondalscamping.se\\\/#\\\/schema\\\/logo\\\/image\\\/\",\"url\":\"https:\\\/\\\/grondalscamping.se\\\/wp-content\\\/uploads\\\/2021\\\/09\\\/only-logo.png\",\"contentUrl\":\"https:\\\/\\\/grondalscamping.se\\\/wp-content\\\/uploads\\\/2021\\\/09\\\/only-logo.png\",\"width\":347,\"height\":147,\"caption\":\"Gr\u00f6ndals Camping &amp; Stugor\"},\"image\":{\"@id\":\"https:\\\/\\\/grondalscamping.se\\\/#\\\/schema\\\/logo\\\/image\\\/\"}}]}<\/script>\n<!-- \/ Yoast SEO plugin. -->","yoast_head_json":{"title":"Priser stugor - Gr\u00f6ndals Camping &amp; Stugor","robots":{"index":"index","follow":"follow","max-snippet":"max-snippet:-1","max-image-preview":"max-image-preview:large","max-video-preview":"max-video-preview:-1"},"canonical":"https:\/\/grondalscamping.se\/stugor\/priser-stugor\/","og_locale":"de_DE","og_type":"article","og_title":"Priser stugor - Gr\u00f6ndals Camping &amp; Stugor","og_description":"DATUM 2026 Premium stugaM\u00c5SEN4 b\u00e4dd Premium stuga\u00c5LEN 4 b\u00e4dd Premium stugaSVANEN4 b\u00e4dd 24\/4\u201317\/6Min. 2 n\u00e4tter 1 180:-\/dygn\/2pers +150:-\/pers 1 180:-\/dygn\/2pers +150:-\/pers 1 070:-\/dygn\/2pers +150:-\/pers 4\/6-6\/6American Days 3 dygn 6 600:- 3 dygn6 600:- 3 dygn 5 985:- 18\/6-20\/6 Midsommar 3 dygn 6 600:- 3 dygn6 600:- 3 dygn 5 985:- 21\/6-26\/6 (V.26)S\u00f6n-l\u00f6r 6 dygn 10 [&hellip;]","og_url":"https:\/\/grondalscamping.se\/stugor\/priser-stugor\/","og_site_name":"Gr\u00f6ndals Camping &amp; Stugor","article_modified_time":"2025-12-26T17:54:39+00:00","og_image":[{"width":1024,"height":683,"url":"https:\/\/grondalscamping.se\/wp-content\/uploads\/2021\/09\/63grondals-stuga-m-a-utsidan-1024x683.jpg","type":"image\/jpeg"}],"twitter_card":"summary_large_image","twitter_misc":{"Est. reading time":"3 minutes"},"schema":{"@context":"https:\/\/schema.org","@graph":[{"@type":"WebPage","@id":"https:\/\/grondalscamping.se\/stugor\/priser-stugor\/","url":"https:\/\/grondalscamping.se\/stugor\/priser-stugor\/","name":"Priser stugor - Gr\u00f6ndals Camping &amp; Stugor","isPartOf":{"@id":"https:\/\/grondalscamping.se\/#website"},"primaryImageOfPage":{"@id":"https:\/\/grondalscamping.se\/stugor\/priser-stugor\/#primaryimage"},"image":{"@id":"https:\/\/grondalscamping.se\/stugor\/priser-stugor\/#primaryimage"},"thumbnailUrl":"https:\/\/grondalscamping.se\/wp-content\/uploads\/2021\/09\/63grondals-stuga-m-a-utsidan-scaled.jpg","datePublished":"2021-08-26T12:04:22+00:00","dateModified":"2025-12-26T17:54:39+00:00","breadcrumb":{"@id":"https:\/\/grondalscamping.se\/stugor\/priser-stugor\/#breadcrumb"},"inLanguage":"de-DE","potentialAction":[{"@type":"ReadAction","target":["https:\/\/grondalscamping.se\/stugor\/priser-stugor\/"]}]},{"@type":"ImageObject","inLanguage":"de-DE","@id":"https:\/\/grondalscamping.se\/stugor\/priser-stugor\/#primaryimage","url":"https:\/\/grondalscamping.se\/wp-content\/uploads\/2021\/09\/63grondals-stuga-m-a-utsidan-scaled.jpg","contentUrl":"https:\/\/grondalscamping.se\/wp-content\/uploads\/2021\/09\/63grondals-stuga-m-a-utsidan-scaled.jpg"},{"@type":"BreadcrumbList","@id":"https:\/\/grondalscamping.se\/stugor\/priser-stugor\/#breadcrumb","itemListElement":[{"@type":"ListItem","position":1,"name":"Hem","item":"https:\/\/grondalscamping.se\/de\/"},{"@type":"ListItem","position":2,"name":"Stugor","item":"https:\/\/grondalscamping.se\/stugor\/"},{"@type":"ListItem","position":3,"name":"Priser stugor"}]},{"@type":"WebSite","@id":"https:\/\/grondalscamping.se\/#website","url":"https:\/\/grondalscamping.se\/","name":"Gr\u00f6ndals Camping &amp; Stugor","description":"Familjecamping Gr\u00f6ndals camping &amp; stugor som \u00e4r bel\u00e4gen vid havet mitt i K\u00f6pingsvik vid en av \u00d6lands finaste sandstr\u00e4nder.","publisher":{"@id":"https:\/\/grondalscamping.se\/#organization"},"potentialAction":[{"@type":"SearchAction","target":{"@type":"EntryPoint","urlTemplate":"https:\/\/grondalscamping.se\/?s={search_term_string}"},"query-input":{"@type":"PropertyValueSpecification","valueRequired":true,"valueName":"search_term_string"}}],"inLanguage":"de-DE"},{"@type":"Organization","@id":"https:\/\/grondalscamping.se\/#organization","name":"Gr\u00f6ndals Camping &amp; Stugor","url":"https:\/\/grondalscamping.se\/","logo":{"@type":"ImageObject","inLanguage":"de-DE","@id":"https:\/\/grondalscamping.se\/#\/schema\/logo\/image\/","url":"https:\/\/grondalscamping.se\/wp-content\/uploads\/2021\/09\/only-logo.png","contentUrl":"https:\/\/grondalscamping.se\/wp-content\/uploads\/2021\/09\/only-logo.png","width":347,"height":147,"caption":"Gr\u00f6ndals Camping &amp; Stugor"},"image":{"@id":"https:\/\/grondalscamping.se\/#\/schema\/logo\/image\/"}}]}},"_links":{"self":[{"href":"https:\/\/grondalscamping.se\/de\/wp-json\/wp\/v2\/pages\/42","targetHints":{"allow":["GET"]}}],"collection":[{"href":"https:\/\/grondalscamping.se\/de\/wp-json\/wp\/v2\/pages"}],"about":[{"href":"https:\/\/grondalscamping.se\/de\/wp-json\/wp\/v2\/types\/page"}],"author":[{"embeddable":true,"href":"https:\/\/grondalscamping.se\/de\/wp-json\/wp\/v2\/users\/1"}],"replies":[{"embeddable":true,"href":"https:\/\/grondalscamping.se\/de\/wp-json\/wp\/v2\/comments?post=42"}],"version-history":[{"count":190,"href":"https:\/\/grondalscamping.se\/de\/wp-json\/wp\/v2\/pages\/42\/revisions"}],"predecessor-version":[{"id":7313,"href":"https:\/\/grondalscamping.se\/de\/wp-json\/wp\/v2\/pages\/42\/revisions\/7313"}],"up":[{"embeddable":true,"href":"https:\/\/grondalscamping.se\/de\/wp-json\/wp\/v2\/pages\/134"}],"wp:attachment":[{"href":"https:\/\/grondalscamping.se\/de\/wp-json\/wp\/v2\/media?parent=42"}],"curies":[{"name":"wp","href":"https:\/\/api.w.org\/{rel}","templated":true}]}}