{"id":147,"date":"2021-08-26T14:03:20","date_gmt":"2021-08-26T12:03:20","guid":{"rendered":"http:\/\/grondalscampingse.northq.localhost\/?page_id=36"},"modified":"2026-02-20T08:00:33","modified_gmt":"2026-02-20T07:00:33","slug":"masen","status":"publish","type":"page","link":"https:\/\/grondalscamping.se\/de\/stugor\/masen\/","title":{"rendered":"M\u00e5sen"},"content":{"rendered":"\n<div class=\"wp-block-cover alignfull is-light\" style=\"min-height:650px;aspect-ratio:unset;\"><img loading=\"lazy\" decoding=\"async\" width=\"1400\" height=\"933\" class=\"wp-block-cover__image-background wp-image-25\" alt=\"\" src=\"https:\/\/grondalscamping.se\/wp-content\/uploads\/2021\/09\/masen-alen-sov1.jpeg\" style=\"object-position:50% 36%\" data-object-fit=\"cover\" data-object-position=\"50% 36%\" srcset=\"https:\/\/grondalscamping.se\/wp-content\/uploads\/2021\/09\/masen-alen-sov1.jpeg 1400w, https:\/\/grondalscamping.se\/wp-content\/uploads\/2021\/09\/masen-alen-sov1-300x200.jpeg 300w, https:\/\/grondalscamping.se\/wp-content\/uploads\/2021\/09\/masen-alen-sov1-1024x682.jpeg 1024w, https:\/\/grondalscamping.se\/wp-content\/uploads\/2021\/09\/masen-alen-sov1-768x512.jpeg 768w\" sizes=\"auto, (max-width: 1400px) 100vw, 1400px\" \/><span aria-hidden=\"true\" class=\"wp-block-cover__background has-background-dim-0 has-background-dim\"><\/span><div class=\"wp-block-cover__inner-container is-layout-flow wp-block-cover-is-layout-flow\">\n<p class=\"has-text-align-center has-large-font-size\"><\/p>\n<\/div><\/div>\n\n\n\n<h1 class=\"wp-block-heading py-1 lg:py-0\" id=\"stuga-masen-4-baddar\">Premium&nbsp;Stuga M\u00e5sen &#8211; 4 b\u00e4ddar<\/h1>\n\n\n\n<div class=\"wp-block-northosts-grid grid gap-1 md:gap-1 grid-cols-1 mt-0 has-black-color has-text-color py-1 lg:py-1 py-1 lg:py-1\">\n<section class=\"wp-block-northosts-grid-item col-span-full md:col-span-1 lg:col-span-1 p-0 has-white-background-color has-background px-0 lg:px-3\">\n<p class=\"\">45m<sup>2<\/sup>, 4 b\u00e4ddar, tv\u00e5 separata sovrum b\u00e5da med enkels\u00e4ngar. Dusch &amp; WC. Stugan \u00e4r utrustad med AC och tv\u00e5 altaner. Parstuga med \u00c5len och separata ing\u00e5ngar f\u00f6r er som vill bo n\u00e4ra. V\u00e5ra stugor \u00e4r f\u00f6r max 4 personer, oavsett \u00e5lder.<\/p>\n\n\n\n<div class=\"wp-block-buttons is-layout-flex wp-block-buttons-is-layout-flex\">\n<div class=\"wp-block-button\"><a class=\"wp-block-button__link wp-element-button\" href=\"https:\/\/grondalscamping.se\/boka-camping-eller-stuga\/\">BOKA STUGA<\/a><\/div>\n\n\n\n<div class=\"wp-block-button is-style-fill\"><a class=\"wp-block-button__link has-dark-color has-pink-background-color has-text-color has-background wp-element-button\" href=\"https:\/\/grondalscamping.se\/stugor\/priser-stugor\/\">SE PRISER<\/a><\/div>\n<\/div>\n<\/section>\n<\/div>\n\n\n\n<div class=\"wp-block-group alignwide lg:px-3\"><div class=\"wp-block-group__inner-container is-layout-constrained wp-block-group-is-layout-constrained\">\n<div class=\"wp-block-northosts-grid alignwide grid gap-1 grid-cols-4 has-lightpink-background-color has-background py-1 md:py-1 lg:py-1 px-1 md:px-1 lg:px-2 py-1 md:py-1 lg:py-1 px-1 md:px-1 lg:px-2\">\n<section class=\"wp-block-northosts-grid-item col-span-full md:col-span-full lg:col-span-full\">\n<h5 class=\"wp-block-heading\"><strong>Snabbfakta<\/strong><\/h5>\n<\/section>\n\n\n\n<section class=\"wp-block-northosts-grid-item col-span-full md:col-span-1 lg:col-span-1 -mt-1\">\n<p class=\"mt-0\">\u2714\ufe0f Enkels\u00e4ngar<\/p>\n\n\n\n<p class=\"mt-0\">\u2714\ufe0f T\u00e4cken &amp; kuddar<\/p>\n\n\n\n<p class=\"mt-0\">\u2714\ufe0f TV<\/p>\n\n\n\n<p class=\"mt-0\">\u2714\ufe0f Dusch &amp; WC<\/p>\n\n\n\n<p class=\"mt-0\">\u2714\ufe0f Ugn &amp; mikrov\u00e5gsugn<\/p>\n<\/section>\n\n\n\n<section class=\"wp-block-northosts-grid-item col-span-full md:col-span-1 lg:col-span-1 -mt-1\">\n<p class=\"mt-0\">\u2714\ufe0f AC<\/p>\n\n\n\n<p class=\"mt-0\">\u2714\ufe0f Kaffebryggare<br><\/p>\n\n\n\n<p class=\"mt-0\">\u2714\ufe0f Kylsk\u00e5p &amp; frys<\/p>\n\n\n\n<p class=\"mt-0\">\u2714\ufe0f Grill<\/p>\n\n\n\n<p class=\"mt-0\">\u2714\ufe0f Parhus<\/p>\n<\/section>\n\n\n\n<section class=\"wp-block-northosts-grid-item col-span-full md:col-span-1 lg:col-span-2 md:-mt-1 lg:-mt-1\">\n<p class=\"mt-0\">Alla v\u00e5ra boenden har h\u00f6g standard, ligger n\u00e4ra vattnet, samt med underbara promenadstr\u00e5k i n\u00e4romr\u00e5det. Hos oss m\u00f6ts ni av en mjuk vit sandstrand med barnv\u00e4nligt l\u00e5nggrunt vatten.<\/p>\n<\/section>\n<\/div>\n<\/div><\/div>\n\n\n\n<figure class=\"wp-block-gallery alignwide has-nested-images columns-2 is-cropped lg:px-3 wp-block-gallery-1 is-layout-flex wp-block-gallery-is-layout-flex\">\n<figure class=\"wp-block-image size-large\"><img loading=\"lazy\" decoding=\"async\" width=\"1024\" height=\"682\" data-id=\"5289\" src=\"https:\/\/grondalscamping.se\/wp-content\/uploads\/2023\/06\/alen-vardagsrum-1024x682.jpg\" alt=\"\" class=\"wp-image-5289\" srcset=\"https:\/\/grondalscamping.se\/wp-content\/uploads\/2023\/06\/alen-vardagsrum-1024x682.jpg 1024w, https:\/\/grondalscamping.se\/wp-content\/uploads\/2023\/06\/alen-vardagsrum-300x200.jpg 300w, https:\/\/grondalscamping.se\/wp-content\/uploads\/2023\/06\/alen-vardagsrum-768x512.jpg 768w, https:\/\/grondalscamping.se\/wp-content\/uploads\/2023\/06\/alen-vardagsrum-1536x1024.jpg 1536w, https:\/\/grondalscamping.se\/wp-content\/uploads\/2023\/06\/alen-vardagsrum.jpg 2000w\" sizes=\"auto, (max-width: 1024px) 100vw, 1024px\" \/><\/figure>\n\n\n\n<figure class=\"wp-block-image size-large\"><img loading=\"lazy\" decoding=\"async\" width=\"1024\" height=\"682\" data-id=\"22\" src=\"https:\/\/grondalscamping.se\/wp-content\/uploads\/2021\/09\/masen-alen-kok3-1024x682.jpeg\" alt=\"\" class=\"wp-image-22\" srcset=\"https:\/\/grondalscamping.se\/wp-content\/uploads\/2021\/09\/masen-alen-kok3-1024x682.jpeg 1024w, https:\/\/grondalscamping.se\/wp-content\/uploads\/2021\/09\/masen-alen-kok3-300x200.jpeg 300w, https:\/\/grondalscamping.se\/wp-content\/uploads\/2021\/09\/masen-alen-kok3-768x512.jpeg 768w, https:\/\/grondalscamping.se\/wp-content\/uploads\/2021\/09\/masen-alen-kok3.jpeg 1400w\" sizes=\"auto, (max-width: 1024px) 100vw, 1024px\" \/><\/figure>\n<\/figure>\n\n\n\n<div class=\"wp-block-group alignfull mt-0 py-1 lg:py-2 lg:px-5\"><div class=\"wp-block-group__inner-container is-layout-flow wp-block-group-is-layout-flow\">\n<div class=\"wp-block-group mt-0 has-lightpink-background-color has-background py-1 lg:py-2\"><div class=\"wp-block-group__inner-container is-layout-flow wp-block-group-is-layout-flow\">\n<blockquote class=\"wp-block-quote has-text-align-left is-style-default mt-0 is-layout-flow wp-block-quote-is-layout-flow\">\n<p class=\"\">Mysig familjecamping. Fina, fr\u00e4scha stugor i olika storlekar. Mysig familjecamping med h\u00e4rligt bad.<\/p>\n<cite>Agneta Carlander<\/cite><\/blockquote>\n<\/div><\/div>\n<\/div><\/div>\n\n\n\n<figure class=\"wp-block-gallery alignwide has-nested-images columns-2 is-cropped mt-0.33 lg:px-3 wp-block-gallery-2 is-layout-flex wp-block-gallery-is-layout-flex\">\n<figure class=\"wp-block-image size-large\"><img loading=\"lazy\" decoding=\"async\" width=\"1024\" height=\"682\" data-id=\"24\" src=\"https:\/\/grondalscamping.se\/wp-content\/uploads\/2021\/09\/masen-alen-inne-1024x682.jpeg\" alt=\"\" class=\"wp-image-24\" srcset=\"https:\/\/grondalscamping.se\/wp-content\/uploads\/2021\/09\/masen-alen-inne-1024x682.jpeg 1024w, https:\/\/grondalscamping.se\/wp-content\/uploads\/2021\/09\/masen-alen-inne-300x200.jpeg 300w, https:\/\/grondalscamping.se\/wp-content\/uploads\/2021\/09\/masen-alen-inne-768x512.jpeg 768w, https:\/\/grondalscamping.se\/wp-content\/uploads\/2021\/09\/masen-alen-inne.jpeg 1400w\" sizes=\"auto, (max-width: 1024px) 100vw, 1024px\" \/><\/figure>\n\n\n\n<figure class=\"wp-block-image size-large\"><img loading=\"lazy\" decoding=\"async\" width=\"1024\" height=\"682\" data-id=\"25\" src=\"https:\/\/grondalscamping.se\/wp-content\/uploads\/2021\/09\/masen-alen-sov1-1024x682.jpeg\" alt=\"\" class=\"wp-image-25\" srcset=\"https:\/\/grondalscamping.se\/wp-content\/uploads\/2021\/09\/masen-alen-sov1-1024x682.jpeg 1024w, https:\/\/grondalscamping.se\/wp-content\/uploads\/2021\/09\/masen-alen-sov1-300x200.jpeg 300w, https:\/\/grondalscamping.se\/wp-content\/uploads\/2021\/09\/masen-alen-sov1-768x512.jpeg 768w, https:\/\/grondalscamping.se\/wp-content\/uploads\/2021\/09\/masen-alen-sov1.jpeg 1400w\" sizes=\"auto, (max-width: 1024px) 100vw, 1024px\" \/><\/figure>\n<\/figure>\n\n\n\n<figure class=\"wp-block-gallery alignwide has-nested-images columns-1 is-cropped mt-0.33 lg:px-3 wp-block-gallery-3 is-layout-flex wp-block-gallery-is-layout-flex\">\n<figure class=\"wp-block-image size-large\"><img loading=\"lazy\" decoding=\"async\" width=\"1024\" height=\"683\" data-id=\"1900\" src=\"https:\/\/grondalscamping.se\/wp-content\/uploads\/2021\/10\/H05-Grondals-Camping-bad-strand-solnedgang-1024x683.jpg\" alt=\"\" class=\"wp-image-1900\" srcset=\"https:\/\/grondalscamping.se\/wp-content\/uploads\/2021\/10\/H05-Grondals-Camping-bad-strand-solnedgang-1024x683.jpg 1024w, https:\/\/grondalscamping.se\/wp-content\/uploads\/2021\/10\/H05-Grondals-Camping-bad-strand-solnedgang-300x200.jpg 300w, https:\/\/grondalscamping.se\/wp-content\/uploads\/2021\/10\/H05-Grondals-Camping-bad-strand-solnedgang-768x512.jpg 768w, https:\/\/grondalscamping.se\/wp-content\/uploads\/2021\/10\/H05-Grondals-Camping-bad-strand-solnedgang-1536x1024.jpg 1536w, https:\/\/grondalscamping.se\/wp-content\/uploads\/2021\/10\/H05-Grondals-Camping-bad-strand-solnedgang-2048x1366.jpg 2048w\" sizes=\"auto, (max-width: 1024px) 100vw, 1024px\" \/><\/figure>\n<\/figure>\n\n\n\n<div class=\"wp-block-buttons -mt-0.5 py-1 lg:py-2 px-1 is-horizontal is-content-justification-center is-layout-flex wp-container-core-buttons-is-layout-499968f5 wp-block-buttons-is-layout-flex\">\n<div class=\"wp-block-button mt-0 lg:py-1\"><a class=\"wp-block-button__link wp-element-button\" href=\"https:\/\/grondalscamping.se\/stugor\/\">TILLBAKA TILL STUGOR<\/a><\/div>\n<\/div>\n","protected":false},"excerpt":{"rendered":"<p>Premium&nbsp;Stuga M\u00e5sen &#8211; 4 b\u00e4ddar Mysig familjecamping. Fina, fr\u00e4scha stugor i olika storlekar. Mysig familjecamping med h\u00e4rligt bad.<\/p>\n","protected":false},"author":1,"featured_media":0,"parent":134,"menu_order":0,"comment_status":"closed","ping_status":"closed","template":"","meta":{"_acf_changed":false,"northosts_mobile_spacing_top":"theme","northosts_mobile_spacing_bottom":"theme","northosts_desktop_spacing_top":"theme","northosts_desktop_spacing_bottom":"theme","inline_featured_image":false,"footnotes":""},"class_list":["post-147","page","type-page","status-publish","hentry"],"acf":[],"yoast_head":"<!-- This site is optimized with the Yoast SEO plugin v27.4 - https:\/\/yoast.com\/product\/yoast-seo-wordpress\/ -->\n<title>M\u00e5sen - Gr\u00f6ndals Camping &amp; Stugor<\/title>\n<meta name=\"robots\" content=\"index, follow, max-snippet:-1, max-image-preview:large, max-video-preview:-1\" \/>\n<link rel=\"canonical\" href=\"https:\/\/grondalscamping.se\/stugor\/masen\/\" \/>\n<meta property=\"og:locale\" content=\"de_DE\" \/>\n<meta property=\"og:type\" content=\"article\" \/>\n<meta property=\"og:title\" content=\"M\u00e5sen - Gr\u00f6ndals Camping &amp; Stugor\" \/>\n<meta property=\"og:description\" content=\"Premium&nbsp;Stuga M\u00e5sen &#8211; 4 b\u00e4ddar Mysig familjecamping. Fina, fr\u00e4scha stugor i olika storlekar. Mysig familjecamping med h\u00e4rligt bad.\" \/>\n<meta property=\"og:url\" content=\"https:\/\/grondalscamping.se\/stugor\/masen\/\" \/>\n<meta property=\"og:site_name\" content=\"Gr\u00f6ndals Camping &amp; Stugor\" \/>\n<meta property=\"article:modified_time\" content=\"2026-02-20T07:00:33+00:00\" \/>\n<meta property=\"og:image\" content=\"https:\/\/grondalscamping.se\/wp-content\/uploads\/2021\/09\/masen-alen-sov1-1024x682.jpeg\" \/>\n\t<meta property=\"og:image:width\" content=\"1024\" \/>\n\t<meta property=\"og:image:height\" content=\"682\" \/>\n\t<meta property=\"og:image:type\" content=\"image\/jpeg\" \/>\n<meta name=\"twitter:card\" content=\"summary_large_image\" \/>\n<meta name=\"twitter:label1\" content=\"Est. reading time\" \/>\n\t<meta name=\"twitter:data1\" content=\"2 minutes\" \/>\n<script type=\"application\/ld+json\" class=\"yoast-schema-graph\">{\"@context\":\"https:\\\/\\\/schema.org\",\"@graph\":[{\"@type\":\"WebPage\",\"@id\":\"https:\\\/\\\/grondalscamping.se\\\/stugor\\\/masen\\\/\",\"url\":\"https:\\\/\\\/grondalscamping.se\\\/stugor\\\/masen\\\/\",\"name\":\"M\u00e5sen - Gr\u00f6ndals Camping &amp; Stugor\",\"isPartOf\":{\"@id\":\"https:\\\/\\\/grondalscamping.se\\\/#website\"},\"primaryImageOfPage\":{\"@id\":\"https:\\\/\\\/grondalscamping.se\\\/stugor\\\/masen\\\/#primaryimage\"},\"image\":{\"@id\":\"https:\\\/\\\/grondalscamping.se\\\/stugor\\\/masen\\\/#primaryimage\"},\"thumbnailUrl\":\"https:\\\/\\\/grondalscamping.se\\\/wp-content\\\/uploads\\\/2021\\\/09\\\/masen-alen-sov1.jpeg\",\"datePublished\":\"2021-08-26T12:03:20+00:00\",\"dateModified\":\"2026-02-20T07:00:33+00:00\",\"breadcrumb\":{\"@id\":\"https:\\\/\\\/grondalscamping.se\\\/stugor\\\/masen\\\/#breadcrumb\"},\"inLanguage\":\"de-DE\",\"potentialAction\":[{\"@type\":\"ReadAction\",\"target\":[\"https:\\\/\\\/grondalscamping.se\\\/stugor\\\/masen\\\/\"]}]},{\"@type\":\"ImageObject\",\"inLanguage\":\"de-DE\",\"@id\":\"https:\\\/\\\/grondalscamping.se\\\/stugor\\\/masen\\\/#primaryimage\",\"url\":\"https:\\\/\\\/grondalscamping.se\\\/wp-content\\\/uploads\\\/2021\\\/09\\\/masen-alen-sov1.jpeg\",\"contentUrl\":\"https:\\\/\\\/grondalscamping.se\\\/wp-content\\\/uploads\\\/2021\\\/09\\\/masen-alen-sov1.jpeg\"},{\"@type\":\"BreadcrumbList\",\"@id\":\"https:\\\/\\\/grondalscamping.se\\\/stugor\\\/masen\\\/#breadcrumb\",\"itemListElement\":[{\"@type\":\"ListItem\",\"position\":1,\"name\":\"Hem\",\"item\":\"https:\\\/\\\/grondalscamping.se\\\/de\\\/\"},{\"@type\":\"ListItem\",\"position\":2,\"name\":\"Stugor\",\"item\":\"https:\\\/\\\/grondalscamping.se\\\/stugor\\\/\"},{\"@type\":\"ListItem\",\"position\":3,\"name\":\"M\u00e5sen\"}]},{\"@type\":\"WebSite\",\"@id\":\"https:\\\/\\\/grondalscamping.se\\\/#website\",\"url\":\"https:\\\/\\\/grondalscamping.se\\\/\",\"name\":\"Gr\u00f6ndals Camping &amp; Stugor\",\"description\":\"Familjecamping Gr\u00f6ndals camping &amp; stugor som \u00e4r bel\u00e4gen vid havet mitt i K\u00f6pingsvik vid en av \u00d6lands finaste sandstr\u00e4nder.\",\"publisher\":{\"@id\":\"https:\\\/\\\/grondalscamping.se\\\/#organization\"},\"potentialAction\":[{\"@type\":\"SearchAction\",\"target\":{\"@type\":\"EntryPoint\",\"urlTemplate\":\"https:\\\/\\\/grondalscamping.se\\\/?s={search_term_string}\"},\"query-input\":{\"@type\":\"PropertyValueSpecification\",\"valueRequired\":true,\"valueName\":\"search_term_string\"}}],\"inLanguage\":\"de-DE\"},{\"@type\":\"Organization\",\"@id\":\"https:\\\/\\\/grondalscamping.se\\\/#organization\",\"name\":\"Gr\u00f6ndals Camping &amp; Stugor\",\"url\":\"https:\\\/\\\/grondalscamping.se\\\/\",\"logo\":{\"@type\":\"ImageObject\",\"inLanguage\":\"de-DE\",\"@id\":\"https:\\\/\\\/grondalscamping.se\\\/#\\\/schema\\\/logo\\\/image\\\/\",\"url\":\"https:\\\/\\\/grondalscamping.se\\\/wp-content\\\/uploads\\\/2021\\\/09\\\/only-logo.png\",\"contentUrl\":\"https:\\\/\\\/grondalscamping.se\\\/wp-content\\\/uploads\\\/2021\\\/09\\\/only-logo.png\",\"width\":347,\"height\":147,\"caption\":\"Gr\u00f6ndals Camping &amp; Stugor\"},\"image\":{\"@id\":\"https:\\\/\\\/grondalscamping.se\\\/#\\\/schema\\\/logo\\\/image\\\/\"}}]}<\/script>\n<!-- \/ Yoast SEO plugin. -->","yoast_head_json":{"title":"M\u00e5sen - Gr\u00f6ndals Camping &amp; Stugor","robots":{"index":"index","follow":"follow","max-snippet":"max-snippet:-1","max-image-preview":"max-image-preview:large","max-video-preview":"max-video-preview:-1"},"canonical":"https:\/\/grondalscamping.se\/stugor\/masen\/","og_locale":"de_DE","og_type":"article","og_title":"M\u00e5sen - Gr\u00f6ndals Camping &amp; Stugor","og_description":"Premium&nbsp;Stuga M\u00e5sen &#8211; 4 b\u00e4ddar Mysig familjecamping. Fina, fr\u00e4scha stugor i olika storlekar. Mysig familjecamping med h\u00e4rligt bad.","og_url":"https:\/\/grondalscamping.se\/stugor\/masen\/","og_site_name":"Gr\u00f6ndals Camping &amp; Stugor","article_modified_time":"2026-02-20T07:00:33+00:00","og_image":[{"width":1024,"height":682,"url":"https:\/\/grondalscamping.se\/wp-content\/uploads\/2021\/09\/masen-alen-sov1-1024x682.jpeg","type":"image\/jpeg"}],"twitter_card":"summary_large_image","twitter_misc":{"Est. reading time":"2 minutes"},"schema":{"@context":"https:\/\/schema.org","@graph":[{"@type":"WebPage","@id":"https:\/\/grondalscamping.se\/stugor\/masen\/","url":"https:\/\/grondalscamping.se\/stugor\/masen\/","name":"M\u00e5sen - Gr\u00f6ndals Camping &amp; Stugor","isPartOf":{"@id":"https:\/\/grondalscamping.se\/#website"},"primaryImageOfPage":{"@id":"https:\/\/grondalscamping.se\/stugor\/masen\/#primaryimage"},"image":{"@id":"https:\/\/grondalscamping.se\/stugor\/masen\/#primaryimage"},"thumbnailUrl":"https:\/\/grondalscamping.se\/wp-content\/uploads\/2021\/09\/masen-alen-sov1.jpeg","datePublished":"2021-08-26T12:03:20+00:00","dateModified":"2026-02-20T07:00:33+00:00","breadcrumb":{"@id":"https:\/\/grondalscamping.se\/stugor\/masen\/#breadcrumb"},"inLanguage":"de-DE","potentialAction":[{"@type":"ReadAction","target":["https:\/\/grondalscamping.se\/stugor\/masen\/"]}]},{"@type":"ImageObject","inLanguage":"de-DE","@id":"https:\/\/grondalscamping.se\/stugor\/masen\/#primaryimage","url":"https:\/\/grondalscamping.se\/wp-content\/uploads\/2021\/09\/masen-alen-sov1.jpeg","contentUrl":"https:\/\/grondalscamping.se\/wp-content\/uploads\/2021\/09\/masen-alen-sov1.jpeg"},{"@type":"BreadcrumbList","@id":"https:\/\/grondalscamping.se\/stugor\/masen\/#breadcrumb","itemListElement":[{"@type":"ListItem","position":1,"name":"Hem","item":"https:\/\/grondalscamping.se\/de\/"},{"@type":"ListItem","position":2,"name":"Stugor","item":"https:\/\/grondalscamping.se\/stugor\/"},{"@type":"ListItem","position":3,"name":"M\u00e5sen"}]},{"@type":"WebSite","@id":"https:\/\/grondalscamping.se\/#website","url":"https:\/\/grondalscamping.se\/","name":"Gr\u00f6ndals Camping &amp; Stugor","description":"Familjecamping Gr\u00f6ndals camping &amp; stugor som \u00e4r bel\u00e4gen vid havet mitt i K\u00f6pingsvik vid en av \u00d6lands finaste sandstr\u00e4nder.","publisher":{"@id":"https:\/\/grondalscamping.se\/#organization"},"potentialAction":[{"@type":"SearchAction","target":{"@type":"EntryPoint","urlTemplate":"https:\/\/grondalscamping.se\/?s={search_term_string}"},"query-input":{"@type":"PropertyValueSpecification","valueRequired":true,"valueName":"search_term_string"}}],"inLanguage":"de-DE"},{"@type":"Organization","@id":"https:\/\/grondalscamping.se\/#organization","name":"Gr\u00f6ndals Camping &amp; Stugor","url":"https:\/\/grondalscamping.se\/","logo":{"@type":"ImageObject","inLanguage":"de-DE","@id":"https:\/\/grondalscamping.se\/#\/schema\/logo\/image\/","url":"https:\/\/grondalscamping.se\/wp-content\/uploads\/2021\/09\/only-logo.png","contentUrl":"https:\/\/grondalscamping.se\/wp-content\/uploads\/2021\/09\/only-logo.png","width":347,"height":147,"caption":"Gr\u00f6ndals Camping &amp; Stugor"},"image":{"@id":"https:\/\/grondalscamping.se\/#\/schema\/logo\/image\/"}}]}},"_links":{"self":[{"href":"https:\/\/grondalscamping.se\/de\/wp-json\/wp\/v2\/pages\/147","targetHints":{"allow":["GET"]}}],"collection":[{"href":"https:\/\/grondalscamping.se\/de\/wp-json\/wp\/v2\/pages"}],"about":[{"href":"https:\/\/grondalscamping.se\/de\/wp-json\/wp\/v2\/types\/page"}],"author":[{"embeddable":true,"href":"https:\/\/grondalscamping.se\/de\/wp-json\/wp\/v2\/users\/1"}],"replies":[{"embeddable":true,"href":"https:\/\/grondalscamping.se\/de\/wp-json\/wp\/v2\/comments?post=147"}],"version-history":[{"count":18,"href":"https:\/\/grondalscamping.se\/de\/wp-json\/wp\/v2\/pages\/147\/revisions"}],"predecessor-version":[{"id":7551,"href":"https:\/\/grondalscamping.se\/de\/wp-json\/wp\/v2\/pages\/147\/revisions\/7551"}],"up":[{"embeddable":true,"href":"https:\/\/grondalscamping.se\/de\/wp-json\/wp\/v2\/pages\/134"}],"wp:attachment":[{"href":"https:\/\/grondalscamping.se\/de\/wp-json\/wp\/v2\/media?parent=147"}],"curies":[{"name":"wp","href":"https:\/\/api.w.org\/{rel}","templated":true}]}}