{"id":143,"date":"2021-08-26T14:02:19","date_gmt":"2021-08-26T12:02:19","guid":{"rendered":"http:\/\/grondalscampingse.northq.localhost\/?page_id=28"},"modified":"2026-01-22T10:54:06","modified_gmt":"2026-01-22T09:54:06","slug":"sol-bad","status":"publish","type":"page","link":"https:\/\/grondalscamping.se\/de\/sol-bad\/","title":{"rendered":"Sol &#038; Bad"},"content":{"rendered":"\n<div class=\"wp-block-group alignwide py-2\"><div class=\"wp-block-group__inner-container is-layout-flow wp-block-group-is-layout-flow\">\n<h1 class=\"wp-block-heading alignwide lg:px-2\">Havsbad med mjuk sand mellan t\u00e5rna<\/h1>\n\n\n\n<p class=\"has-medium-font-size lg:px-2\"><meta charset=\"utf-8\">Alla g\u00e4ster har n\u00e4ra till havet, som l\u00e4ngst 150 meter. Vikens skyddade l\u00e4ge g\u00f6r att det snabbt uppn\u00e5r en behaglig badtemperatur i den l\u00e5nggrunda bukten. H\u00e4r g\u00e5r det att bada l\u00e5ngt in p\u00e5 h\u00f6sten.<\/p>\n<\/div><\/div>\n\n\n\n<div class=\"wp-block-group alignfull mt-0 lg:py-0\"><div class=\"wp-block-group__inner-container is-layout-flow wp-block-group-is-layout-flow\">\n<div class=\"wp-block-cover alignfull\"><img loading=\"lazy\" decoding=\"async\" width=\"2500\" height=\"1667\" class=\"wp-block-cover__image-background wp-image-4584\" alt=\"\" src=\"https:\/\/grondalscamping.se\/wp-content\/uploads\/2023\/01\/strand-bad-grondals.jpg\" style=\"object-position:57% 52%\" data-object-fit=\"cover\" data-object-position=\"57% 52%\" srcset=\"https:\/\/grondalscamping.se\/wp-content\/uploads\/2023\/01\/strand-bad-grondals.jpg 2500w, https:\/\/grondalscamping.se\/wp-content\/uploads\/2023\/01\/strand-bad-grondals-300x200.jpg 300w, https:\/\/grondalscamping.se\/wp-content\/uploads\/2023\/01\/strand-bad-grondals-1024x683.jpg 1024w, https:\/\/grondalscamping.se\/wp-content\/uploads\/2023\/01\/strand-bad-grondals-768x512.jpg 768w, https:\/\/grondalscamping.se\/wp-content\/uploads\/2023\/01\/strand-bad-grondals-1536x1024.jpg 1536w, https:\/\/grondalscamping.se\/wp-content\/uploads\/2023\/01\/strand-bad-grondals-2048x1366.jpg 2048w\" sizes=\"auto, (max-width: 2500px) 100vw, 2500px\" \/><span aria-hidden=\"true\" class=\"wp-block-cover__background has-lightyellow-background-color has-background-dim-0 has-background-dim\"><\/span><div class=\"wp-block-cover__inner-container is-layout-flow wp-block-cover-is-layout-flow\">\n<p class=\"has-text-align-center has-large-font-size\"><\/p>\n<\/div><\/div>\n<\/div><\/div>\n\n\n\n<div class=\"wp-block-media-text alignwide has-media-on-the-right is-stacked-on-mobile mt-0 py-1 lg:py-4 lg:px-2\" style=\"grid-template-columns:auto 60%\"><div class=\"wp-block-media-text__content\">\n<h3 class=\"wp-block-heading has-text-align-right py-1 lg:py-0\">L\u00e5nggrunda badstrand med mjuk sand<\/h3>\n\n\n\n<p class=\"has-text-align-right py-0\">Badstranden i K\u00f6pingsvik \u00e4r cirka 1,3 km l\u00e5ng och ligger i en l\u00e5nggrund badvik, Gr\u00f6ndals camping ligger i mitten av viken. I b\u00e5da \u00e4ndarna av viken finns tv\u00e5 l\u00e5nga badbryggor med sittplatser. L\u00e4ngst ut p\u00e5 Sinusbryggan finns en bar. Under h\u00f6gs\u00e4song \u00e4r det musikunderh\u00e5llning p\u00e5 flera st\u00e4llen f\u00f6r er som gillar sommar med puls. Den l\u00e5nggrunda badviken med mjuk vit sand \u00e4r idealisk f\u00f6r b\u00e5de mindre som st\u00f6rre barn. L\u00e4ngs stranden finns flera tr\u00e4d f\u00f6r er som \u00f6nskar skugga. H\u00e4r kan du v\u00e4lja om du vill sola i sand eller p\u00e5 gr\u00e4s.<\/p>\n<\/div><figure class=\"wp-block-media-text__media\"><img loading=\"lazy\" decoding=\"async\" width=\"1024\" height=\"683\" src=\"https:\/\/grondalscamping.se\/wp-content\/uploads\/2024\/10\/Grondal_24_15_bad_pa_strand-1024x683.jpg\" alt=\"\" class=\"wp-image-6358 size-full\" srcset=\"https:\/\/grondalscamping.se\/wp-content\/uploads\/2024\/10\/Grondal_24_15_bad_pa_strand-1024x683.jpg 1024w, https:\/\/grondalscamping.se\/wp-content\/uploads\/2024\/10\/Grondal_24_15_bad_pa_strand-300x200.jpg 300w, https:\/\/grondalscamping.se\/wp-content\/uploads\/2024\/10\/Grondal_24_15_bad_pa_strand-768x512.jpg 768w, https:\/\/grondalscamping.se\/wp-content\/uploads\/2024\/10\/Grondal_24_15_bad_pa_strand-1536x1024.jpg 1536w, https:\/\/grondalscamping.se\/wp-content\/uploads\/2024\/10\/Grondal_24_15_bad_pa_strand-2048x1365.jpg 2048w\" sizes=\"auto, (max-width: 1024px) 100vw, 1024px\" \/><\/figure><\/div>\n\n\n\n<div class=\"wp-block-group alignwide mt-0 has-teal-color has-white-background-color has-text-color has-background lg:py-0 px-0 lg:px-5\"><div class=\"wp-block-group__inner-container is-layout-flow wp-block-group-is-layout-flow\">\n<div class=\"wp-block-group mt-0 has-black-color has-text-color has-background py-1 lg:py-1\" style=\"background-color:#f4e6e5\"><div class=\"wp-block-group__inner-container is-layout-flow wp-block-group-is-layout-flow\">\n<blockquote class=\"wp-block-quote has-text-align-left is-style-default mt-0 is-layout-flow wp-block-quote-is-layout-flow\">\n<p class=\"\">Ligger fint vid havet med utsikt \u00f6ver sundet, n\u00e4ra \u00d6landsbron.<\/p>\n<cite>Bengt Nilsson<\/cite><\/blockquote>\n<\/div><\/div>\n<\/div><\/div>\n\n\n\n<div class=\"wp-block-media-text alignwide is-stacked-on-mobile mt-0 py-1 lg:py-4 px-0 lg:px-2\" style=\"grid-template-columns:60% auto\"><figure class=\"wp-block-media-text__media\"><img data-dominant-color=\"656c5f\" data-has-transparency=\"false\" style=\"--dominant-color: #656c5f;\" loading=\"lazy\" decoding=\"async\" width=\"1024\" height=\"683\" src=\"https:\/\/grondalscamping.se\/wp-content\/uploads\/2026\/01\/Groondal_25__7-1024x683.webp\" alt=\"\" class=\"wp-image-7409 size-full not-transparent\" srcset=\"https:\/\/grondalscamping.se\/wp-content\/uploads\/2026\/01\/Groondal_25__7-1024x683.webp 1024w, https:\/\/grondalscamping.se\/wp-content\/uploads\/2026\/01\/Groondal_25__7-300x200.webp 300w, https:\/\/grondalscamping.se\/wp-content\/uploads\/2026\/01\/Groondal_25__7-768x512.webp 768w, https:\/\/grondalscamping.se\/wp-content\/uploads\/2026\/01\/Groondal_25__7-1536x1024.webp 1536w, https:\/\/grondalscamping.se\/wp-content\/uploads\/2026\/01\/Groondal_25__7-2048x1365.webp 2048w\" sizes=\"auto, (max-width: 1024px) 100vw, 1024px\" \/><\/figure><div class=\"wp-block-media-text__content\">\n<h3 class=\"wp-block-heading has-text-align-right py-1 lg:py-0 px-0\">Vackra promenadstr\u00e5k   l\u00e4ngs med havet  <\/h3>\n\n\n\n<p class=\"has-text-align-right px-0\">L\u00e4ngs med hela stranden i K\u00f6pingsviksbukten finns en strandpromenad med utegym och soffor. Man kan \u00e4ven forts\u00e4tta att promenera till Lundeg\u00e5rd, en natursk\u00f6n str\u00e4cka l\u00e4ngs utmed havet p\u00e5 cirka 4 km.<\/p>\n<\/div><\/div>\n\n\n\n<figure class=\"wp-block-gallery alignfull has-nested-images columns-2 is-cropped mt-0.33 lg:py-0 px-1 lg:px-2 wp-block-gallery-1 is-layout-flex wp-block-gallery-is-layout-flex\">\n<figure class=\"wp-block-image size-large\"><img data-dominant-color=\"8e9da2\" data-has-transparency=\"false\" style=\"--dominant-color: #8e9da2;\" loading=\"lazy\" decoding=\"async\" width=\"1024\" height=\"683\" data-id=\"7412\" src=\"https:\/\/grondalscamping.se\/wp-content\/uploads\/2026\/01\/Groondal_25__34-1024x683.webp\" alt=\"\" class=\"wp-image-7412 not-transparent\" srcset=\"https:\/\/grondalscamping.se\/wp-content\/uploads\/2026\/01\/Groondal_25__34-1024x683.webp 1024w, https:\/\/grondalscamping.se\/wp-content\/uploads\/2026\/01\/Groondal_25__34-300x200.webp 300w, https:\/\/grondalscamping.se\/wp-content\/uploads\/2026\/01\/Groondal_25__34-768x512.webp 768w, https:\/\/grondalscamping.se\/wp-content\/uploads\/2026\/01\/Groondal_25__34-1536x1024.webp 1536w, https:\/\/grondalscamping.se\/wp-content\/uploads\/2026\/01\/Groondal_25__34-2048x1365.webp 2048w\" sizes=\"auto, (max-width: 1024px) 100vw, 1024px\" \/><\/figure>\n\n\n\n<figure class=\"wp-block-image size-large\"><img loading=\"lazy\" decoding=\"async\" width=\"1024\" height=\"683\" data-id=\"1372\" src=\"https:\/\/grondalscamping.se\/wp-content\/uploads\/2021\/09\/37grondals-par-i-solstol-pa-stranden-1024x683.jpg\" alt=\"\" class=\"wp-image-1372\" srcset=\"https:\/\/grondalscamping.se\/wp-content\/uploads\/2021\/09\/37grondals-par-i-solstol-pa-stranden-1024x683.jpg 1024w, https:\/\/grondalscamping.se\/wp-content\/uploads\/2021\/09\/37grondals-par-i-solstol-pa-stranden-300x200.jpg 300w, https:\/\/grondalscamping.se\/wp-content\/uploads\/2021\/09\/37grondals-par-i-solstol-pa-stranden-768x512.jpg 768w, https:\/\/grondalscamping.se\/wp-content\/uploads\/2021\/09\/37grondals-par-i-solstol-pa-stranden-1536x1024.jpg 1536w, https:\/\/grondalscamping.se\/wp-content\/uploads\/2021\/09\/37grondals-par-i-solstol-pa-stranden-2048x1366.jpg 2048w\" sizes=\"auto, (max-width: 1024px) 100vw, 1024px\" \/><\/figure>\n\n\n\n<figure class=\"wp-block-image size-large\"><img loading=\"lazy\" decoding=\"async\" width=\"1024\" height=\"683\" data-id=\"4662\" src=\"https:\/\/grondalscamping.se\/wp-content\/uploads\/2023\/01\/97grondals-kvinna-pa-bla-luftmadrass-1024x683.jpg\" alt=\"\" class=\"wp-image-4662\" srcset=\"https:\/\/grondalscamping.se\/wp-content\/uploads\/2023\/01\/97grondals-kvinna-pa-bla-luftmadrass-1024x683.jpg 1024w, https:\/\/grondalscamping.se\/wp-content\/uploads\/2023\/01\/97grondals-kvinna-pa-bla-luftmadrass-300x200.jpg 300w, https:\/\/grondalscamping.se\/wp-content\/uploads\/2023\/01\/97grondals-kvinna-pa-bla-luftmadrass-768x512.jpg 768w, https:\/\/grondalscamping.se\/wp-content\/uploads\/2023\/01\/97grondals-kvinna-pa-bla-luftmadrass-1536x1024.jpg 1536w, https:\/\/grondalscamping.se\/wp-content\/uploads\/2023\/01\/97grondals-kvinna-pa-bla-luftmadrass-2048x1365.jpg 2048w\" sizes=\"auto, (max-width: 1024px) 100vw, 1024px\" \/><\/figure>\n\n\n\n<figure class=\"wp-block-image size-large\"><img loading=\"lazy\" decoding=\"async\" width=\"1024\" height=\"683\" data-id=\"4589\" src=\"https:\/\/grondalscamping.se\/wp-content\/uploads\/2023\/01\/strand-bat-grondals-1024x683.jpg\" alt=\"\" class=\"wp-image-4589\" srcset=\"https:\/\/grondalscamping.se\/wp-content\/uploads\/2023\/01\/strand-bat-grondals-1024x683.jpg 1024w, https:\/\/grondalscamping.se\/wp-content\/uploads\/2023\/01\/strand-bat-grondals-300x200.jpg 300w, https:\/\/grondalscamping.se\/wp-content\/uploads\/2023\/01\/strand-bat-grondals-768x512.jpg 768w, https:\/\/grondalscamping.se\/wp-content\/uploads\/2023\/01\/strand-bat-grondals-1536x1024.jpg 1536w, https:\/\/grondalscamping.se\/wp-content\/uploads\/2023\/01\/strand-bat-grondals-2048x1366.jpg 2048w\" sizes=\"auto, (max-width: 1024px) 100vw, 1024px\" \/><\/figure>\n<\/figure>\n","protected":false},"excerpt":{"rendered":"<p>Havsbad med mjuk sand mellan t\u00e5rna Alla g\u00e4ster har n\u00e4ra till havet, som l\u00e4ngst 150 meter. Vikens skyddade l\u00e4ge g\u00f6r att det snabbt uppn\u00e5r en behaglig badtemperatur i den l\u00e5nggrunda bukten. H\u00e4r g\u00e5r det att bada l\u00e5ngt in p\u00e5 h\u00f6sten. L\u00e5nggrunda badstrand med mjuk sand Badstranden i K\u00f6pingsvik \u00e4r cirka 1,3 km l\u00e5ng och ligger [&hellip;]<\/p>\n","protected":false},"author":1,"featured_media":0,"parent":0,"menu_order":0,"comment_status":"closed","ping_status":"closed","template":"","meta":{"_acf_changed":false,"northosts_mobile_spacing_top":"theme","northosts_mobile_spacing_bottom":"theme","northosts_desktop_spacing_top":"theme","northosts_desktop_spacing_bottom":"theme","inline_featured_image":false,"footnotes":""},"class_list":["post-143","page","type-page","status-publish","hentry"],"acf":[],"yoast_head":"<!-- This site is optimized with the Yoast SEO plugin v27.4 - https:\/\/yoast.com\/product\/yoast-seo-wordpress\/ -->\n<title>Sol &amp; Bad - Gr\u00f6ndals Camping &amp; Stugor<\/title>\n<meta name=\"robots\" content=\"index, follow, max-snippet:-1, max-image-preview:large, max-video-preview:-1\" \/>\n<link rel=\"canonical\" href=\"https:\/\/grondalscamping.se\/sol-bad\/\" \/>\n<meta property=\"og:locale\" content=\"de_DE\" \/>\n<meta property=\"og:type\" content=\"article\" \/>\n<meta property=\"og:title\" content=\"Sol &amp; Bad - Gr\u00f6ndals Camping &amp; Stugor\" \/>\n<meta property=\"og:description\" content=\"Havsbad med mjuk sand mellan t\u00e5rna Alla g\u00e4ster har n\u00e4ra till havet, som l\u00e4ngst 150 meter. Vikens skyddade l\u00e4ge g\u00f6r att det snabbt uppn\u00e5r en behaglig badtemperatur i den l\u00e5nggrunda bukten. H\u00e4r g\u00e5r det att bada l\u00e5ngt in p\u00e5 h\u00f6sten. L\u00e5nggrunda badstrand med mjuk sand Badstranden i K\u00f6pingsvik \u00e4r cirka 1,3 km l\u00e5ng och ligger [&hellip;]\" \/>\n<meta property=\"og:url\" content=\"https:\/\/grondalscamping.se\/sol-bad\/\" \/>\n<meta property=\"og:site_name\" content=\"Gr\u00f6ndals Camping &amp; Stugor\" \/>\n<meta property=\"article:modified_time\" content=\"2026-01-22T09:54:06+00:00\" \/>\n<meta property=\"og:image\" content=\"https:\/\/grondalscamping.se\/wp-content\/uploads\/2023\/01\/strand-bad-grondals-1024x683.jpg\" \/>\n\t<meta property=\"og:image:width\" content=\"1024\" \/>\n\t<meta property=\"og:image:height\" content=\"683\" \/>\n\t<meta property=\"og:image:type\" content=\"image\/jpeg\" \/>\n<meta name=\"twitter:card\" content=\"summary_large_image\" \/>\n<meta name=\"twitter:label1\" content=\"Est. reading time\" \/>\n\t<meta name=\"twitter:data1\" content=\"2 minutes\" \/>\n<script type=\"application\/ld+json\" class=\"yoast-schema-graph\">{\"@context\":\"https:\\\/\\\/schema.org\",\"@graph\":[{\"@type\":\"WebPage\",\"@id\":\"https:\\\/\\\/grondalscamping.se\\\/sol-bad\\\/\",\"url\":\"https:\\\/\\\/grondalscamping.se\\\/sol-bad\\\/\",\"name\":\"Sol & Bad - Gr\u00f6ndals Camping &amp; Stugor\",\"isPartOf\":{\"@id\":\"https:\\\/\\\/grondalscamping.se\\\/#website\"},\"primaryImageOfPage\":{\"@id\":\"https:\\\/\\\/grondalscamping.se\\\/sol-bad\\\/#primaryimage\"},\"image\":{\"@id\":\"https:\\\/\\\/grondalscamping.se\\\/sol-bad\\\/#primaryimage\"},\"thumbnailUrl\":\"https:\\\/\\\/grondalscamping.se\\\/wp-content\\\/uploads\\\/2023\\\/01\\\/strand-bad-grondals.jpg\",\"datePublished\":\"2021-08-26T12:02:19+00:00\",\"dateModified\":\"2026-01-22T09:54:06+00:00\",\"breadcrumb\":{\"@id\":\"https:\\\/\\\/grondalscamping.se\\\/sol-bad\\\/#breadcrumb\"},\"inLanguage\":\"de-DE\",\"potentialAction\":[{\"@type\":\"ReadAction\",\"target\":[\"https:\\\/\\\/grondalscamping.se\\\/sol-bad\\\/\"]}]},{\"@type\":\"ImageObject\",\"inLanguage\":\"de-DE\",\"@id\":\"https:\\\/\\\/grondalscamping.se\\\/sol-bad\\\/#primaryimage\",\"url\":\"https:\\\/\\\/grondalscamping.se\\\/wp-content\\\/uploads\\\/2023\\\/01\\\/strand-bad-grondals.jpg\",\"contentUrl\":\"https:\\\/\\\/grondalscamping.se\\\/wp-content\\\/uploads\\\/2023\\\/01\\\/strand-bad-grondals.jpg\"},{\"@type\":\"BreadcrumbList\",\"@id\":\"https:\\\/\\\/grondalscamping.se\\\/sol-bad\\\/#breadcrumb\",\"itemListElement\":[{\"@type\":\"ListItem\",\"position\":1,\"name\":\"Hem\",\"item\":\"https:\\\/\\\/grondalscamping.se\\\/de\\\/\"},{\"@type\":\"ListItem\",\"position\":2,\"name\":\"Sol &#038; Bad\"}]},{\"@type\":\"WebSite\",\"@id\":\"https:\\\/\\\/grondalscamping.se\\\/#website\",\"url\":\"https:\\\/\\\/grondalscamping.se\\\/\",\"name\":\"Gr\u00f6ndals Camping &amp; Stugor\",\"description\":\"Familjecamping Gr\u00f6ndals camping &amp; stugor som \u00e4r bel\u00e4gen vid havet mitt i K\u00f6pingsvik vid en av \u00d6lands finaste sandstr\u00e4nder.\",\"publisher\":{\"@id\":\"https:\\\/\\\/grondalscamping.se\\\/#organization\"},\"potentialAction\":[{\"@type\":\"SearchAction\",\"target\":{\"@type\":\"EntryPoint\",\"urlTemplate\":\"https:\\\/\\\/grondalscamping.se\\\/?s={search_term_string}\"},\"query-input\":{\"@type\":\"PropertyValueSpecification\",\"valueRequired\":true,\"valueName\":\"search_term_string\"}}],\"inLanguage\":\"de-DE\"},{\"@type\":\"Organization\",\"@id\":\"https:\\\/\\\/grondalscamping.se\\\/#organization\",\"name\":\"Gr\u00f6ndals Camping &amp; Stugor\",\"url\":\"https:\\\/\\\/grondalscamping.se\\\/\",\"logo\":{\"@type\":\"ImageObject\",\"inLanguage\":\"de-DE\",\"@id\":\"https:\\\/\\\/grondalscamping.se\\\/#\\\/schema\\\/logo\\\/image\\\/\",\"url\":\"https:\\\/\\\/grondalscamping.se\\\/wp-content\\\/uploads\\\/2021\\\/09\\\/only-logo.png\",\"contentUrl\":\"https:\\\/\\\/grondalscamping.se\\\/wp-content\\\/uploads\\\/2021\\\/09\\\/only-logo.png\",\"width\":347,\"height\":147,\"caption\":\"Gr\u00f6ndals Camping &amp; Stugor\"},\"image\":{\"@id\":\"https:\\\/\\\/grondalscamping.se\\\/#\\\/schema\\\/logo\\\/image\\\/\"}}]}<\/script>\n<!-- \/ Yoast SEO plugin. -->","yoast_head_json":{"title":"Sol & Bad - Gr\u00f6ndals Camping &amp; Stugor","robots":{"index":"index","follow":"follow","max-snippet":"max-snippet:-1","max-image-preview":"max-image-preview:large","max-video-preview":"max-video-preview:-1"},"canonical":"https:\/\/grondalscamping.se\/sol-bad\/","og_locale":"de_DE","og_type":"article","og_title":"Sol & Bad - Gr\u00f6ndals Camping &amp; Stugor","og_description":"Havsbad med mjuk sand mellan t\u00e5rna Alla g\u00e4ster har n\u00e4ra till havet, som l\u00e4ngst 150 meter. Vikens skyddade l\u00e4ge g\u00f6r att det snabbt uppn\u00e5r en behaglig badtemperatur i den l\u00e5nggrunda bukten. H\u00e4r g\u00e5r det att bada l\u00e5ngt in p\u00e5 h\u00f6sten. L\u00e5nggrunda badstrand med mjuk sand Badstranden i K\u00f6pingsvik \u00e4r cirka 1,3 km l\u00e5ng och ligger [&hellip;]","og_url":"https:\/\/grondalscamping.se\/sol-bad\/","og_site_name":"Gr\u00f6ndals Camping &amp; Stugor","article_modified_time":"2026-01-22T09:54:06+00:00","og_image":[{"width":1024,"height":683,"url":"https:\/\/grondalscamping.se\/wp-content\/uploads\/2023\/01\/strand-bad-grondals-1024x683.jpg","type":"image\/jpeg"}],"twitter_card":"summary_large_image","twitter_misc":{"Est. reading time":"2 minutes"},"schema":{"@context":"https:\/\/schema.org","@graph":[{"@type":"WebPage","@id":"https:\/\/grondalscamping.se\/sol-bad\/","url":"https:\/\/grondalscamping.se\/sol-bad\/","name":"Sol & Bad - Gr\u00f6ndals Camping &amp; Stugor","isPartOf":{"@id":"https:\/\/grondalscamping.se\/#website"},"primaryImageOfPage":{"@id":"https:\/\/grondalscamping.se\/sol-bad\/#primaryimage"},"image":{"@id":"https:\/\/grondalscamping.se\/sol-bad\/#primaryimage"},"thumbnailUrl":"https:\/\/grondalscamping.se\/wp-content\/uploads\/2023\/01\/strand-bad-grondals.jpg","datePublished":"2021-08-26T12:02:19+00:00","dateModified":"2026-01-22T09:54:06+00:00","breadcrumb":{"@id":"https:\/\/grondalscamping.se\/sol-bad\/#breadcrumb"},"inLanguage":"de-DE","potentialAction":[{"@type":"ReadAction","target":["https:\/\/grondalscamping.se\/sol-bad\/"]}]},{"@type":"ImageObject","inLanguage":"de-DE","@id":"https:\/\/grondalscamping.se\/sol-bad\/#primaryimage","url":"https:\/\/grondalscamping.se\/wp-content\/uploads\/2023\/01\/strand-bad-grondals.jpg","contentUrl":"https:\/\/grondalscamping.se\/wp-content\/uploads\/2023\/01\/strand-bad-grondals.jpg"},{"@type":"BreadcrumbList","@id":"https:\/\/grondalscamping.se\/sol-bad\/#breadcrumb","itemListElement":[{"@type":"ListItem","position":1,"name":"Hem","item":"https:\/\/grondalscamping.se\/de\/"},{"@type":"ListItem","position":2,"name":"Sol &#038; Bad"}]},{"@type":"WebSite","@id":"https:\/\/grondalscamping.se\/#website","url":"https:\/\/grondalscamping.se\/","name":"Gr\u00f6ndals Camping &amp; Stugor","description":"Familjecamping Gr\u00f6ndals camping &amp; stugor som \u00e4r bel\u00e4gen vid havet mitt i K\u00f6pingsvik vid en av \u00d6lands finaste sandstr\u00e4nder.","publisher":{"@id":"https:\/\/grondalscamping.se\/#organization"},"potentialAction":[{"@type":"SearchAction","target":{"@type":"EntryPoint","urlTemplate":"https:\/\/grondalscamping.se\/?s={search_term_string}"},"query-input":{"@type":"PropertyValueSpecification","valueRequired":true,"valueName":"search_term_string"}}],"inLanguage":"de-DE"},{"@type":"Organization","@id":"https:\/\/grondalscamping.se\/#organization","name":"Gr\u00f6ndals Camping &amp; Stugor","url":"https:\/\/grondalscamping.se\/","logo":{"@type":"ImageObject","inLanguage":"de-DE","@id":"https:\/\/grondalscamping.se\/#\/schema\/logo\/image\/","url":"https:\/\/grondalscamping.se\/wp-content\/uploads\/2021\/09\/only-logo.png","contentUrl":"https:\/\/grondalscamping.se\/wp-content\/uploads\/2021\/09\/only-logo.png","width":347,"height":147,"caption":"Gr\u00f6ndals Camping &amp; Stugor"},"image":{"@id":"https:\/\/grondalscamping.se\/#\/schema\/logo\/image\/"}}]}},"_links":{"self":[{"href":"https:\/\/grondalscamping.se\/de\/wp-json\/wp\/v2\/pages\/143","targetHints":{"allow":["GET"]}}],"collection":[{"href":"https:\/\/grondalscamping.se\/de\/wp-json\/wp\/v2\/pages"}],"about":[{"href":"https:\/\/grondalscamping.se\/de\/wp-json\/wp\/v2\/types\/page"}],"author":[{"embeddable":true,"href":"https:\/\/grondalscamping.se\/de\/wp-json\/wp\/v2\/users\/1"}],"replies":[{"embeddable":true,"href":"https:\/\/grondalscamping.se\/de\/wp-json\/wp\/v2\/comments?post=143"}],"version-history":[{"count":148,"href":"https:\/\/grondalscamping.se\/de\/wp-json\/wp\/v2\/pages\/143\/revisions"}],"predecessor-version":[{"id":7418,"href":"https:\/\/grondalscamping.se\/de\/wp-json\/wp\/v2\/pages\/143\/revisions\/7418"}],"wp:attachment":[{"href":"https:\/\/grondalscamping.se\/de\/wp-json\/wp\/v2\/media?parent=143"}],"curies":[{"name":"wp","href":"https:\/\/api.w.org\/{rel}","templated":true}]}}