{"id":134,"date":"2021-08-26T13:59:09","date_gmt":"2021-08-26T11:59:09","guid":{"rendered":"http:\/\/grondalscampingse.northq.localhost\/?page_id=14"},"modified":"2026-02-20T08:05:13","modified_gmt":"2026-02-20T07:05:13","slug":"stugor","status":"publish","type":"page","link":"https:\/\/grondalscamping.se\/de\/stugor\/","title":{"rendered":"Stugor"},"content":{"rendered":"\n<div class=\"wp-block-group alignwide py-2\"><div class=\"wp-block-group__inner-container is-layout-flow wp-block-group-is-layout-flow\">\n<h1 class=\"wp-block-heading alignwide lg:px-2\" id=\"stugor-vid-havet-mitt-i-kopingsvik\">Stugor vid havet mitt i K\u00f6pingsvik<\/h1>\n\n\n\n<p class=\"has-medium-font-size lg:px-2\"><meta charset=\"utf-8\"><\/meta>Alla v\u00e5ra boenden har h\u00f6g standard Comfort &amp; Premium stugor med dusch &amp; WC, separata sovrum och ligger vid havet. V\u00e5ra stugor \u00e4r f\u00f6r max 4 personer, oavsett \u00e5lder. Svensk Camping har tagit fram ett nationellt klassificeringssystem f\u00f6r stugor, med fem olika kategorier \u2013 fr\u00e5n <strong>Basic<\/strong> till <strong>Premium<\/strong>. Syftet \u00e4r att g\u00f6ra det enkelt f\u00f6r dig som g\u00e4st att veta vilken standard och komfort du kan f\u00f6rv\u00e4nta dig l\u00e4s mera om <a href=\"https:\/\/www.svenskcamping.com\/kvalitet-hallbarhet\/stugkategorisering\/\" target=\"_blank\" rel=\"noreferrer noopener\">Svensk Campings stugkategorisering<\/a>.<\/p>\n<\/div><\/div>\n\n\n\n<div class=\"wp-block-cover alignfull is-light mt-0\"><img loading=\"lazy\" decoding=\"async\" width=\"2000\" height=\"1335\" class=\"wp-block-cover__image-background wp-image-5456\" alt=\"\" src=\"https:\/\/grondalscamping.se\/wp-content\/uploads\/2023\/09\/grondals-syren.jpg\" style=\"object-position:53% 16%\" data-object-fit=\"cover\" data-object-position=\"53% 16%\" srcset=\"https:\/\/grondalscamping.se\/wp-content\/uploads\/2023\/09\/grondals-syren.jpg 2000w, https:\/\/grondalscamping.se\/wp-content\/uploads\/2023\/09\/grondals-syren-300x200.jpg 300w, https:\/\/grondalscamping.se\/wp-content\/uploads\/2023\/09\/grondals-syren-1024x684.jpg 1024w, https:\/\/grondalscamping.se\/wp-content\/uploads\/2023\/09\/grondals-syren-768x513.jpg 768w, https:\/\/grondalscamping.se\/wp-content\/uploads\/2023\/09\/grondals-syren-1536x1025.jpg 1536w\" sizes=\"auto, (max-width: 2000px) 100vw, 2000px\" \/><span aria-hidden=\"true\" class=\"wp-block-cover__background has-background-dim-0 has-background-dim\"><\/span><div class=\"wp-block-cover__inner-container is-layout-flow wp-block-cover-is-layout-flow\">\n<p class=\"has-text-align-center has-large-font-size\"><\/p>\n<\/div><\/div>\n\n\n\n<div class=\"wp-block-group alignfull mt-0 has-background\" style=\"background-color:#f4eeeb\"><div class=\"wp-block-group__inner-container is-layout-flow wp-block-group-is-layout-flow\">\n<div class=\"wp-block-northosts-grid alignwide grid gap-1 md:gap-2 grid-cols-3 mt-0 lg:py-2 lg:px-3 lg:py-2 lg:px-3\">\n<section class=\"wp-block-northosts-grid-item col-span-full md:col-span-1 lg:col-span-1 p-0\">\n<a class=\"wp-block-cover-link has-image-or-video \" href=\"https:\/\/grondalscamping.se\/stugor\/laxen\/\" target=\"\" rel=\"noopener\"><div class=\"wp-block-cover has-custom-content-position is-position-bottom-center mt-0\"><img loading=\"lazy\" decoding=\"async\" width=\"2000\" height=\"1333\" class=\"wp-block-cover__image-background wp-image-5300\" alt=\"\" src=\"https:\/\/grondalscamping.se\/wp-content\/uploads\/2023\/06\/laxen-vardagsrum.jpg\" data-object-fit=\"cover\" srcset=\"https:\/\/grondalscamping.se\/wp-content\/uploads\/2023\/06\/laxen-vardagsrum.jpg 2000w, https:\/\/grondalscamping.se\/wp-content\/uploads\/2023\/06\/laxen-vardagsrum-300x200.jpg 300w, https:\/\/grondalscamping.se\/wp-content\/uploads\/2023\/06\/laxen-vardagsrum-1024x682.jpg 1024w, https:\/\/grondalscamping.se\/wp-content\/uploads\/2023\/06\/laxen-vardagsrum-768x512.jpg 768w, https:\/\/grondalscamping.se\/wp-content\/uploads\/2023\/06\/laxen-vardagsrum-1536x1024.jpg 1536w\" sizes=\"auto, (max-width: 2000px) 100vw, 2000px\" \/><span aria-hidden=\"true\" class=\"wp-block-cover__background has-dark-background-color has-background-dim-20 has-background-dim\"><\/span><div class=\"wp-block-cover__inner-container is-layout-flow wp-block-cover-is-layout-flow\">\n<h3 class=\"wp-block-heading has-text-align-center has-white-color has-text-color\" id=\"laxen\">Comfort Stuga Laxen<\/h3>\n\n\n\n<p class=\"has-text-align-center -mt-0 has-white-color has-text-color\"><strong>4 b\u00e4ddar<\/strong><\/p>\n\n\n\n<div class=\"wp-block-buttons lg:py-0 is-horizontal is-content-justification-center is-layout-flex wp-container-core-buttons-is-layout-499968f5 wp-block-buttons-is-layout-flex\">\n<div class=\"wp-block-button\"><a class=\"wp-block-button__link has-black-background-color has-background wp-element-button\" href=\"https:\/\/grondalscamping.se\/stugor\/laxen\/\">L\u00c4S MER OM LAXEN<\/a><\/div>\n<\/div>\n<\/div><\/div><\/a>\n<\/section>\n\n\n\n<section class=\"wp-block-northosts-grid-item col-span-full md:col-span-1 lg:col-span-1 p-0\">\n<a class=\"wp-block-cover-link has-image-or-video \" href=\"https:\/\/grondalscamping.se\/stugor\/flundran\/\" target=\"\" rel=\"noopener\"><div class=\"wp-block-cover has-custom-content-position is-position-bottom-center\"><img data-dominant-color=\"7e7883\" data-has-transparency=\"false\" loading=\"lazy\" decoding=\"async\" width=\"1024\" height=\"768\" class=\"wp-block-cover__image-background wp-image-7131 size-large not-transparent\" alt=\"\" src=\"https:\/\/grondalscamping.se\/wp-content\/uploads\/2025\/05\/Flundran20252-1024x768.avif\" style=\"--dominant-color: #7e7883; object-position:47% 78%\" data-object-fit=\"cover\" data-object-position=\"47% 78%\" srcset=\"https:\/\/grondalscamping.se\/wp-content\/uploads\/2025\/05\/Flundran20252-1024x768.avif 1024w, https:\/\/grondalscamping.se\/wp-content\/uploads\/2025\/05\/Flundran20252-300x225.avif 300w, https:\/\/grondalscamping.se\/wp-content\/uploads\/2025\/05\/Flundran20252-768x576.avif 768w, https:\/\/grondalscamping.se\/wp-content\/uploads\/2025\/05\/Flundran20252-1536x1152.avif 1536w, https:\/\/grondalscamping.se\/wp-content\/uploads\/2025\/05\/Flundran20252-2048x1536.avif 2048w, https:\/\/grondalscamping.se\/wp-content\/uploads\/2025\/05\/Flundran20252-2000x1500.avif 2000w\" sizes=\"auto, (max-width: 1024px) 100vw, 1024px\" \/><span aria-hidden=\"true\" class=\"wp-block-cover__background has-black-background-color has-background-dim-20 has-background-dim\"><\/span><div class=\"wp-block-cover__inner-container is-layout-flow wp-block-cover-is-layout-flow\">\n<h3 class=\"wp-block-heading has-text-align-center has-white-color has-text-color\" id=\"svanen\">Premium&nbsp;Stuga Flundran<\/h3>\n\n\n\n<p class=\"has-text-align-center -mt-0 has-white-color has-text-color\"><strong>4 b\u00e4ddar<\/strong> <\/p>\n\n\n\n<div class=\"wp-block-buttons lg:py-0 is-horizontal is-content-justification-center is-layout-flex wp-container-core-buttons-is-layout-499968f5 wp-block-buttons-is-layout-flex\">\n<div class=\"wp-block-button\"><a class=\"wp-block-button__link has-black-background-color has-background wp-element-button\" href=\"https:\/\/grondalscamping.se\/stugor\/flundran\/\">L\u00c4S MER OM FLUNDRAN<\/a><\/div>\n<\/div>\n<\/div><\/div><\/a>\n<\/section>\n\n\n\n<section class=\"wp-block-northosts-grid-item col-span-full md:col-span-1 lg:col-span-1 p-0\">\n<a class=\"wp-block-cover-link has-image-or-video \" href=\"https:\/\/grondalscamping.se\/stugor\/svanen\/\" target=\"\" rel=\"noopener\"><div class=\"wp-block-cover is-light has-custom-content-position is-position-bottom-center\"><img loading=\"lazy\" decoding=\"async\" width=\"2560\" height=\"1707\" class=\"wp-block-cover__image-background wp-image-1342\" alt=\"\" src=\"https:\/\/grondalscamping.se\/wp-content\/uploads\/2021\/09\/19grondals-stuga-svanen-vardagsrum-scaled.jpg\" style=\"object-position:69% 57%\" data-object-fit=\"cover\" data-object-position=\"69% 57%\" srcset=\"https:\/\/grondalscamping.se\/wp-content\/uploads\/2021\/09\/19grondals-stuga-svanen-vardagsrum-scaled.jpg 2560w, https:\/\/grondalscamping.se\/wp-content\/uploads\/2021\/09\/19grondals-stuga-svanen-vardagsrum-300x200.jpg 300w, https:\/\/grondalscamping.se\/wp-content\/uploads\/2021\/09\/19grondals-stuga-svanen-vardagsrum-1024x683.jpg 1024w, https:\/\/grondalscamping.se\/wp-content\/uploads\/2021\/09\/19grondals-stuga-svanen-vardagsrum-768x512.jpg 768w, https:\/\/grondalscamping.se\/wp-content\/uploads\/2021\/09\/19grondals-stuga-svanen-vardagsrum-1536x1024.jpg 1536w, https:\/\/grondalscamping.se\/wp-content\/uploads\/2021\/09\/19grondals-stuga-svanen-vardagsrum-2048x1366.jpg 2048w\" sizes=\"auto, (max-width: 2560px) 100vw, 2560px\" \/><span aria-hidden=\"true\" class=\"wp-block-cover__background has-dark-background-color has-background-dim-30 has-background-dim\"><\/span><div class=\"wp-block-cover__inner-container is-layout-flow wp-block-cover-is-layout-flow\">\n<h3 class=\"wp-block-heading has-text-align-center has-white-color has-text-color\" id=\"svanen\">Premium&nbsp;Stuga Svanen<\/h3>\n\n\n\n<p class=\"has-text-align-center -mt-0 has-white-color has-text-color\"><strong>4 b\u00e4ddar<\/strong> <\/p>\n\n\n\n<div class=\"wp-block-buttons lg:py-0 is-horizontal is-content-justification-center is-layout-flex wp-container-core-buttons-is-layout-499968f5 wp-block-buttons-is-layout-flex\">\n<div class=\"wp-block-button\"><a class=\"wp-block-button__link has-black-background-color has-background wp-element-button\" href=\"https:\/\/grondalscamping.se\/stugor\/svanen\/\">L\u00c4S MER OM SVANEN<\/a><\/div>\n<\/div>\n<\/div><\/div><\/a>\n<\/section>\n<\/div>\n\n\n\n<div class=\"wp-block-northosts-grid alignwide grid gap-1 md:gap-2 grid-cols-2 mt-0 -mt-0 lg:py-2 lg:px-3 -mt-0 lg:py-2 lg:px-3\">\n<section class=\"wp-block-northosts-grid-item col-span-full md:col-span-1 lg:col-span-1\">\n<a class=\"wp-block-cover-link has-image-or-video aligncenter\" href=\"https:\/\/grondalscamping.se\/stugor\/alen\/\" target=\"\" rel=\"noopener\"><div class=\"wp-block-cover aligncenter is-light has-custom-content-position is-position-bottom-center\"><img loading=\"lazy\" decoding=\"async\" width=\"1400\" height=\"933\" class=\"wp-block-cover__image-background wp-image-25\" alt=\"\u00c5len. Stugor vid havet.\" src=\"https:\/\/grondalscamping.se\/wp-content\/uploads\/2021\/09\/masen-alen-sov1.jpeg\" data-object-fit=\"cover\" srcset=\"https:\/\/grondalscamping.se\/wp-content\/uploads\/2021\/09\/masen-alen-sov1.jpeg 1400w, https:\/\/grondalscamping.se\/wp-content\/uploads\/2021\/09\/masen-alen-sov1-300x200.jpeg 300w, https:\/\/grondalscamping.se\/wp-content\/uploads\/2021\/09\/masen-alen-sov1-1024x682.jpeg 1024w, https:\/\/grondalscamping.se\/wp-content\/uploads\/2021\/09\/masen-alen-sov1-768x512.jpeg 768w\" sizes=\"auto, (max-width: 1400px) 100vw, 1400px\" \/><span aria-hidden=\"true\" class=\"wp-block-cover__background has-dark-background-color has-background-dim-20 has-background-dim\"><\/span><div class=\"wp-block-cover__inner-container is-layout-flow wp-block-cover-is-layout-flow\">\n<h2 class=\"wp-block-heading has-text-align-center has-white-color has-text-color\" id=\"alen\">Premium&nbsp;Stuga \u00c5len<\/h2>\n\n\n\n<p class=\"has-text-align-center -mt-0 has-white-color has-text-color\"><strong>4 b\u00e4ddar<\/strong><\/p>\n\n\n\n<div class=\"wp-block-buttons is-horizontal is-content-justification-center is-layout-flex wp-container-core-buttons-is-layout-499968f5 wp-block-buttons-is-layout-flex\">\n<div class=\"wp-block-button\"><a class=\"wp-block-button__link has-black-background-color has-background wp-element-button\" href=\"https:\/\/grondalscamping.se\/stugor\/alen\/\">L\u00c4S MER OM \u00c5LEN<\/a><\/div>\n<\/div>\n<\/div><\/div><\/a>\n<\/section>\n\n\n\n<section class=\"wp-block-northosts-grid-item col-span-full md:col-span-1 lg:col-span-1\">\n<a class=\"wp-block-cover-link has-image-or-video \" href=\"https:\/\/grondalscamping.se\/stugor\/masen\/\" target=\"\" rel=\"noopener\"><div class=\"wp-block-cover has-custom-content-position is-position-bottom-center mt-2 lg:mt-0\"><img loading=\"lazy\" decoding=\"async\" width=\"2000\" height=\"1333\" class=\"wp-block-cover__image-background wp-image-5289\" alt=\"\" src=\"https:\/\/grondalscamping.se\/wp-content\/uploads\/2023\/06\/alen-vardagsrum.jpg\" data-object-fit=\"cover\" srcset=\"https:\/\/grondalscamping.se\/wp-content\/uploads\/2023\/06\/alen-vardagsrum.jpg 2000w, https:\/\/grondalscamping.se\/wp-content\/uploads\/2023\/06\/alen-vardagsrum-300x200.jpg 300w, https:\/\/grondalscamping.se\/wp-content\/uploads\/2023\/06\/alen-vardagsrum-1024x682.jpg 1024w, https:\/\/grondalscamping.se\/wp-content\/uploads\/2023\/06\/alen-vardagsrum-768x512.jpg 768w, https:\/\/grondalscamping.se\/wp-content\/uploads\/2023\/06\/alen-vardagsrum-1536x1024.jpg 1536w\" sizes=\"auto, (max-width: 2000px) 100vw, 2000px\" \/><span aria-hidden=\"true\" class=\"wp-block-cover__background has-dark-background-color has-background-dim-20 has-background-dim\"><\/span><div class=\"wp-block-cover__inner-container is-layout-flow wp-block-cover-is-layout-flow\">\n<h2 class=\"wp-block-heading has-text-align-center has-white-color has-text-color\" id=\"masen\">Premium Stuga M\u00e5sen<\/h2>\n\n\n\n<p class=\"has-text-align-center -mt-0 has-white-color has-text-color\"><strong>4 b\u00e4ddar<\/strong><\/p>\n\n\n\n<div class=\"wp-block-buttons lg:py-0 is-horizontal is-content-justification-center is-layout-flex wp-container-core-buttons-is-layout-499968f5 wp-block-buttons-is-layout-flex\">\n<div class=\"wp-block-button\"><a class=\"wp-block-button__link has-black-background-color has-background wp-element-button\" href=\"https:\/\/grondalscamping.se\/stugor\/masen\/\">L\u00c4S MER OM M\u00c5SEN<\/a><\/div>\n<\/div>\n<\/div><\/div><\/a>\n<\/section>\n<\/div>\n\n\n\n<div style=\"height:20px\" aria-hidden=\"true\" class=\"wp-block-spacer\"><\/div>\n<\/div><\/div>\n\n\n\n<div class=\"wp-block-northosts-grid grid grid-cols-1 lg:py-2 lg:py-2\">\n<section class=\"wp-block-northosts-grid-item col-span-full md:col-span-1 lg:col-span-1 p-0 lg:px-2\">\n<h2 class=\"wp-block-heading\" id=\"bo-i-stuga-vid-havet\">Bo i stuga vid havet<meta charset=\"utf-8\"><\/h2>\n\n\n\n<p class=\"has-medium-font-size\">Vi erbjuder 5 boende f\u00f6r uthyrning, mellan 34-45 m2 och 4 b\u00e4ddar.<\/p>\n\n\n\n<p class=\"\">Under h\u00f6gs\u00e4song hyrs stugorna ut veckovis och stugbyte p\u00e5 l\u00f6rdagar &amp; s\u00f6ndagar.<br>Dygnsuthyrning av stugorna under f\u00f6r- och efters\u00e4song min 2 n\u00e4tter. V\u00e5ra stugor \u00e4r f\u00f6r max 4 personer, oavsett \u00e5lder.<\/p>\n\n\n\n<div class=\"wp-block-buttons is-layout-flex wp-block-buttons-is-layout-flex\">\n<div class=\"wp-block-button\"><a class=\"wp-block-button__link has-dark-background-color has-background wp-element-button\" href=\"https:\/\/grondalscamping.se\/boka-camping-eller-stuga\/\">BOKA STUGA<\/a><\/div>\n\n\n\n<div class=\"wp-block-button is-style-outline is-style-outline--1\"><a class=\"wp-block-button__link has-black-color has-text-color has-background wp-element-button\" href=\"https:\/\/grondalscamping.se\/stugor\/priser-stugor\/\" style=\"background-color:#f4e6e5\">SE PRISER<\/a><\/div>\n<\/div>\n<\/section>\n<\/div>\n\n\n\n<div class=\"wp-block-cover alignfull is-light mt-0 lg:mt-1\" style=\"min-height:500px;aspect-ratio:unset;\"><img loading=\"lazy\" decoding=\"async\" width=\"2560\" height=\"1706\" class=\"wp-block-cover__image-background wp-image-1438\" alt=\"\" src=\"https:\/\/grondalscamping.se\/wp-content\/uploads\/2021\/09\/86grondals-solnedgang-vid-stranden-scaled.jpg\" data-object-fit=\"cover\" srcset=\"https:\/\/grondalscamping.se\/wp-content\/uploads\/2021\/09\/86grondals-solnedgang-vid-stranden-scaled.jpg 2560w, https:\/\/grondalscamping.se\/wp-content\/uploads\/2021\/09\/86grondals-solnedgang-vid-stranden-300x200.jpg 300w, https:\/\/grondalscamping.se\/wp-content\/uploads\/2021\/09\/86grondals-solnedgang-vid-stranden-1024x683.jpg 1024w, https:\/\/grondalscamping.se\/wp-content\/uploads\/2021\/09\/86grondals-solnedgang-vid-stranden-768x512.jpg 768w, https:\/\/grondalscamping.se\/wp-content\/uploads\/2021\/09\/86grondals-solnedgang-vid-stranden-1536x1024.jpg 1536w, https:\/\/grondalscamping.se\/wp-content\/uploads\/2021\/09\/86grondals-solnedgang-vid-stranden-2048x1365.jpg 2048w\" sizes=\"auto, (max-width: 2560px) 100vw, 2560px\" \/><span aria-hidden=\"true\" class=\"wp-block-cover__background has-background-dim-0 has-background-dim\" style=\"background-color:#9b9da3\"><\/span><div class=\"wp-block-cover__inner-container is-layout-flow wp-block-cover-is-layout-flow\">\n<p class=\"has-text-align-center has-large-font-size\"><\/p>\n<\/div><\/div>\n","protected":false},"excerpt":{"rendered":"<p>Stugor vid havet mitt i K\u00f6pingsvik Alla v\u00e5ra boenden har h\u00f6g standard Comfort &amp; Premium stugor med dusch &amp; WC, separata sovrum och ligger vid havet. V\u00e5ra stugor \u00e4r f\u00f6r max 4 personer, oavsett \u00e5lder. Svensk Camping har tagit fram ett nationellt klassificeringssystem f\u00f6r stugor, med fem olika kategorier \u2013 fr\u00e5n Basic till Premium. Syftet [&hellip;]<\/p>\n","protected":false},"author":1,"featured_media":0,"parent":0,"menu_order":0,"comment_status":"closed","ping_status":"closed","template":"","meta":{"_acf_changed":false,"northosts_mobile_spacing_top":"theme","northosts_mobile_spacing_bottom":"theme","northosts_desktop_spacing_top":"theme","northosts_desktop_spacing_bottom":"theme","inline_featured_image":false,"footnotes":""},"class_list":["post-134","page","type-page","status-publish","hentry"],"acf":[],"yoast_head":"<!-- This site is optimized with the Yoast SEO plugin v27.4 - https:\/\/yoast.com\/product\/yoast-seo-wordpress\/ -->\n<title>Stugor vid havet - Gr\u00f6ndals Camping &amp; Stugor<\/title>\n<meta name=\"description\" content=\"Stugor vid havet mitt i K\u00f6pingsvik - \u00d6land. L\u00e5nggrund barnv\u00e4nlig badvik. Dusch\/wc, grill, altan i alla stugor. 4 till 6 b\u00e4ddar.\" \/>\n<meta name=\"robots\" content=\"index, follow, max-snippet:-1, max-image-preview:large, max-video-preview:-1\" \/>\n<link rel=\"canonical\" href=\"https:\/\/grondalscamping.se\/stugor\/\" \/>\n<meta property=\"og:locale\" content=\"de_DE\" \/>\n<meta property=\"og:type\" content=\"article\" \/>\n<meta property=\"og:title\" content=\"Stugor vid havet - Gr\u00f6ndals Camping &amp; Stugor\" \/>\n<meta property=\"og:description\" content=\"Stugor vid havet mitt i K\u00f6pingsvik - \u00d6land. L\u00e5nggrund barnv\u00e4nlig badvik. Dusch\/wc, grill, altan i alla stugor. 4 till 6 b\u00e4ddar.\" \/>\n<meta property=\"og:url\" content=\"https:\/\/grondalscamping.se\/stugor\/\" \/>\n<meta property=\"og:site_name\" content=\"Gr\u00f6ndals Camping &amp; Stugor\" \/>\n<meta property=\"article:modified_time\" content=\"2026-02-20T07:05:13+00:00\" \/>\n<meta property=\"og:image\" content=\"https:\/\/grondalscamping.se\/wp-content\/uploads\/2023\/09\/grondals-syren-1024x684.jpg\" \/>\n\t<meta property=\"og:image:width\" content=\"1024\" \/>\n\t<meta property=\"og:image:height\" content=\"684\" \/>\n\t<meta property=\"og:image:type\" content=\"image\/jpeg\" \/>\n<meta name=\"twitter:card\" content=\"summary_large_image\" \/>\n<meta name=\"twitter:label1\" content=\"Est. reading time\" \/>\n\t<meta name=\"twitter:data1\" content=\"3 minutes\" \/>\n<script type=\"application\/ld+json\" class=\"yoast-schema-graph\">{\"@context\":\"https:\\\/\\\/schema.org\",\"@graph\":[{\"@type\":\"WebPage\",\"@id\":\"https:\\\/\\\/grondalscamping.se\\\/stugor\\\/\",\"url\":\"https:\\\/\\\/grondalscamping.se\\\/stugor\\\/\",\"name\":\"Stugor vid havet - Gr\u00f6ndals Camping &amp; Stugor\",\"isPartOf\":{\"@id\":\"https:\\\/\\\/grondalscamping.se\\\/#website\"},\"primaryImageOfPage\":{\"@id\":\"https:\\\/\\\/grondalscamping.se\\\/stugor\\\/#primaryimage\"},\"image\":{\"@id\":\"https:\\\/\\\/grondalscamping.se\\\/stugor\\\/#primaryimage\"},\"thumbnailUrl\":\"https:\\\/\\\/grondalscamping.se\\\/wp-content\\\/uploads\\\/2023\\\/09\\\/grondals-syren.jpg\",\"datePublished\":\"2021-08-26T11:59:09+00:00\",\"dateModified\":\"2026-02-20T07:05:13+00:00\",\"description\":\"Stugor vid havet mitt i K\u00f6pingsvik - \u00d6land. L\u00e5nggrund barnv\u00e4nlig badvik. Dusch\\\/wc, grill, altan i alla stugor. 4 till 6 b\u00e4ddar.\",\"breadcrumb\":{\"@id\":\"https:\\\/\\\/grondalscamping.se\\\/stugor\\\/#breadcrumb\"},\"inLanguage\":\"de-DE\",\"potentialAction\":[{\"@type\":\"ReadAction\",\"target\":[\"https:\\\/\\\/grondalscamping.se\\\/stugor\\\/\"]}]},{\"@type\":\"ImageObject\",\"inLanguage\":\"de-DE\",\"@id\":\"https:\\\/\\\/grondalscamping.se\\\/stugor\\\/#primaryimage\",\"url\":\"https:\\\/\\\/grondalscamping.se\\\/wp-content\\\/uploads\\\/2023\\\/09\\\/grondals-syren.jpg\",\"contentUrl\":\"https:\\\/\\\/grondalscamping.se\\\/wp-content\\\/uploads\\\/2023\\\/09\\\/grondals-syren.jpg\"},{\"@type\":\"BreadcrumbList\",\"@id\":\"https:\\\/\\\/grondalscamping.se\\\/stugor\\\/#breadcrumb\",\"itemListElement\":[{\"@type\":\"ListItem\",\"position\":1,\"name\":\"Hem\",\"item\":\"https:\\\/\\\/grondalscamping.se\\\/de\\\/\"},{\"@type\":\"ListItem\",\"position\":2,\"name\":\"Stugor\"}]},{\"@type\":\"WebSite\",\"@id\":\"https:\\\/\\\/grondalscamping.se\\\/#website\",\"url\":\"https:\\\/\\\/grondalscamping.se\\\/\",\"name\":\"Gr\u00f6ndals Camping &amp; Stugor\",\"description\":\"Familjecamping Gr\u00f6ndals camping &amp; stugor som \u00e4r bel\u00e4gen vid havet mitt i K\u00f6pingsvik vid en av \u00d6lands finaste sandstr\u00e4nder.\",\"publisher\":{\"@id\":\"https:\\\/\\\/grondalscamping.se\\\/#organization\"},\"potentialAction\":[{\"@type\":\"SearchAction\",\"target\":{\"@type\":\"EntryPoint\",\"urlTemplate\":\"https:\\\/\\\/grondalscamping.se\\\/?s={search_term_string}\"},\"query-input\":{\"@type\":\"PropertyValueSpecification\",\"valueRequired\":true,\"valueName\":\"search_term_string\"}}],\"inLanguage\":\"de-DE\"},{\"@type\":\"Organization\",\"@id\":\"https:\\\/\\\/grondalscamping.se\\\/#organization\",\"name\":\"Gr\u00f6ndals Camping &amp; Stugor\",\"url\":\"https:\\\/\\\/grondalscamping.se\\\/\",\"logo\":{\"@type\":\"ImageObject\",\"inLanguage\":\"de-DE\",\"@id\":\"https:\\\/\\\/grondalscamping.se\\\/#\\\/schema\\\/logo\\\/image\\\/\",\"url\":\"https:\\\/\\\/grondalscamping.se\\\/wp-content\\\/uploads\\\/2021\\\/09\\\/only-logo.png\",\"contentUrl\":\"https:\\\/\\\/grondalscamping.se\\\/wp-content\\\/uploads\\\/2021\\\/09\\\/only-logo.png\",\"width\":347,\"height\":147,\"caption\":\"Gr\u00f6ndals Camping &amp; Stugor\"},\"image\":{\"@id\":\"https:\\\/\\\/grondalscamping.se\\\/#\\\/schema\\\/logo\\\/image\\\/\"}}]}<\/script>\n<!-- \/ Yoast SEO plugin. -->","yoast_head_json":{"title":"Stugor vid havet - Gr\u00f6ndals Camping &amp; Stugor","description":"Stugor vid havet mitt i K\u00f6pingsvik - \u00d6land. L\u00e5nggrund barnv\u00e4nlig badvik. Dusch\/wc, grill, altan i alla stugor. 4 till 6 b\u00e4ddar.","robots":{"index":"index","follow":"follow","max-snippet":"max-snippet:-1","max-image-preview":"max-image-preview:large","max-video-preview":"max-video-preview:-1"},"canonical":"https:\/\/grondalscamping.se\/stugor\/","og_locale":"de_DE","og_type":"article","og_title":"Stugor vid havet - Gr\u00f6ndals Camping &amp; Stugor","og_description":"Stugor vid havet mitt i K\u00f6pingsvik - \u00d6land. L\u00e5nggrund barnv\u00e4nlig badvik. Dusch\/wc, grill, altan i alla stugor. 4 till 6 b\u00e4ddar.","og_url":"https:\/\/grondalscamping.se\/stugor\/","og_site_name":"Gr\u00f6ndals Camping &amp; Stugor","article_modified_time":"2026-02-20T07:05:13+00:00","og_image":[{"width":1024,"height":684,"url":"https:\/\/grondalscamping.se\/wp-content\/uploads\/2023\/09\/grondals-syren-1024x684.jpg","type":"image\/jpeg"}],"twitter_card":"summary_large_image","twitter_misc":{"Est. reading time":"3 minutes"},"schema":{"@context":"https:\/\/schema.org","@graph":[{"@type":"WebPage","@id":"https:\/\/grondalscamping.se\/stugor\/","url":"https:\/\/grondalscamping.se\/stugor\/","name":"Stugor vid havet - Gr\u00f6ndals Camping &amp; Stugor","isPartOf":{"@id":"https:\/\/grondalscamping.se\/#website"},"primaryImageOfPage":{"@id":"https:\/\/grondalscamping.se\/stugor\/#primaryimage"},"image":{"@id":"https:\/\/grondalscamping.se\/stugor\/#primaryimage"},"thumbnailUrl":"https:\/\/grondalscamping.se\/wp-content\/uploads\/2023\/09\/grondals-syren.jpg","datePublished":"2021-08-26T11:59:09+00:00","dateModified":"2026-02-20T07:05:13+00:00","description":"Stugor vid havet mitt i K\u00f6pingsvik - \u00d6land. L\u00e5nggrund barnv\u00e4nlig badvik. Dusch\/wc, grill, altan i alla stugor. 4 till 6 b\u00e4ddar.","breadcrumb":{"@id":"https:\/\/grondalscamping.se\/stugor\/#breadcrumb"},"inLanguage":"de-DE","potentialAction":[{"@type":"ReadAction","target":["https:\/\/grondalscamping.se\/stugor\/"]}]},{"@type":"ImageObject","inLanguage":"de-DE","@id":"https:\/\/grondalscamping.se\/stugor\/#primaryimage","url":"https:\/\/grondalscamping.se\/wp-content\/uploads\/2023\/09\/grondals-syren.jpg","contentUrl":"https:\/\/grondalscamping.se\/wp-content\/uploads\/2023\/09\/grondals-syren.jpg"},{"@type":"BreadcrumbList","@id":"https:\/\/grondalscamping.se\/stugor\/#breadcrumb","itemListElement":[{"@type":"ListItem","position":1,"name":"Hem","item":"https:\/\/grondalscamping.se\/de\/"},{"@type":"ListItem","position":2,"name":"Stugor"}]},{"@type":"WebSite","@id":"https:\/\/grondalscamping.se\/#website","url":"https:\/\/grondalscamping.se\/","name":"Gr\u00f6ndals Camping &amp; Stugor","description":"Familjecamping Gr\u00f6ndals camping &amp; stugor som \u00e4r bel\u00e4gen vid havet mitt i K\u00f6pingsvik vid en av \u00d6lands finaste sandstr\u00e4nder.","publisher":{"@id":"https:\/\/grondalscamping.se\/#organization"},"potentialAction":[{"@type":"SearchAction","target":{"@type":"EntryPoint","urlTemplate":"https:\/\/grondalscamping.se\/?s={search_term_string}"},"query-input":{"@type":"PropertyValueSpecification","valueRequired":true,"valueName":"search_term_string"}}],"inLanguage":"de-DE"},{"@type":"Organization","@id":"https:\/\/grondalscamping.se\/#organization","name":"Gr\u00f6ndals Camping &amp; Stugor","url":"https:\/\/grondalscamping.se\/","logo":{"@type":"ImageObject","inLanguage":"de-DE","@id":"https:\/\/grondalscamping.se\/#\/schema\/logo\/image\/","url":"https:\/\/grondalscamping.se\/wp-content\/uploads\/2021\/09\/only-logo.png","contentUrl":"https:\/\/grondalscamping.se\/wp-content\/uploads\/2021\/09\/only-logo.png","width":347,"height":147,"caption":"Gr\u00f6ndals Camping &amp; Stugor"},"image":{"@id":"https:\/\/grondalscamping.se\/#\/schema\/logo\/image\/"}}]}},"_links":{"self":[{"href":"https:\/\/grondalscamping.se\/de\/wp-json\/wp\/v2\/pages\/134","targetHints":{"allow":["GET"]}}],"collection":[{"href":"https:\/\/grondalscamping.se\/de\/wp-json\/wp\/v2\/pages"}],"about":[{"href":"https:\/\/grondalscamping.se\/de\/wp-json\/wp\/v2\/types\/page"}],"author":[{"embeddable":true,"href":"https:\/\/grondalscamping.se\/de\/wp-json\/wp\/v2\/users\/1"}],"replies":[{"embeddable":true,"href":"https:\/\/grondalscamping.se\/de\/wp-json\/wp\/v2\/comments?post=134"}],"version-history":[{"count":300,"href":"https:\/\/grondalscamping.se\/de\/wp-json\/wp\/v2\/pages\/134\/revisions"}],"predecessor-version":[{"id":7553,"href":"https:\/\/grondalscamping.se\/de\/wp-json\/wp\/v2\/pages\/134\/revisions\/7553"}],"wp:attachment":[{"href":"https:\/\/grondalscamping.se\/de\/wp-json\/wp\/v2\/media?parent=134"}],"curies":[{"name":"wp","href":"https:\/\/api.w.org\/{rel}","templated":true}]}}